{"id":6680,"date":"2023-11-02T15:01:07","date_gmt":"2023-11-02T14:01:07","guid":{"rendered":"https:\/\/zsp1chojna.pl\/?page_id=6680"},"modified":"2023-11-02T17:44:17","modified_gmt":"2023-11-02T16:44:17","slug":"projekt-nr-powr-03-01-00-00-t065-18-pt-aktywizacja-spoleczna-i-obywatelska-mlodych-ludzi-w-zakresie-rozwijania-kompetencji-kluczowych","status":"publish","type":"page","link":"https:\/\/zsp1chojna.pl\/?page_id=6680","title":{"rendered":"Projekt nr\u00a0POWR.03.01.00 \u2013 00 \u2013 T065\/18\u00a0pt.\u00a0\u201eAktywizacja spo\u0142eczna i\u00a0obywatelska m\u0142odych ludzi w\u00a0zakresie rozwijania kompetencji kluczowych\u201d.\u00a0"},"content":{"rendered":"<style>.wp-block-kadence-iconlist.kt-svg-icon-list-items6680_ec1a6e-07 ul.kt-svg-icon-list:not(.this-prevents-issues):not(.this-stops-third-party-issues):not(.tijsloc){margin-top:0px;margin-right:0px;margin-bottom:var(--global-kb-spacing-sm, 1.5rem);margin-left:0px;}.wp-block-kadence-iconlist.kt-svg-icon-list-items6680_ec1a6e-07 ul.kt-svg-icon-list{grid-row-gap:5px;}.wp-block-kadence-iconlist.kt-svg-icon-list-items6680_ec1a6e-07 ul.kt-svg-icon-list .kt-svg-icon-list-item-wrap .kt-svg-icon-list-single{margin-right:10px;}.kt-svg-icon-list-items6680_ec1a6e-07 ul.kt-svg-icon-list .kt-svg-icon-list-level-0 .kt-svg-icon-list-single svg{font-size:20px;}@media all and (max-width: 1024px){.wp-block-kadence-iconlist.kt-svg-icon-list-items6680_ec1a6e-07 ul.kt-svg-icon-list{grid-row-gap:5px;}}@media all and (max-width: 767px){.wp-block-kadence-iconlist.kt-svg-icon-list-items6680_ec1a6e-07 ul.kt-svg-icon-list{grid-row-gap:5px;}}<\/style>\n<div class=\"wp-block-kadence-iconlist kt-svg-icon-list-items kt-svg-icon-list-items6680_ec1a6e-07 kt-svg-icon-list-columns-1 alignnone\"><ul class=\"kt-svg-icon-list\"><style>.kt-svg-icon-list-item-6680_e3b1c5-a2 .kt-svg-icon-list-single{font-size:6px !important;color:#003b63 !important;}<\/style>\n<li class=\"wp-block-kadence-listitem kt-svg-icon-list-item-wrap kt-svg-icon-list-item-6680_e3b1c5-a2\"><span class=\"kb-svg-icon-wrap kb-svg-icon-fas_circle kt-svg-icon-list-single\"><svg viewBox=\"0 0 512 512\"  fill=\"currentColor\" xmlns=\"http:\/\/www.w3.org\/2000\/svg\" ><path d=\"M256 8C119 8 8 119 8 256s111 248 248 248 248-111 248-248S393 8 256 8z\"\/><\/svg><\/span><span class=\"kt-svg-icon-list-text\"><a href=\"https:\/\/zsp1chojna.pl\/?p=6681\">Wzi\u0119li\u015bmy udzia\u0142 w konferencji podsumowuj\u0105cej dzia\u0142ania w ramach programu \u201eM\u0142odzi w Akcji+\u201d.<\/a><\/span><\/li>\n\n\n<style>.kt-svg-icon-list-item-6680_363366-f5 .kt-svg-icon-list-single{font-size:6px !important;color:#003b63 !important;}<\/style>\n<li class=\"wp-block-kadence-listitem kt-svg-icon-list-item-wrap kt-svg-icon-list-item-6680_363366-f5\"><span class=\"kb-svg-icon-wrap kb-svg-icon-fas_circle kt-svg-icon-list-single\"><svg viewBox=\"0 0 512 512\"  fill=\"currentColor\" xmlns=\"http:\/\/www.w3.org\/2000\/svg\" ><path d=\"M256 8C119 8 8 119 8 256s111 248 248 248 248-111 248-248S393 8 256 8z\"\/><\/svg><\/span><span class=\"kt-svg-icon-list-text\"><a href=\"https:\/\/zsp1chojna.pl\/?p=6718\">W ramach programu \u201eM\u0142odzi w Akcji+\u201d odby\u0142y si\u0119 Zimowe Warsztaty E-skejpowe online.<\/a><\/span><\/li>\n\n\n<style>.kt-svg-icon-list-item-6680_a34fc5-92 .kt-svg-icon-list-single{font-size:6px !important;color:#003b63 !important;}<\/style>\n<li class=\"wp-block-kadence-listitem kt-svg-icon-list-item-wrap kt-svg-icon-list-item-6680_a34fc5-92\"><span class=\"kb-svg-icon-wrap kb-svg-icon-fas_circle kt-svg-icon-list-single\"><svg viewBox=\"0 0 512 512\"  fill=\"currentColor\" xmlns=\"http:\/\/www.w3.org\/2000\/svg\" ><path d=\"M256 8C119 8 8 119 8 256s111 248 248 248 248-111 248-248S393 8 256 8z\"\/><\/svg><\/span><span class=\"kt-svg-icon-list-text\"><a href=\"https:\/\/zsp1chojna.pl\/?p=6729\">W ramach programu M\u0142odzi w Akcji+ odby\u0142a si\u0119 debata nt. \u201eSposoby sp\u0119dzania wolnego czasu oraz zainteresowania i pasje m\u0142odzie\u017cy naszej szko\u0142y\u201d.<\/a><\/span><\/li>\n\n\n<style>.kt-svg-icon-list-item-6680_a9cf66-01 .kt-svg-icon-list-single{font-size:6px !important;color:#003b63 !important;}<\/style>\n<li class=\"wp-block-kadence-listitem kt-svg-icon-list-item-wrap kt-svg-icon-list-item-6680_a9cf66-01\"><span class=\"kb-svg-icon-wrap kb-svg-icon-fas_circle kt-svg-icon-list-single\"><svg viewBox=\"0 0 512 512\"  fill=\"currentColor\" xmlns=\"http:\/\/www.w3.org\/2000\/svg\" ><path d=\"M256 8C119 8 8 119 8 256s111 248 248 248 248-111 248-248S393 8 256 8z\"\/><\/svg><\/span><span class=\"kt-svg-icon-list-text\"><a href=\"https:\/\/zsp1chojna.pl\/?p=6745\">Cz\u0142onkowie programu \u201eM\u0142odzi w Akcji +\u201d wzi\u0119li udzia\u0142 w webinarium \u201cDzia\u0142amy! O spo\u0142ecznym zaanga\u017cowaniu m\u0142odych\u201d.<\/a><\/span><\/li>\n\n\n<style>.kt-svg-icon-list-item-6680_068135-93 .kt-svg-icon-list-single{font-size:6px !important;color:#003b63 !important;}<\/style>\n<li class=\"wp-block-kadence-listitem kt-svg-icon-list-item-wrap kt-svg-icon-list-item-6680_068135-93\"><span class=\"kb-svg-icon-wrap kb-svg-icon-fas_circle kt-svg-icon-list-single\"><svg viewBox=\"0 0 512 512\"  fill=\"currentColor\" xmlns=\"http:\/\/www.w3.org\/2000\/svg\" ><path d=\"M256 8C119 8 8 119 8 256s111 248 248 248 248-111 248-248S393 8 256 8z\"\/><\/svg><\/span><span class=\"kt-svg-icon-list-text\"><a href=\"https:\/\/zsp1chojna.pl\/?p=6752\">Odby\u0142o si\u0119 szkolenie opiekun\u00f3w programu ,,M\u0142odzi w Akcji+\u201d.<\/a><\/span><\/li>\n\n\n<style>.kt-svg-icon-list-item-6680_6e8ab5-af .kt-svg-icon-list-single{font-size:6px !important;color:#003b63 !important;}<\/style>\n<li class=\"wp-block-kadence-listitem kt-svg-icon-list-item-wrap kt-svg-icon-list-item-6680_6e8ab5-af\"><span class=\"kb-svg-icon-wrap kb-svg-icon-fas_circle kt-svg-icon-list-single\"><svg viewBox=\"0 0 512 512\"  fill=\"currentColor\" xmlns=\"http:\/\/www.w3.org\/2000\/svg\" ><path d=\"M256 8C119 8 8 119 8 256s111 248 248 248 248-111 248-248S393 8 256 8z\"\/><\/svg><\/span><span class=\"kt-svg-icon-list-text\"><a href=\"https:\/\/zsp1chojna.pl\/?p=6756\">Odby\u0142y si\u0119 warsztaty w ramach programu \u201eM\u0142odzi w akcji+\u201d.<\/a><\/span><\/li>\n\n\n<style>.kt-svg-icon-list-item-6680_27fb39-1d .kt-svg-icon-list-single{font-size:6px !important;color:#003b63 !important;}<\/style>\n<li class=\"wp-block-kadence-listitem kt-svg-icon-list-item-wrap kt-svg-icon-list-item-6680_27fb39-1d\"><span class=\"kb-svg-icon-wrap kb-svg-icon-fas_circle kt-svg-icon-list-single\"><svg viewBox=\"0 0 512 512\"  fill=\"currentColor\" xmlns=\"http:\/\/www.w3.org\/2000\/svg\" ><path d=\"M256 8C119 8 8 119 8 256s111 248 248 248 248-111 248-248S393 8 256 8z\"\/><\/svg><\/span><span class=\"kt-svg-icon-list-text\"><a href=\"https:\/\/zsp1chojna.pl\/?p=6763\">Odby\u0142o si\u0119 szkolenie online dla opiekun\u00f3w programu ,,M\u0142odzi w akcji+\u201d.<\/a><\/span><\/li>\n\n\n<style>.kt-svg-icon-list-item-6680_d49f07-6e .kt-svg-icon-list-single{font-size:6px !important;color:#003b63 !important;}<\/style>\n<li class=\"wp-block-kadence-listitem kt-svg-icon-list-item-wrap kt-svg-icon-list-item-6680_d49f07-6e\"><span class=\"kb-svg-icon-wrap kb-svg-icon-fas_circle kt-svg-icon-list-single\"><svg viewBox=\"0 0 512 512\"  fill=\"currentColor\" xmlns=\"http:\/\/www.w3.org\/2000\/svg\" ><path d=\"M256 8C119 8 8 119 8 256s111 248 248 248 248-111 248-248S393 8 256 8z\"\/><\/svg><\/span><span class=\"kt-svg-icon-list-text\"><a href=\"https:\/\/zsp1chojna.pl\/?p=6769\">Odby\u0142y si\u0119 warsztaty w ramach programu \u201eM\u0142odzi w akcji+\u201d.<\/a><\/span><\/li>\n\n\n<style>.kt-svg-icon-list-item-6680_d1db21-2c .kt-svg-icon-list-single{font-size:6px !important;color:#003b63 !important;}<\/style>\n<li class=\"wp-block-kadence-listitem kt-svg-icon-list-item-wrap kt-svg-icon-list-item-6680_d1db21-2c\"><span class=\"kb-svg-icon-wrap kb-svg-icon-fas_circle kt-svg-icon-list-single\"><svg viewBox=\"0 0 512 512\"  fill=\"currentColor\" xmlns=\"http:\/\/www.w3.org\/2000\/svg\" ><path d=\"M256 8C119 8 8 119 8 256s111 248 248 248 248-111 248-248S393 8 256 8z\"\/><\/svg><\/span><span class=\"kt-svg-icon-list-text\"><a href=\"https:\/\/zsp1chojna.pl\/?p=6774\">Wzi\u0119li\u015bmy udzia\u0142 w inauguracji programu \u201eM\u0142odzi w akcji+\u201d.<\/a><\/span><\/li>\n\n\n<style>.kt-svg-icon-list-item-6680_697389-09 .kt-svg-icon-list-single{font-size:6px !important;color:#003b63 !important;}<\/style>\n<li class=\"wp-block-kadence-listitem kt-svg-icon-list-item-wrap kt-svg-icon-list-item-6680_697389-09\"><span class=\"kb-svg-icon-wrap kb-svg-icon-fas_circle kt-svg-icon-list-single\"><svg viewBox=\"0 0 512 512\"  fill=\"currentColor\" xmlns=\"http:\/\/www.w3.org\/2000\/svg\" ><path d=\"M256 8C119 8 8 119 8 256s111 248 248 248 248-111 248-248S393 8 256 8z\"\/><\/svg><\/span><span class=\"kt-svg-icon-list-text\"><a href=\"https:\/\/zsp1chojna.pl\/?p=6782\">Odby\u0142a si\u0119 debata pt. \u201eWady i zalety zdalnego nauczania\u201d w ramach programu \u201eM\u0142odzi w Akcji+\u201d.<\/a><\/span><\/li>\n\n\n<style>.kt-svg-icon-list-item-6680_af31f5-63 .kt-svg-icon-list-single{font-size:6px !important;color:#003b63 !important;}<\/style>\n<li class=\"wp-block-kadence-listitem kt-svg-icon-list-item-wrap kt-svg-icon-list-item-6680_af31f5-63\"><span class=\"kb-svg-icon-wrap kb-svg-icon-fas_circle kt-svg-icon-list-single\"><svg viewBox=\"0 0 512 512\"  fill=\"currentColor\" xmlns=\"http:\/\/www.w3.org\/2000\/svg\" ><path d=\"M256 8C119 8 8 119 8 256s111 248 248 248 248-111 248-248S393 8 256 8z\"\/><\/svg><\/span><span class=\"kt-svg-icon-list-text\"><a href=\"https:\/\/zsp1chojna.pl\/?p=6789\">Zakwalifikowali\u015bmy si\u0119 do programu \u201eM\u0142odzi w akcji+\u201d w ramach projektu pt. \u201eAktywizacja spo\u0142eczna i obywatelska m\u0142odych ludzi w zakresie rozwijania kompetencji kluczowych\u201d.<\/a><\/span><\/li>\n<\/ul><\/div>\n\n\n\n<p><\/p>\n","protected":false},"excerpt":{"rendered":"","protected":false},"author":2,"featured_media":0,"parent":0,"menu_order":0,"comment_status":"closed","ping_status":"closed","template":"","meta":{"footnotes":""},"class_list":["post-6680","page","type-page","status-publish","hentry"],"yoast_head":"<!-- This site is optimized with the Yoast SEO plugin v20.13 - https:\/\/yoast.com\/wordpress\/plugins\/seo\/ -->\n<title>Projekt nr\u00a0POWR.03.01.00 \u2013 00 \u2013 T065\/18\u00a0pt.\u00a0\u201eAktywizacja spo\u0142eczna i\u00a0obywatelska m\u0142odych ludzi w\u00a0zakresie rozwijania kompetencji kluczowych\u201d.\u00a0 - ZSP w Chojnie<\/title>\n<meta name=\"robots\" content=\"index, follow, max-snippet:-1, max-image-preview:large, max-video-preview:-1\" \/>\n<link rel=\"canonical\" href=\"https:\/\/zsp1chojna.pl\/?page_id=6680\" \/>\n<meta property=\"og:locale\" content=\"pl_PL\" \/>\n<meta property=\"og:type\" content=\"article\" \/>\n<meta property=\"og:title\" content=\"Projekt nr\u00a0POWR.03.01.00 \u2013 00 \u2013 T065\/18\u00a0pt.\u00a0\u201eAktywizacja spo\u0142eczna i\u00a0obywatelska m\u0142odych ludzi w\u00a0zakresie rozwijania kompetencji kluczowych\u201d.\u00a0 - ZSP w Chojnie\" \/>\n<meta property=\"og:url\" content=\"https:\/\/zsp1chojna.pl\/?page_id=6680\" \/>\n<meta property=\"og:site_name\" content=\"ZSP w Chojnie\" \/>\n<meta property=\"article:modified_time\" content=\"2023-11-02T16:44:17+00:00\" \/>\n<meta name=\"twitter:card\" content=\"summary_large_image\" \/>\n<meta name=\"twitter:label1\" content=\"Szacowany czas czytania\" \/>\n\t<meta name=\"twitter:data1\" content=\"1 minuta\" \/>\n<script type=\"application\/ld+json\" class=\"yoast-schema-graph\">{\"@context\":\"https:\/\/schema.org\",\"@graph\":[{\"@type\":\"WebPage\",\"@id\":\"https:\/\/zsp1chojna.pl\/?page_id=6680\",\"url\":\"https:\/\/zsp1chojna.pl\/?page_id=6680\",\"name\":\"Projekt nr\u00a0POWR.03.01.00 \u2013 00 \u2013 T065\/18\u00a0pt.\u00a0\u201eAktywizacja spo\u0142eczna i\u00a0obywatelska m\u0142odych ludzi w\u00a0zakresie rozwijania kompetencji kluczowych\u201d.\u00a0 - ZSP w Chojnie\",\"isPartOf\":{\"@id\":\"https:\/\/zsp1chojna.pl\/#website\"},\"datePublished\":\"2023-11-02T14:01:07+00:00\",\"dateModified\":\"2023-11-02T16:44:17+00:00\",\"breadcrumb\":{\"@id\":\"https:\/\/zsp1chojna.pl\/?page_id=6680#breadcrumb\"},\"inLanguage\":\"pl-PL\",\"potentialAction\":[{\"@type\":\"ReadAction\",\"target\":[\"https:\/\/zsp1chojna.pl\/?page_id=6680\"]}]},{\"@type\":\"BreadcrumbList\",\"@id\":\"https:\/\/zsp1chojna.pl\/?page_id=6680#breadcrumb\",\"itemListElement\":[{\"@type\":\"ListItem\",\"position\":1,\"name\":\"Home\",\"item\":\"https:\/\/zsp1chojna.pl\/\"},{\"@type\":\"ListItem\",\"position\":2,\"name\":\"Projekt nr\u00a0POWR.03.01.00 \u2013 00 \u2013 T065\/18\u00a0pt.\u00a0\u201eAktywizacja spo\u0142eczna i\u00a0obywatelska m\u0142odych ludzi w\u00a0zakresie rozwijania kompetencji kluczowych\u201d.\u00a0\"}]},{\"@type\":\"WebSite\",\"@id\":\"https:\/\/zsp1chojna.pl\/#website\",\"url\":\"https:\/\/zsp1chojna.pl\/\",\"name\":\"ZSP w Chojnie\",\"description\":\"\",\"publisher\":{\"@id\":\"https:\/\/zsp1chojna.pl\/#organization\"},\"potentialAction\":[{\"@type\":\"SearchAction\",\"target\":{\"@type\":\"EntryPoint\",\"urlTemplate\":\"https:\/\/zsp1chojna.pl\/?s={search_term_string}\"},\"query-input\":\"required name=search_term_string\"}],\"inLanguage\":\"pl-PL\"},{\"@type\":\"Organization\",\"@id\":\"https:\/\/zsp1chojna.pl\/#organization\",\"name\":\"ZSP w Chojnie\",\"url\":\"https:\/\/zsp1chojna.pl\/\",\"logo\":{\"@type\":\"ImageObject\",\"inLanguage\":\"pl-PL\",\"@id\":\"https:\/\/zsp1chojna.pl\/#\/schema\/logo\/image\/\",\"url\":\"https:\/\/zsp1chojna.pl\/wp-content\/uploads\/2023\/08\/cropped-cropped-cropped-Logo-biale-napis-na-3-wiersze_504-1.png\",\"contentUrl\":\"https:\/\/zsp1chojna.pl\/wp-content\/uploads\/2023\/08\/cropped-cropped-cropped-Logo-biale-napis-na-3-wiersze_504-1.png\",\"width\":504,\"height\":167,\"caption\":\"ZSP w Chojnie\"},\"image\":{\"@id\":\"https:\/\/zsp1chojna.pl\/#\/schema\/logo\/image\/\"}}]}<\/script>\n<!-- \/ Yoast SEO plugin. -->","yoast_head_json":{"title":"Projekt nr\u00a0POWR.03.01.00 \u2013 00 \u2013 T065\/18\u00a0pt.\u00a0\u201eAktywizacja spo\u0142eczna i\u00a0obywatelska m\u0142odych ludzi w\u00a0zakresie rozwijania kompetencji kluczowych\u201d.\u00a0 - ZSP w Chojnie","robots":{"index":"index","follow":"follow","max-snippet":"max-snippet:-1","max-image-preview":"max-image-preview:large","max-video-preview":"max-video-preview:-1"},"canonical":"https:\/\/zsp1chojna.pl\/?page_id=6680","og_locale":"pl_PL","og_type":"article","og_title":"Projekt nr\u00a0POWR.03.01.00 \u2013 00 \u2013 T065\/18\u00a0pt.\u00a0\u201eAktywizacja spo\u0142eczna i\u00a0obywatelska m\u0142odych ludzi w\u00a0zakresie rozwijania kompetencji kluczowych\u201d.\u00a0 - ZSP w Chojnie","og_url":"https:\/\/zsp1chojna.pl\/?page_id=6680","og_site_name":"ZSP w Chojnie","article_modified_time":"2023-11-02T16:44:17+00:00","twitter_card":"summary_large_image","twitter_misc":{"Szacowany czas czytania":"1 minuta"},"schema":{"@context":"https:\/\/schema.org","@graph":[{"@type":"WebPage","@id":"https:\/\/zsp1chojna.pl\/?page_id=6680","url":"https:\/\/zsp1chojna.pl\/?page_id=6680","name":"Projekt nr\u00a0POWR.03.01.00 \u2013 00 \u2013 T065\/18\u00a0pt.\u00a0\u201eAktywizacja spo\u0142eczna i\u00a0obywatelska m\u0142odych ludzi w\u00a0zakresie rozwijania kompetencji kluczowych\u201d.\u00a0 - ZSP w Chojnie","isPartOf":{"@id":"https:\/\/zsp1chojna.pl\/#website"},"datePublished":"2023-11-02T14:01:07+00:00","dateModified":"2023-11-02T16:44:17+00:00","breadcrumb":{"@id":"https:\/\/zsp1chojna.pl\/?page_id=6680#breadcrumb"},"inLanguage":"pl-PL","potentialAction":[{"@type":"ReadAction","target":["https:\/\/zsp1chojna.pl\/?page_id=6680"]}]},{"@type":"BreadcrumbList","@id":"https:\/\/zsp1chojna.pl\/?page_id=6680#breadcrumb","itemListElement":[{"@type":"ListItem","position":1,"name":"Home","item":"https:\/\/zsp1chojna.pl\/"},{"@type":"ListItem","position":2,"name":"Projekt nr\u00a0POWR.03.01.00 \u2013 00 \u2013 T065\/18\u00a0pt.\u00a0\u201eAktywizacja spo\u0142eczna i\u00a0obywatelska m\u0142odych ludzi w\u00a0zakresie rozwijania kompetencji kluczowych\u201d.\u00a0"}]},{"@type":"WebSite","@id":"https:\/\/zsp1chojna.pl\/#website","url":"https:\/\/zsp1chojna.pl\/","name":"ZSP w Chojnie","description":"","publisher":{"@id":"https:\/\/zsp1chojna.pl\/#organization"},"potentialAction":[{"@type":"SearchAction","target":{"@type":"EntryPoint","urlTemplate":"https:\/\/zsp1chojna.pl\/?s={search_term_string}"},"query-input":"required name=search_term_string"}],"inLanguage":"pl-PL"},{"@type":"Organization","@id":"https:\/\/zsp1chojna.pl\/#organization","name":"ZSP w Chojnie","url":"https:\/\/zsp1chojna.pl\/","logo":{"@type":"ImageObject","inLanguage":"pl-PL","@id":"https:\/\/zsp1chojna.pl\/#\/schema\/logo\/image\/","url":"https:\/\/zsp1chojna.pl\/wp-content\/uploads\/2023\/08\/cropped-cropped-cropped-Logo-biale-napis-na-3-wiersze_504-1.png","contentUrl":"https:\/\/zsp1chojna.pl\/wp-content\/uploads\/2023\/08\/cropped-cropped-cropped-Logo-biale-napis-na-3-wiersze_504-1.png","width":504,"height":167,"caption":"ZSP w Chojnie"},"image":{"@id":"https:\/\/zsp1chojna.pl\/#\/schema\/logo\/image\/"}}]}},"_links":{"self":[{"href":"https:\/\/zsp1chojna.pl\/index.php?rest_route=\/wp\/v2\/pages\/6680","targetHints":{"allow":["GET"]}}],"collection":[{"href":"https:\/\/zsp1chojna.pl\/index.php?rest_route=\/wp\/v2\/pages"}],"about":[{"href":"https:\/\/zsp1chojna.pl\/index.php?rest_route=\/wp\/v2\/types\/page"}],"author":[{"embeddable":true,"href":"https:\/\/zsp1chojna.pl\/index.php?rest_route=\/wp\/v2\/users\/2"}],"replies":[{"embeddable":true,"href":"https:\/\/zsp1chojna.pl\/index.php?rest_route=%2Fwp%2Fv2%2Fcomments&post=6680"}],"version-history":[{"count":3,"href":"https:\/\/zsp1chojna.pl\/index.php?rest_route=\/wp\/v2\/pages\/6680\/revisions"}],"predecessor-version":[{"id":6794,"href":"https:\/\/zsp1chojna.pl\/index.php?rest_route=\/wp\/v2\/pages\/6680\/revisions\/6794"}],"wp:attachment":[{"href":"https:\/\/zsp1chojna.pl\/index.php?rest_route=%2Fwp%2Fv2%2Fmedia&parent=6680"}],"curies":[{"name":"wp","href":"https:\/\/api.w.org\/{rel}","templated":true}]}}