{"id":6676,"date":"2023-11-02T14:20:38","date_gmt":"2023-11-02T13:20:38","guid":{"rendered":"https:\/\/zsp1chojna.pl\/?page_id=6676"},"modified":"2023-11-02T14:20:39","modified_gmt":"2023-11-02T13:20:39","slug":"projekt-pokonac-covid-w-szkole","status":"publish","type":"page","link":"https:\/\/zsp1chojna.pl\/?page_id=6676","title":{"rendered":"Projekt \u201ePokona\u0107 COVID w szkole\u201d"},"content":{"rendered":"\n<p class=\"has-text-align-justify\">Zesp\u00f3\u0142 Szk\u00f3\u0142 Ponadpodstawowych w&nbsp;Chojnie, chc\u0105c jak najlepiej wykorzysta\u0107 technologi\u0119 IT w&nbsp;nauczaniu zdalnym, bierze udzia\u0142 w&nbsp;projekcie realizowanym przez&nbsp; Zachodniopomorskie Forum Organizacji Socjalnych ZaFos wsp\u00f3lnie z&nbsp;partnerem niemieckim Uckermarkischer Bildungsverbund gGmbH. Projekt jest realizowany w&nbsp;ramach Programu Wsp\u00f3\u0142pracy Interreg V A&nbsp;Meklemburgia Pomorze Przednie\/Brandenburgia\/Polska w&nbsp;ramach celu \u201eEuropejska Wsp\u00f3\u0142praca Terytorialna\u201d Europejskiego Funduszu Rozwoju Regionalnego.<\/p>\n\n\n<div class=\"wp-block-image\">\n<figure class=\"aligncenter size-full\"><img loading=\"lazy\" decoding=\"async\" width=\"543\" height=\"762\" data-attachment-id=\"6677\" data-permalink=\"https:\/\/zsp1chojna.pl\/?attachment_id=6677\" data-orig-file=\"https:\/\/zsp1chojna.pl\/wp-content\/uploads\/2023\/11\/pokonac-covid2021-1.png\" data-orig-size=\"543,762\" data-comments-opened=\"1\" data-image-meta=\"{&quot;aperture&quot;:&quot;0&quot;,&quot;credit&quot;:&quot;&quot;,&quot;camera&quot;:&quot;&quot;,&quot;caption&quot;:&quot;&quot;,&quot;created_timestamp&quot;:&quot;0&quot;,&quot;copyright&quot;:&quot;&quot;,&quot;focal_length&quot;:&quot;0&quot;,&quot;iso&quot;:&quot;0&quot;,&quot;shutter_speed&quot;:&quot;0&quot;,&quot;title&quot;:&quot;&quot;,&quot;orientation&quot;:&quot;0&quot;}\" data-image-title=\"pokonac-covid2021-1\" data-image-description=\"\" data-image-caption=\"\" data-medium-file=\"https:\/\/zsp1chojna.pl\/wp-content\/uploads\/2023\/11\/pokonac-covid2021-1-214x300.png\" data-large-file=\"https:\/\/zsp1chojna.pl\/wp-content\/uploads\/2023\/11\/pokonac-covid2021-1.png\" src=\"https:\/\/zsp1chojna.pl\/wp-content\/uploads\/2023\/11\/pokonac-covid2021-1.png\" alt=\"\" class=\"wp-image-6677\" srcset=\"https:\/\/zsp1chojna.pl\/wp-content\/uploads\/2023\/11\/pokonac-covid2021-1.png 543w, https:\/\/zsp1chojna.pl\/wp-content\/uploads\/2023\/11\/pokonac-covid2021-1-214x300.png 214w\" sizes=\"auto, (max-width: 543px) 100vw, 543px\" \/><\/figure>\n<\/div>\n\n\n<p class=\"has-text-align-justify\">W&nbsp;ramach programu 16&nbsp;polskich i&nbsp;niemieckich nauczycieli zapozna si\u0119 z&nbsp;zasadami nauczania online, pozna stron\u0119 techniczn\u0105 i&nbsp;specyfik\u0119 dydaktyki online, a&nbsp;tak\u017ce zagro\u017cenia w&nbsp;Internecie i&nbsp;zasady etyczne pracy w&nbsp;przestrzeni wirtualnej. Nauczyciele zostan\u0105 wyposa\u017ceni w&nbsp;materia\u0142y dydaktyczne, z&nbsp;kt\u00f3rych&nbsp;b\u0119d\u0105 korzysta\u0107 w&nbsp;swoich szko\u0142ach, przekazuj\u0105c wiedz\u0119 i&nbsp;umiej\u0119tno\u015bci nauczania online.<\/p>\n\n\n\n<p class=\"has-text-align-justify\">Od&nbsp;maja, we&nbsp;wtorki i&nbsp;czwartki, przez&nbsp;6&nbsp;tygodni z&nbsp;naszej szko\u0142y w&nbsp;szkoleniach uczestniczy nauczycielka matematyki p.&nbsp;Anna Krzemi\u0144ska. \u0141\u0105cznie we\u017amie udzia\u0142 w&nbsp;36&nbsp;godzinach lekcyjnych szkole\u0144.<\/p>\n\n\n<div class=\"wp-block-image\">\n<figure class=\"aligncenter size-full\"><img loading=\"lazy\" decoding=\"async\" width=\"550\" height=\"309\" data-attachment-id=\"6678\" data-permalink=\"https:\/\/zsp1chojna.pl\/?attachment_id=6678\" data-orig-file=\"https:\/\/zsp1chojna.pl\/wp-content\/uploads\/2023\/11\/pokonac-covid2021-2.png\" data-orig-size=\"550,309\" data-comments-opened=\"1\" data-image-meta=\"{&quot;aperture&quot;:&quot;0&quot;,&quot;credit&quot;:&quot;&quot;,&quot;camera&quot;:&quot;&quot;,&quot;caption&quot;:&quot;&quot;,&quot;created_timestamp&quot;:&quot;0&quot;,&quot;copyright&quot;:&quot;&quot;,&quot;focal_length&quot;:&quot;0&quot;,&quot;iso&quot;:&quot;0&quot;,&quot;shutter_speed&quot;:&quot;0&quot;,&quot;title&quot;:&quot;&quot;,&quot;orientation&quot;:&quot;0&quot;}\" data-image-title=\"pokonac-covid2021-2\" data-image-description=\"\" data-image-caption=\"\" data-medium-file=\"https:\/\/zsp1chojna.pl\/wp-content\/uploads\/2023\/11\/pokonac-covid2021-2-300x169.png\" data-large-file=\"https:\/\/zsp1chojna.pl\/wp-content\/uploads\/2023\/11\/pokonac-covid2021-2.png\" src=\"https:\/\/zsp1chojna.pl\/wp-content\/uploads\/2023\/11\/pokonac-covid2021-2.png\" alt=\"\" class=\"wp-image-6678\" srcset=\"https:\/\/zsp1chojna.pl\/wp-content\/uploads\/2023\/11\/pokonac-covid2021-2.png 550w, https:\/\/zsp1chojna.pl\/wp-content\/uploads\/2023\/11\/pokonac-covid2021-2-300x169.png 300w\" sizes=\"auto, (max-width: 550px) 100vw, 550px\" \/><\/figure>\n<\/div>\n\n\n<p class=\"has-text-align-justify\"><em>&nbsp;<\/em>Zako\u0144czenie projektu nast\u0105pi pod&nbsp;koniec sierpnia konferencj\u0105 dla dyrektor\u00f3w szk\u00f3\u0142 i&nbsp;przedstawicieli w\u0142adz o\u015bwiatowych \u2013 zar\u00f3wno po&nbsp;stronie niemieckiej i&nbsp;polskiej \u2013 podsumowuj\u0105c\u0105 projekt i&nbsp;prezentuj\u0105c\u0105 jego efekty. Zostanie wydany podr\u0119cznik b\u0119d\u0105cy kompendium wiedzy nt.&nbsp;narz\u0119dzi, efektywno\u015bci i&nbsp;bezpiecze\u0144stwa dla nauczania zdalnego. Dotrze on do&nbsp;szk\u00f3\u0142 po&nbsp;obu stronach granicy.<\/p>\n\n\n\n<p><\/p>\n\n\n\n<p>mgr&nbsp;Anna Krzemi\u0144ska<\/p>\n","protected":false},"excerpt":{"rendered":"<p>Zesp\u00f3\u0142 Szk\u00f3\u0142 Ponadpodstawowych w&nbsp;Chojnie, chc\u0105c jak najlepiej wykorzysta\u0107 technologi\u0119 IT w&nbsp;nauczaniu zdalnym, bierze udzia\u0142 w&nbsp;projekcie realizowanym przez&nbsp; Zachodniopomorskie Forum Organizacji Socjalnych ZaFos wsp\u00f3lnie z&nbsp;partnerem niemieckim Uckermarkischer Bildungsverbund gGmbH. Projekt jest [&hellip;]<\/p>\n","protected":false},"author":2,"featured_media":6678,"parent":0,"menu_order":0,"comment_status":"closed","ping_status":"closed","template":"","meta":{"footnotes":""},"class_list":["post-6676","page","type-page","status-publish","has-post-thumbnail","hentry"],"yoast_head":"<!-- This site is optimized with the Yoast SEO plugin v20.13 - https:\/\/yoast.com\/wordpress\/plugins\/seo\/ -->\n<title>Projekt \u201ePokona\u0107 COVID w szkole\u201d - ZSP w Chojnie<\/title>\n<meta name=\"robots\" content=\"index, follow, max-snippet:-1, max-image-preview:large, max-video-preview:-1\" \/>\n<link rel=\"canonical\" href=\"https:\/\/zsp1chojna.pl\/?page_id=6676\" \/>\n<meta property=\"og:locale\" content=\"pl_PL\" \/>\n<meta property=\"og:type\" content=\"article\" \/>\n<meta property=\"og:title\" content=\"Projekt \u201ePokona\u0107 COVID w szkole\u201d - ZSP w Chojnie\" \/>\n<meta property=\"og:description\" content=\"Zesp\u00f3\u0142 Szk\u00f3\u0142 Ponadpodstawowych w&nbsp;Chojnie, chc\u0105c jak najlepiej wykorzysta\u0107 technologi\u0119 IT w&nbsp;nauczaniu zdalnym, bierze udzia\u0142 w&nbsp;projekcie realizowanym przez&nbsp; Zachodniopomorskie Forum Organizacji Socjalnych ZaFos wsp\u00f3lnie z&nbsp;partnerem niemieckim Uckermarkischer Bildungsverbund gGmbH. Projekt jest [&hellip;]\" \/>\n<meta property=\"og:url\" content=\"https:\/\/zsp1chojna.pl\/?page_id=6676\" \/>\n<meta property=\"og:site_name\" content=\"ZSP w Chojnie\" \/>\n<meta property=\"article:modified_time\" content=\"2023-11-02T13:20:39+00:00\" \/>\n<meta property=\"og:image\" content=\"https:\/\/zsp1chojna.pl\/wp-content\/uploads\/2023\/11\/pokonac-covid2021-2.png\" \/>\n\t<meta property=\"og:image:width\" content=\"550\" \/>\n\t<meta property=\"og:image:height\" content=\"309\" \/>\n\t<meta property=\"og:image:type\" content=\"image\/png\" \/>\n<meta name=\"twitter:card\" content=\"summary_large_image\" \/>\n<meta name=\"twitter:label1\" content=\"Szacowany czas czytania\" \/>\n\t<meta name=\"twitter:data1\" content=\"2 minuty\" \/>\n<script type=\"application\/ld+json\" class=\"yoast-schema-graph\">{\"@context\":\"https:\/\/schema.org\",\"@graph\":[{\"@type\":\"WebPage\",\"@id\":\"https:\/\/zsp1chojna.pl\/?page_id=6676\",\"url\":\"https:\/\/zsp1chojna.pl\/?page_id=6676\",\"name\":\"Projekt \u201ePokona\u0107 COVID w szkole\u201d - ZSP w Chojnie\",\"isPartOf\":{\"@id\":\"https:\/\/zsp1chojna.pl\/#website\"},\"datePublished\":\"2023-11-02T13:20:38+00:00\",\"dateModified\":\"2023-11-02T13:20:39+00:00\",\"breadcrumb\":{\"@id\":\"https:\/\/zsp1chojna.pl\/?page_id=6676#breadcrumb\"},\"inLanguage\":\"pl-PL\",\"potentialAction\":[{\"@type\":\"ReadAction\",\"target\":[\"https:\/\/zsp1chojna.pl\/?page_id=6676\"]}]},{\"@type\":\"BreadcrumbList\",\"@id\":\"https:\/\/zsp1chojna.pl\/?page_id=6676#breadcrumb\",\"itemListElement\":[{\"@type\":\"ListItem\",\"position\":1,\"name\":\"Home\",\"item\":\"https:\/\/zsp1chojna.pl\/\"},{\"@type\":\"ListItem\",\"position\":2,\"name\":\"Projekt \u201ePokona\u0107 COVID w&nbsp;szkole\u201d\"}]},{\"@type\":\"WebSite\",\"@id\":\"https:\/\/zsp1chojna.pl\/#website\",\"url\":\"https:\/\/zsp1chojna.pl\/\",\"name\":\"ZSP w Chojnie\",\"description\":\"\",\"publisher\":{\"@id\":\"https:\/\/zsp1chojna.pl\/#organization\"},\"potentialAction\":[{\"@type\":\"SearchAction\",\"target\":{\"@type\":\"EntryPoint\",\"urlTemplate\":\"https:\/\/zsp1chojna.pl\/?s={search_term_string}\"},\"query-input\":\"required name=search_term_string\"}],\"inLanguage\":\"pl-PL\"},{\"@type\":\"Organization\",\"@id\":\"https:\/\/zsp1chojna.pl\/#organization\",\"name\":\"ZSP w Chojnie\",\"url\":\"https:\/\/zsp1chojna.pl\/\",\"logo\":{\"@type\":\"ImageObject\",\"inLanguage\":\"pl-PL\",\"@id\":\"https:\/\/zsp1chojna.pl\/#\/schema\/logo\/image\/\",\"url\":\"https:\/\/zsp1chojna.pl\/wp-content\/uploads\/2023\/08\/cropped-cropped-cropped-Logo-biale-napis-na-3-wiersze_504-1.png\",\"contentUrl\":\"https:\/\/zsp1chojna.pl\/wp-content\/uploads\/2023\/08\/cropped-cropped-cropped-Logo-biale-napis-na-3-wiersze_504-1.png\",\"width\":504,\"height\":167,\"caption\":\"ZSP w Chojnie\"},\"image\":{\"@id\":\"https:\/\/zsp1chojna.pl\/#\/schema\/logo\/image\/\"}}]}<\/script>\n<!-- \/ Yoast SEO plugin. -->","yoast_head_json":{"title":"Projekt \u201ePokona\u0107 COVID w szkole\u201d - ZSP w Chojnie","robots":{"index":"index","follow":"follow","max-snippet":"max-snippet:-1","max-image-preview":"max-image-preview:large","max-video-preview":"max-video-preview:-1"},"canonical":"https:\/\/zsp1chojna.pl\/?page_id=6676","og_locale":"pl_PL","og_type":"article","og_title":"Projekt \u201ePokona\u0107 COVID w szkole\u201d - ZSP w Chojnie","og_description":"Zesp\u00f3\u0142 Szk\u00f3\u0142 Ponadpodstawowych w&nbsp;Chojnie, chc\u0105c jak najlepiej wykorzysta\u0107 technologi\u0119 IT w&nbsp;nauczaniu zdalnym, bierze udzia\u0142 w&nbsp;projekcie realizowanym przez&nbsp; Zachodniopomorskie Forum Organizacji Socjalnych ZaFos wsp\u00f3lnie z&nbsp;partnerem niemieckim Uckermarkischer Bildungsverbund gGmbH. Projekt jest [&hellip;]","og_url":"https:\/\/zsp1chojna.pl\/?page_id=6676","og_site_name":"ZSP w Chojnie","article_modified_time":"2023-11-02T13:20:39+00:00","og_image":[{"width":550,"height":309,"url":"https:\/\/zsp1chojna.pl\/wp-content\/uploads\/2023\/11\/pokonac-covid2021-2.png","type":"image\/png"}],"twitter_card":"summary_large_image","twitter_misc":{"Szacowany czas czytania":"2 minuty"},"schema":{"@context":"https:\/\/schema.org","@graph":[{"@type":"WebPage","@id":"https:\/\/zsp1chojna.pl\/?page_id=6676","url":"https:\/\/zsp1chojna.pl\/?page_id=6676","name":"Projekt \u201ePokona\u0107 COVID w szkole\u201d - ZSP w Chojnie","isPartOf":{"@id":"https:\/\/zsp1chojna.pl\/#website"},"datePublished":"2023-11-02T13:20:38+00:00","dateModified":"2023-11-02T13:20:39+00:00","breadcrumb":{"@id":"https:\/\/zsp1chojna.pl\/?page_id=6676#breadcrumb"},"inLanguage":"pl-PL","potentialAction":[{"@type":"ReadAction","target":["https:\/\/zsp1chojna.pl\/?page_id=6676"]}]},{"@type":"BreadcrumbList","@id":"https:\/\/zsp1chojna.pl\/?page_id=6676#breadcrumb","itemListElement":[{"@type":"ListItem","position":1,"name":"Home","item":"https:\/\/zsp1chojna.pl\/"},{"@type":"ListItem","position":2,"name":"Projekt \u201ePokona\u0107 COVID w&nbsp;szkole\u201d"}]},{"@type":"WebSite","@id":"https:\/\/zsp1chojna.pl\/#website","url":"https:\/\/zsp1chojna.pl\/","name":"ZSP w Chojnie","description":"","publisher":{"@id":"https:\/\/zsp1chojna.pl\/#organization"},"potentialAction":[{"@type":"SearchAction","target":{"@type":"EntryPoint","urlTemplate":"https:\/\/zsp1chojna.pl\/?s={search_term_string}"},"query-input":"required name=search_term_string"}],"inLanguage":"pl-PL"},{"@type":"Organization","@id":"https:\/\/zsp1chojna.pl\/#organization","name":"ZSP w Chojnie","url":"https:\/\/zsp1chojna.pl\/","logo":{"@type":"ImageObject","inLanguage":"pl-PL","@id":"https:\/\/zsp1chojna.pl\/#\/schema\/logo\/image\/","url":"https:\/\/zsp1chojna.pl\/wp-content\/uploads\/2023\/08\/cropped-cropped-cropped-Logo-biale-napis-na-3-wiersze_504-1.png","contentUrl":"https:\/\/zsp1chojna.pl\/wp-content\/uploads\/2023\/08\/cropped-cropped-cropped-Logo-biale-napis-na-3-wiersze_504-1.png","width":504,"height":167,"caption":"ZSP w Chojnie"},"image":{"@id":"https:\/\/zsp1chojna.pl\/#\/schema\/logo\/image\/"}}]}},"_links":{"self":[{"href":"https:\/\/zsp1chojna.pl\/index.php?rest_route=\/wp\/v2\/pages\/6676","targetHints":{"allow":["GET"]}}],"collection":[{"href":"https:\/\/zsp1chojna.pl\/index.php?rest_route=\/wp\/v2\/pages"}],"about":[{"href":"https:\/\/zsp1chojna.pl\/index.php?rest_route=\/wp\/v2\/types\/page"}],"author":[{"embeddable":true,"href":"https:\/\/zsp1chojna.pl\/index.php?rest_route=\/wp\/v2\/users\/2"}],"replies":[{"embeddable":true,"href":"https:\/\/zsp1chojna.pl\/index.php?rest_route=%2Fwp%2Fv2%2Fcomments&post=6676"}],"version-history":[{"count":1,"href":"https:\/\/zsp1chojna.pl\/index.php?rest_route=\/wp\/v2\/pages\/6676\/revisions"}],"predecessor-version":[{"id":6679,"href":"https:\/\/zsp1chojna.pl\/index.php?rest_route=\/wp\/v2\/pages\/6676\/revisions\/6679"}],"wp:featuredmedia":[{"embeddable":true,"href":"https:\/\/zsp1chojna.pl\/index.php?rest_route=\/wp\/v2\/media\/6678"}],"wp:attachment":[{"href":"https:\/\/zsp1chojna.pl\/index.php?rest_route=%2Fwp%2Fv2%2Fmedia&parent=6676"}],"curies":[{"name":"wp","href":"https:\/\/api.w.org\/{rel}","templated":true}]}}