{"id":5513,"date":"2023-09-24T13:37:00","date_gmt":"2023-09-24T11:37:00","guid":{"rendered":"https:\/\/zsp1chojna.pl\/?page_id=5513"},"modified":"2023-09-24T14:36:15","modified_gmt":"2023-09-24T12:36:15","slug":"projekt-struggle-against-violent-extremism","status":"publish","type":"page","link":"https:\/\/zsp1chojna.pl\/?page_id=5513","title":{"rendered":"Projekt &#8220;Struggle Against Violent Extremism\u201d"},"content":{"rendered":"<style>.wp-block-kadence-iconlist.kt-svg-icon-list-items5513_24730e-d6 ul.kt-svg-icon-list:not(.this-prevents-issues):not(.this-stops-third-party-issues):not(.tijsloc){margin-top:0px;margin-right:0px;margin-bottom:var(--global-kb-spacing-sm, 1.5rem);margin-left:0px;}.wp-block-kadence-iconlist.kt-svg-icon-list-items5513_24730e-d6 ul.kt-svg-icon-list{grid-row-gap:5px;}.wp-block-kadence-iconlist.kt-svg-icon-list-items5513_24730e-d6 ul.kt-svg-icon-list .kt-svg-icon-list-item-wrap .kt-svg-icon-list-single{margin-right:10px;}.kt-svg-icon-list-items5513_24730e-d6 ul.kt-svg-icon-list .kt-svg-icon-list-level-0 .kt-svg-icon-list-single svg{font-size:20px;}@media all and (max-width: 1024px){.wp-block-kadence-iconlist.kt-svg-icon-list-items5513_24730e-d6 ul.kt-svg-icon-list{grid-row-gap:5px;}}@media all and (max-width: 767px){.wp-block-kadence-iconlist.kt-svg-icon-list-items5513_24730e-d6 ul.kt-svg-icon-list{grid-row-gap:5px;}}<\/style>\n<div class=\"wp-block-kadence-iconlist kt-svg-icon-list-items kt-svg-icon-list-items5513_24730e-d6 kt-svg-icon-list-columns-1 alignnone\"><ul class=\"kt-svg-icon-list\"><style>.kt-svg-icon-list-item-5513_c1b287-5d .kt-svg-icon-list-single{font-size:6px !important;color:#003b63 !important;}<\/style>\n<li class=\"wp-block-kadence-listitem kt-svg-icon-list-item-wrap kt-svg-icon-list-item-5513_c1b287-5d\"><span class=\"kb-svg-icon-wrap kb-svg-icon-fas_circle kt-svg-icon-list-single\"><svg viewBox=\"0 0 512 512\"  fill=\"currentColor\" xmlns=\"http:\/\/www.w3.org\/2000\/svg\" ><path d=\"M256 8C119 8 8 119 8 256s111 248 248 248 248-111 248-248S393 8 256 8z\"\/><\/svg><\/span><span class=\"kt-svg-icon-list-text\"><a href=\"https:\/\/zsp1chojna.pl\/?p=5537\">12 \u2013 16.06.2019 r. pi\u0119cioro nauczycieli ZSP w Chojnie wzi\u0119\u0142o udzia\u0142 w spotkaniu podsumowuj\u0105cym projekt \u201eSAVE \u2013 Zapobieganie agresywnym postawom m\u0142odzie\u017cy\u201d w Konyi w Turcji. [wi\u0119cej]<\/a><\/span><\/li>\n\n\n<style>.kt-svg-icon-list-item-5513_218d87-0d .kt-svg-icon-list-single{font-size:6px !important;color:#003b63 !important;}<\/style>\n<li class=\"wp-block-kadence-listitem kt-svg-icon-list-item-wrap kt-svg-icon-list-item-5513_218d87-0d\"><span class=\"kb-svg-icon-wrap kb-svg-icon-fas_circle kt-svg-icon-list-single\"><svg viewBox=\"0 0 512 512\"  fill=\"currentColor\" xmlns=\"http:\/\/www.w3.org\/2000\/svg\" ><path d=\"M256 8C119 8 8 119 8 256s111 248 248 248 248-111 248-248S393 8 256 8z\"\/><\/svg><\/span><span class=\"kt-svg-icon-list-text\"><a href=\"https:\/\/zsp1chojna.pl\/?p=5545\">3 \u2013 9.03.2019 r. uczniowie ZSP w Chojnie wzi\u0119li udzia\u0142 w kursie szkoleniowym nt. propagandy online w ramach projektu \u201eSAVE \u2013 Zapobieganie agresywnym postawom m\u0142odzie\u017cy\u201d programu Erasmus+ w Murskiej Sobocie w S\u0142owenii.  [wi\u0119cej]<\/a><\/span><\/li>\n\n\n<style>.kt-svg-icon-list-item-5513_2c2db3-bf .kt-svg-icon-list-single{font-size:6px !important;color:#003b63 !important;}<\/style>\n<li class=\"wp-block-kadence-listitem kt-svg-icon-list-item-wrap kt-svg-icon-list-item-5513_2c2db3-bf\"><span class=\"kb-svg-icon-wrap kb-svg-icon-fas_circle kt-svg-icon-list-single\"><svg viewBox=\"0 0 512 512\"  fill=\"currentColor\" xmlns=\"http:\/\/www.w3.org\/2000\/svg\" ><path d=\"M256 8C119 8 8 119 8 256s111 248 248 248 248-111 248-248S393 8 256 8z\"\/><\/svg><\/span><span class=\"kt-svg-icon-list-text\"><a href=\"https:\/\/zsp1chojna.pl\/?p=5555\">25.01.2019 r. zorganizowali\u015bmy \u201eMARSZ PRZECIWKO PRZEMOCY\u201d.  [wi\u0119cej]<\/a><\/span><\/li>\n\n\n<style>.kt-svg-icon-list-item-5513_1e17e8-10 .kt-svg-icon-list-single{font-size:6px !important;color:#003b63 !important;}<\/style>\n<li class=\"wp-block-kadence-listitem kt-svg-icon-list-item-wrap kt-svg-icon-list-item-5513_1e17e8-10\"><span class=\"kb-svg-icon-wrap kb-svg-icon-fas_circle kt-svg-icon-list-single\"><svg viewBox=\"0 0 512 512\"  fill=\"currentColor\" xmlns=\"http:\/\/www.w3.org\/2000\/svg\" ><path d=\"M256 8C119 8 8 119 8 256s111 248 248 248 248-111 248-248S393 8 256 8z\"\/><\/svg><\/span><span class=\"kt-svg-icon-list-text\"><a href=\"https:\/\/zsp1chojna.pl\/?p=5561\">4 \u2013 7.10.2018 r. w ramach projektu \u201eStruggle Against Violent Extremism \u2013 Zapobieganie agresywnym postawom m\u0142odzie\u017cy\u201d odby\u0142o si\u0119 spotkanie w S\u00f6derk\u00f6ping w Szwecji.  [wi\u0119cej]<\/a><\/span><\/li>\n\n\n<style>.kt-svg-icon-list-item-5513_6d27bb-d7 .kt-svg-icon-list-single{font-size:6px !important;color:#003b63 !important;}<\/style>\n<li class=\"wp-block-kadence-listitem kt-svg-icon-list-item-wrap kt-svg-icon-list-item-5513_6d27bb-d7\"><span class=\"kb-svg-icon-wrap kb-svg-icon-fas_circle kt-svg-icon-list-single\"><svg viewBox=\"0 0 512 512\"  fill=\"currentColor\" xmlns=\"http:\/\/www.w3.org\/2000\/svg\" ><path d=\"M256 8C119 8 8 119 8 256s111 248 248 248 248-111 248-248S393 8 256 8z\"\/><\/svg><\/span><span class=\"kt-svg-icon-list-text\"><a href=\"https:\/\/zsp1chojna.pl\/?p=5569\">02 \u2013 08.07.2018 r. w ramach projektu Zapobieganie Ekstremistycznym Postawom M\u0142odzie\u017cy (SAVE) o\u015bmioro uczni\u00f3w ZSP w Chojnie wraz z opiekunami wzi\u0119\u0142o udzia\u0142 w kursie szkoleniowym nt. zapobiegania nietolerancji i przemocy w Koszeg na W\u0119grzech.  [wi\u0119cej]<\/a><\/span><\/li>\n\n\n<style>.kt-svg-icon-list-item-5513_1b0574-03 .kt-svg-icon-list-single{font-size:6px !important;color:#003b63 !important;}<\/style>\n<li class=\"wp-block-kadence-listitem kt-svg-icon-list-item-wrap kt-svg-icon-list-item-5513_1b0574-03\"><span class=\"kb-svg-icon-wrap kb-svg-icon-fas_circle kt-svg-icon-list-single\"><svg viewBox=\"0 0 512 512\"  fill=\"currentColor\" xmlns=\"http:\/\/www.w3.org\/2000\/svg\" ><path d=\"M256 8C119 8 8 119 8 256s111 248 248 248 248-111 248-248S393 8 256 8z\"\/><\/svg><\/span><span class=\"kt-svg-icon-list-text\"><a href=\"https:\/\/zsp1chojna.pl\/?p=5577\">19 \u2013 23.03.2018 r. odby\u0142o si\u0119 spotkanie szkoleniowe w ramach projektu SAVE \u2013 program Erasmus+.<\/a><\/span><\/li>\n\n\n<style>.kt-svg-icon-list-item-5513_a0a9da-d8 .kt-svg-icon-list-single{font-size:6px !important;color:#003b63 !important;}<\/style>\n<li class=\"wp-block-kadence-listitem kt-svg-icon-list-item-wrap kt-svg-icon-list-item-5513_a0a9da-d8\"><span class=\"kb-svg-icon-wrap kb-svg-icon-fas_circle kt-svg-icon-list-single\"><svg viewBox=\"0 0 512 512\"  fill=\"currentColor\" xmlns=\"http:\/\/www.w3.org\/2000\/svg\" ><path d=\"M256 8C119 8 8 119 8 256s111 248 248 248 248-111 248-248S393 8 256 8z\"\/><\/svg><\/span><span class=\"kt-svg-icon-list-text\"><a href=\"https:\/\/zsp1chojna.pl\/?p=5531\">9 \u2013 12.11.2017 r. nauczyciele wzi\u0119li udzia\u0142 w mi\u0119dzynarodowej konferencji w Konyi (Turcja), w ramach projektu \u201eSave\u201d z programu Erasmus +.  [wi\u0119cej]<\/a><\/span><\/li>\n\n\n<style>.kt-svg-icon-list-item-5513_b6bb86-cd .kt-svg-icon-list-single{font-size:6px !important;color:#003b63 !important;}<\/style>\n<li class=\"wp-block-kadence-listitem kt-svg-icon-list-item-wrap kt-svg-icon-list-item-5513_b6bb86-cd\"><span class=\"kb-svg-icon-wrap kb-svg-icon-fas_circle kt-svg-icon-list-single\"><svg viewBox=\"0 0 512 512\"  fill=\"currentColor\" xmlns=\"http:\/\/www.w3.org\/2000\/svg\" ><path d=\"M256 8C119 8 8 119 8 256s111 248 248 248 248-111 248-248S393 8 256 8z\"\/><\/svg><\/span><span class=\"kt-svg-icon-list-text\"><a href=\"https:\/\/zsp1chojna.pl\/?p=5527\">10.2017 r. Bart\u0142omiej Nadworski z kl. 2 c LO zaj\u0105\u0142 I miejsce w mi\u0119dzynarodowym konkursie na logo projektu \u201eStruggle Against Violent Extremism\u201d \u2013 \u201eZapobieganie agresywnym postawom m\u0142odzie\u017cy\u201d (\u201eSAVE\u201d) realizowanego z programu Erasmus+.  [wi\u0119cej]<\/a><\/span><\/li>\n\n\n<style>.kt-svg-icon-list-item-5513_d38b26-35 .kt-svg-icon-list-single{font-size:6px !important;color:#003b63 !important;}<\/style>\n<li class=\"wp-block-kadence-listitem kt-svg-icon-list-item-wrap kt-svg-icon-list-item-5513_d38b26-35\"><span class=\"kb-svg-icon-wrap kb-svg-icon-fas_circle kt-svg-icon-list-single\"><svg viewBox=\"0 0 512 512\"  fill=\"currentColor\" xmlns=\"http:\/\/www.w3.org\/2000\/svg\" ><path d=\"M256 8C119 8 8 119 8 256s111 248 248 248 248-111 248-248S393 8 256 8z\"\/><\/svg><\/span><span class=\"kt-svg-icon-list-text\"><a href=\"https:\/\/zsp1chojna.pl\/?p=5518\">13.10.2017 r. fina\u0142 etapu szkolnego konkursu na logo projektu \u201eStruggle Against Violent Extremism\u201d \u2013 \u201eZapobieganie agresywnym postawom m\u0142odzie\u017cy\u201d (\u201eSAVE\u201d) w ramach programu Erasmus+. [wi\u0119cej]<\/a><\/span><\/li>\n\n\n<style>.kt-svg-icon-list-item-5513_89cdbf-92 .kt-svg-icon-list-single{font-size:6px !important;color:#003b63 !important;}<\/style>\n<li class=\"wp-block-kadence-listitem kt-svg-icon-list-item-wrap kt-svg-icon-list-item-5513_89cdbf-92\"><span class=\"kb-svg-icon-wrap kb-svg-icon-fas_circle kt-svg-icon-list-single\"><svg viewBox=\"0 0 512 512\"  fill=\"currentColor\" xmlns=\"http:\/\/www.w3.org\/2000\/svg\" ><path d=\"M256 8C119 8 8 119 8 256s111 248 248 248 248-111 248-248S393 8 256 8z\"\/><\/svg><\/span><span class=\"kt-svg-icon-list-text\"><a href=\"https:\/\/zsp1chojna.pl\/wp-content\/uploads\/2023\/09\/canvas.png\">27.09.2017 r. zapraszamy do udzia\u0142u w konkursie na logo projektu \u201eSAVE\u201d.  [wi\u0119cej]<\/a><\/span><\/li>\n\n\n<style>.kt-svg-icon-list-item-5513_ae5263-c7 .kt-svg-icon-list-single{font-size:6px !important;color:#003b63 !important;}<\/style>\n<li class=\"wp-block-kadence-listitem kt-svg-icon-list-item-wrap kt-svg-icon-list-item-5513_ae5263-c7\"><span class=\"kb-svg-icon-wrap kb-svg-icon-fas_circle kt-svg-icon-list-single\"><svg viewBox=\"0 0 512 512\"  fill=\"currentColor\" xmlns=\"http:\/\/www.w3.org\/2000\/svg\" ><path d=\"M256 8C119 8 8 119 8 256s111 248 248 248 248-111 248-248S393 8 256 8z\"\/><\/svg><\/span><span class=\"kt-svg-icon-list-text\"><a href=\"http:\/\/archiwum.zsp1chojna.pl\/grafika\/2017_album_save-skype\/index.html\">19.09.2017 r. pierwsze spotkanie partner\u00f3w projektu SAVE.  [wi\u0119cej]<\/a><\/span><\/li>\n<\/ul><\/div>\n","protected":false},"excerpt":{"rendered":"","protected":false},"author":1,"featured_media":0,"parent":0,"menu_order":0,"comment_status":"closed","ping_status":"closed","template":"","meta":{"footnotes":""},"class_list":["post-5513","page","type-page","status-publish","hentry"],"yoast_head":"<!-- This site is optimized with the Yoast SEO plugin v20.13 - https:\/\/yoast.com\/wordpress\/plugins\/seo\/ -->\n<title>Projekt &quot;Struggle Against Violent Extremism\u201d - ZSP w Chojnie<\/title>\n<meta name=\"robots\" content=\"index, follow, max-snippet:-1, max-image-preview:large, max-video-preview:-1\" \/>\n<link rel=\"canonical\" href=\"https:\/\/zsp1chojna.pl\/?page_id=5513\" \/>\n<meta property=\"og:locale\" content=\"pl_PL\" \/>\n<meta property=\"og:type\" content=\"article\" \/>\n<meta property=\"og:title\" content=\"Projekt &quot;Struggle Against Violent Extremism\u201d - ZSP w Chojnie\" \/>\n<meta property=\"og:url\" content=\"https:\/\/zsp1chojna.pl\/?page_id=5513\" \/>\n<meta property=\"og:site_name\" content=\"ZSP w Chojnie\" \/>\n<meta property=\"article:modified_time\" content=\"2023-09-24T12:36:15+00:00\" \/>\n<meta name=\"twitter:card\" content=\"summary_large_image\" \/>\n<meta name=\"twitter:label1\" content=\"Szacowany czas czytania\" \/>\n\t<meta name=\"twitter:data1\" content=\"2 minuty\" \/>\n<script type=\"application\/ld+json\" class=\"yoast-schema-graph\">{\"@context\":\"https:\/\/schema.org\",\"@graph\":[{\"@type\":\"WebPage\",\"@id\":\"https:\/\/zsp1chojna.pl\/?page_id=5513\",\"url\":\"https:\/\/zsp1chojna.pl\/?page_id=5513\",\"name\":\"Projekt \\\"Struggle Against Violent Extremism\u201d - ZSP w Chojnie\",\"isPartOf\":{\"@id\":\"https:\/\/zsp1chojna.pl\/#website\"},\"datePublished\":\"2023-09-24T11:37:00+00:00\",\"dateModified\":\"2023-09-24T12:36:15+00:00\",\"breadcrumb\":{\"@id\":\"https:\/\/zsp1chojna.pl\/?page_id=5513#breadcrumb\"},\"inLanguage\":\"pl-PL\",\"potentialAction\":[{\"@type\":\"ReadAction\",\"target\":[\"https:\/\/zsp1chojna.pl\/?page_id=5513\"]}]},{\"@type\":\"BreadcrumbList\",\"@id\":\"https:\/\/zsp1chojna.pl\/?page_id=5513#breadcrumb\",\"itemListElement\":[{\"@type\":\"ListItem\",\"position\":1,\"name\":\"Home\",\"item\":\"https:\/\/zsp1chojna.pl\/\"},{\"@type\":\"ListItem\",\"position\":2,\"name\":\"Projekt &#8220;Struggle Against Violent Extremism\u201d\"}]},{\"@type\":\"WebSite\",\"@id\":\"https:\/\/zsp1chojna.pl\/#website\",\"url\":\"https:\/\/zsp1chojna.pl\/\",\"name\":\"ZSP w Chojnie\",\"description\":\"\",\"publisher\":{\"@id\":\"https:\/\/zsp1chojna.pl\/#organization\"},\"potentialAction\":[{\"@type\":\"SearchAction\",\"target\":{\"@type\":\"EntryPoint\",\"urlTemplate\":\"https:\/\/zsp1chojna.pl\/?s={search_term_string}\"},\"query-input\":\"required name=search_term_string\"}],\"inLanguage\":\"pl-PL\"},{\"@type\":\"Organization\",\"@id\":\"https:\/\/zsp1chojna.pl\/#organization\",\"name\":\"ZSP w Chojnie\",\"url\":\"https:\/\/zsp1chojna.pl\/\",\"logo\":{\"@type\":\"ImageObject\",\"inLanguage\":\"pl-PL\",\"@id\":\"https:\/\/zsp1chojna.pl\/#\/schema\/logo\/image\/\",\"url\":\"https:\/\/zsp1chojna.pl\/wp-content\/uploads\/2023\/08\/cropped-cropped-cropped-Logo-biale-napis-na-3-wiersze_504-1.png\",\"contentUrl\":\"https:\/\/zsp1chojna.pl\/wp-content\/uploads\/2023\/08\/cropped-cropped-cropped-Logo-biale-napis-na-3-wiersze_504-1.png\",\"width\":504,\"height\":167,\"caption\":\"ZSP w Chojnie\"},\"image\":{\"@id\":\"https:\/\/zsp1chojna.pl\/#\/schema\/logo\/image\/\"}}]}<\/script>\n<!-- \/ Yoast SEO plugin. -->","yoast_head_json":{"title":"Projekt \"Struggle Against Violent Extremism\u201d - ZSP w Chojnie","robots":{"index":"index","follow":"follow","max-snippet":"max-snippet:-1","max-image-preview":"max-image-preview:large","max-video-preview":"max-video-preview:-1"},"canonical":"https:\/\/zsp1chojna.pl\/?page_id=5513","og_locale":"pl_PL","og_type":"article","og_title":"Projekt \"Struggle Against Violent Extremism\u201d - ZSP w Chojnie","og_url":"https:\/\/zsp1chojna.pl\/?page_id=5513","og_site_name":"ZSP w Chojnie","article_modified_time":"2023-09-24T12:36:15+00:00","twitter_card":"summary_large_image","twitter_misc":{"Szacowany czas czytania":"2 minuty"},"schema":{"@context":"https:\/\/schema.org","@graph":[{"@type":"WebPage","@id":"https:\/\/zsp1chojna.pl\/?page_id=5513","url":"https:\/\/zsp1chojna.pl\/?page_id=5513","name":"Projekt \"Struggle Against Violent Extremism\u201d - ZSP w Chojnie","isPartOf":{"@id":"https:\/\/zsp1chojna.pl\/#website"},"datePublished":"2023-09-24T11:37:00+00:00","dateModified":"2023-09-24T12:36:15+00:00","breadcrumb":{"@id":"https:\/\/zsp1chojna.pl\/?page_id=5513#breadcrumb"},"inLanguage":"pl-PL","potentialAction":[{"@type":"ReadAction","target":["https:\/\/zsp1chojna.pl\/?page_id=5513"]}]},{"@type":"BreadcrumbList","@id":"https:\/\/zsp1chojna.pl\/?page_id=5513#breadcrumb","itemListElement":[{"@type":"ListItem","position":1,"name":"Home","item":"https:\/\/zsp1chojna.pl\/"},{"@type":"ListItem","position":2,"name":"Projekt &#8220;Struggle Against Violent Extremism\u201d"}]},{"@type":"WebSite","@id":"https:\/\/zsp1chojna.pl\/#website","url":"https:\/\/zsp1chojna.pl\/","name":"ZSP w Chojnie","description":"","publisher":{"@id":"https:\/\/zsp1chojna.pl\/#organization"},"potentialAction":[{"@type":"SearchAction","target":{"@type":"EntryPoint","urlTemplate":"https:\/\/zsp1chojna.pl\/?s={search_term_string}"},"query-input":"required name=search_term_string"}],"inLanguage":"pl-PL"},{"@type":"Organization","@id":"https:\/\/zsp1chojna.pl\/#organization","name":"ZSP w Chojnie","url":"https:\/\/zsp1chojna.pl\/","logo":{"@type":"ImageObject","inLanguage":"pl-PL","@id":"https:\/\/zsp1chojna.pl\/#\/schema\/logo\/image\/","url":"https:\/\/zsp1chojna.pl\/wp-content\/uploads\/2023\/08\/cropped-cropped-cropped-Logo-biale-napis-na-3-wiersze_504-1.png","contentUrl":"https:\/\/zsp1chojna.pl\/wp-content\/uploads\/2023\/08\/cropped-cropped-cropped-Logo-biale-napis-na-3-wiersze_504-1.png","width":504,"height":167,"caption":"ZSP w Chojnie"},"image":{"@id":"https:\/\/zsp1chojna.pl\/#\/schema\/logo\/image\/"}}]}},"_links":{"self":[{"href":"https:\/\/zsp1chojna.pl\/index.php?rest_route=\/wp\/v2\/pages\/5513","targetHints":{"allow":["GET"]}}],"collection":[{"href":"https:\/\/zsp1chojna.pl\/index.php?rest_route=\/wp\/v2\/pages"}],"about":[{"href":"https:\/\/zsp1chojna.pl\/index.php?rest_route=\/wp\/v2\/types\/page"}],"author":[{"embeddable":true,"href":"https:\/\/zsp1chojna.pl\/index.php?rest_route=\/wp\/v2\/users\/1"}],"replies":[{"embeddable":true,"href":"https:\/\/zsp1chojna.pl\/index.php?rest_route=%2Fwp%2Fv2%2Fcomments&post=5513"}],"version-history":[{"count":12,"href":"https:\/\/zsp1chojna.pl\/index.php?rest_route=\/wp\/v2\/pages\/5513\/revisions"}],"predecessor-version":[{"id":5587,"href":"https:\/\/zsp1chojna.pl\/index.php?rest_route=\/wp\/v2\/pages\/5513\/revisions\/5587"}],"wp:attachment":[{"href":"https:\/\/zsp1chojna.pl\/index.php?rest_route=%2Fwp%2Fv2%2Fmedia&parent=5513"}],"curies":[{"name":"wp","href":"https:\/\/api.w.org\/{rel}","templated":true}]}}