{"id":5462,"date":"2018-07-23T13:03:00","date_gmt":"2018-07-23T11:03:00","guid":{"rendered":"https:\/\/zsp1chojna.pl\/?page_id=5462"},"modified":"2023-09-24T13:13:19","modified_gmt":"2023-09-24T11:13:19","slug":"projekt-memory-work-democratic-engagement-and-civic-participation-for-the-future-of-europe","status":"publish","type":"page","link":"https:\/\/zsp1chojna.pl\/?page_id=5462","title":{"rendered":"Projekt \u201cMemory work, democratic engagement and civic participation for the future of Europe\u201d."},"content":{"rendered":"\n<p class=\"has-text-align-justify\">Stowarzyszenie Douzelage w\u00a0Chojnie we\u00a0wsp\u00f3\u0142pracy z\u00a0Zespo\u0142em Szk\u00f3\u0142 Ponadgimnazjalnych w\u00a0Chojnie\u00a0wzi\u0119\u0142o udzia\u0142 w\u00a0dniach od\u00a023\u00a0do\u00a027\u00a0lipca 2018\u00a0roku w\u00a0projekcie <em>Memory work, democratic engagement and civic participation for the future of Europe <\/em>z\u00a0programu Europa dla Obywateli. W\u00a0spotkaniu wzi\u0119\u0142o udzia\u0142 12\u00a0miast Douzelage: Altea\/Hiszpania, Bad Kotzting\/Niemcy, Bundoran\/Irlandia, Granville\/Francja, Meerssen\/Holandia, Rovijn\/ Chorwacja, Sherborne\/Anglia, Sigulda\/\u0141otwa, Skofia Loka\/S\u0142owenia, Susice\/Czechy, Chojna\/Polska. Koordynatorem projektu by\u0142o miasto Houffalize w\u00a0Belgii.<\/p>\n\n\n\n<p><\/p>\n\n\n<div class=\"wp-block-image\">\n<figure class=\"aligncenter size-full\"><img loading=\"lazy\" decoding=\"async\" width=\"450\" height=\"338\" data-attachment-id=\"5463\" data-permalink=\"https:\/\/zsp1chojna.pl\/?attachment_id=5463\" data-orig-file=\"https:\/\/zsp1chojna.pl\/wp-content\/uploads\/2023\/09\/belgia-2018-2.jpg\" data-orig-size=\"450,338\" data-comments-opened=\"1\" data-image-meta=\"{&quot;aperture&quot;:&quot;0&quot;,&quot;credit&quot;:&quot;&quot;,&quot;camera&quot;:&quot;&quot;,&quot;caption&quot;:&quot;&quot;,&quot;created_timestamp&quot;:&quot;0&quot;,&quot;copyright&quot;:&quot;&quot;,&quot;focal_length&quot;:&quot;0&quot;,&quot;iso&quot;:&quot;0&quot;,&quot;shutter_speed&quot;:&quot;0&quot;,&quot;title&quot;:&quot;&quot;,&quot;orientation&quot;:&quot;0&quot;}\" data-image-title=\"belgia-2018-2\" data-image-description=\"\" data-image-caption=\"\" data-medium-file=\"https:\/\/zsp1chojna.pl\/wp-content\/uploads\/2023\/09\/belgia-2018-2-300x225.jpg\" data-large-file=\"https:\/\/zsp1chojna.pl\/wp-content\/uploads\/2023\/09\/belgia-2018-2.jpg\" src=\"https:\/\/zsp1chojna.pl\/wp-content\/uploads\/2023\/09\/belgia-2018-2.jpg\" alt=\"\" class=\"wp-image-5463\" srcset=\"https:\/\/zsp1chojna.pl\/wp-content\/uploads\/2023\/09\/belgia-2018-2.jpg 450w, https:\/\/zsp1chojna.pl\/wp-content\/uploads\/2023\/09\/belgia-2018-2-300x225.jpg 300w\" sizes=\"auto, (max-width: 450px) 100vw, 450px\" \/><\/figure>\n<\/div>\n\n\n<p class=\"has-text-align-justify\">W poniedzia\u0142ek 23 lipca 2018 r. odby\u0142o si\u0119 oficjalne powitanie uczestnik\u00f3w projektu przez burmistrza miasta Houffalize, Marca Caprasse`a. Nast\u0119pnie go\u015bcie zostali zapoznani z celami projektu. Spotkanie prowadzili Alphonse Henrard, Franz Cl\u00e9ment oraz Martin Cugnon. Nast\u0119pnie odby\u0142a si\u0119 konferencja pod tytu\u0142em \u201c60 lat Europy \u2013 lekcja o przesz\u0142o\u015bci, perspektywy na przysz\u0142o\u015b\u0107\u201d. Autork\u0105 wyk\u0142adu by\u0142a Elena Danescu. Podczas prezentacji zosta\u0142a przedstawiona historia Unii, jej pod\u0142o\u017ce historyczne oraz kwestia bezpiecze\u0144stwa zewn\u0119trznego i walka z eursceptycyzmem. M\u0142odzie\u017c mia\u0142a szanse zadawa\u0107 pytania i bra\u0107 udzia\u0142 w dyskusji.<\/p>\n\n\n<div class=\"wp-block-image\">\n<figure class=\"aligncenter size-full\"><img loading=\"lazy\" decoding=\"async\" width=\"500\" height=\"281\" data-attachment-id=\"5464\" data-permalink=\"https:\/\/zsp1chojna.pl\/?attachment_id=5464\" data-orig-file=\"https:\/\/zsp1chojna.pl\/wp-content\/uploads\/2023\/09\/belgia-2018-3.jpg\" data-orig-size=\"500,281\" data-comments-opened=\"1\" data-image-meta=\"{&quot;aperture&quot;:&quot;0&quot;,&quot;credit&quot;:&quot;&quot;,&quot;camera&quot;:&quot;&quot;,&quot;caption&quot;:&quot;&quot;,&quot;created_timestamp&quot;:&quot;0&quot;,&quot;copyright&quot;:&quot;&quot;,&quot;focal_length&quot;:&quot;0&quot;,&quot;iso&quot;:&quot;0&quot;,&quot;shutter_speed&quot;:&quot;0&quot;,&quot;title&quot;:&quot;&quot;,&quot;orientation&quot;:&quot;0&quot;}\" data-image-title=\"belgia-2018-3\" data-image-description=\"\" data-image-caption=\"\" data-medium-file=\"https:\/\/zsp1chojna.pl\/wp-content\/uploads\/2023\/09\/belgia-2018-3-300x169.jpg\" data-large-file=\"https:\/\/zsp1chojna.pl\/wp-content\/uploads\/2023\/09\/belgia-2018-3.jpg\" src=\"https:\/\/zsp1chojna.pl\/wp-content\/uploads\/2023\/09\/belgia-2018-3.jpg\" alt=\"\" class=\"wp-image-5464\" srcset=\"https:\/\/zsp1chojna.pl\/wp-content\/uploads\/2023\/09\/belgia-2018-3.jpg 500w, https:\/\/zsp1chojna.pl\/wp-content\/uploads\/2023\/09\/belgia-2018-3-300x169.jpg 300w\" sizes=\"auto, (max-width: 500px) 100vw, 500px\" \/><\/figure>\n<\/div>\n\n\n<p class=\"has-text-align-justify\">O&nbsp;godzinie 16:00&nbsp;wszyscy udali\u015bmy si\u0119 na&nbsp;spacer do&nbsp;centrum Houffalize. Podczas zwiedzania poznali\u015bmy histori\u0119 miasta oraz&nbsp;zwiedzili\u015bmy ciekawe miejsca.<\/p>\n\n\n\n<p class=\"has-text-align-justify\">Drugiego dnia zwiedzali\u015bmy Muzeum II Wojny \u015awiatowej w\u00a0Bastonge. Podczas zwiedzania mieli\u015bmy okazj\u0119 pozna\u0107 jak wygl\u0105da\u0142a wojna z\u00a0punktu widzenia mieszka\u0144c\u00f3w Belgii i\u00a0Stan\u00f3w Zjednoczonych. Pobyt w\u00a0muzeum by\u0142 bardzo pouczaj\u0105cy i\u00a0poruszaj\u0105cy. Liczne eksponaty z\u00a0czas\u00f3w II Wojny \u015awiatowej i\u00a0filmy edukacyjne pomog\u0142y nam zwizualizowa\u0107 koszmar tamtych wydarze\u0144. Nast\u0119pnie udali\u015bmy si\u0119 na\u00a0pobliski Mardasson Memorial. Jest to\u00a0ogromny pomnik, zbudowany w\u00a0kszta\u0142cie gwiazdy pi\u0119cioramiennej, upami\u0119tniaj\u0105cy \u017co\u0142nierzy ameryka\u0144skich poleg\u0142ych w\u00a0bitwie o\u00a0Ardeny.<\/p>\n\n\n\n<div class=\"wp-block-columns is-layout-flex wp-container-core-columns-is-layout-9d6595d7 wp-block-columns-is-layout-flex\">\n<div class=\"wp-block-column is-layout-flow wp-block-column-is-layout-flow\"><div class=\"wp-block-image\">\n<figure class=\"alignright size-full\"><img loading=\"lazy\" decoding=\"async\" width=\"500\" height=\"375\" data-attachment-id=\"5465\" data-permalink=\"https:\/\/zsp1chojna.pl\/?attachment_id=5465\" data-orig-file=\"https:\/\/zsp1chojna.pl\/wp-content\/uploads\/2023\/09\/belgia-2018-4.jpg\" data-orig-size=\"500,375\" data-comments-opened=\"1\" data-image-meta=\"{&quot;aperture&quot;:&quot;0&quot;,&quot;credit&quot;:&quot;&quot;,&quot;camera&quot;:&quot;&quot;,&quot;caption&quot;:&quot;&quot;,&quot;created_timestamp&quot;:&quot;0&quot;,&quot;copyright&quot;:&quot;&quot;,&quot;focal_length&quot;:&quot;0&quot;,&quot;iso&quot;:&quot;0&quot;,&quot;shutter_speed&quot;:&quot;0&quot;,&quot;title&quot;:&quot;&quot;,&quot;orientation&quot;:&quot;0&quot;}\" data-image-title=\"belgia-2018-4\" data-image-description=\"\" data-image-caption=\"\" data-medium-file=\"https:\/\/zsp1chojna.pl\/wp-content\/uploads\/2023\/09\/belgia-2018-4-300x225.jpg\" data-large-file=\"https:\/\/zsp1chojna.pl\/wp-content\/uploads\/2023\/09\/belgia-2018-4.jpg\" src=\"https:\/\/zsp1chojna.pl\/wp-content\/uploads\/2023\/09\/belgia-2018-4.jpg\" alt=\"\" class=\"wp-image-5465\" srcset=\"https:\/\/zsp1chojna.pl\/wp-content\/uploads\/2023\/09\/belgia-2018-4.jpg 500w, https:\/\/zsp1chojna.pl\/wp-content\/uploads\/2023\/09\/belgia-2018-4-300x225.jpg 300w\" sizes=\"auto, (max-width: 500px) 100vw, 500px\" \/><\/figure>\n<\/div><\/div>\n\n\n\n<div class=\"wp-block-column is-layout-flow wp-block-column-is-layout-flow\"><div class=\"wp-block-image\">\n<figure class=\"alignleft size-full\"><img loading=\"lazy\" decoding=\"async\" width=\"500\" height=\"375\" data-attachment-id=\"5467\" data-permalink=\"https:\/\/zsp1chojna.pl\/?attachment_id=5467\" data-orig-file=\"https:\/\/zsp1chojna.pl\/wp-content\/uploads\/2023\/09\/belgia-2018-5.jpg\" data-orig-size=\"500,375\" data-comments-opened=\"1\" data-image-meta=\"{&quot;aperture&quot;:&quot;0&quot;,&quot;credit&quot;:&quot;&quot;,&quot;camera&quot;:&quot;&quot;,&quot;caption&quot;:&quot;&quot;,&quot;created_timestamp&quot;:&quot;0&quot;,&quot;copyright&quot;:&quot;&quot;,&quot;focal_length&quot;:&quot;0&quot;,&quot;iso&quot;:&quot;0&quot;,&quot;shutter_speed&quot;:&quot;0&quot;,&quot;title&quot;:&quot;&quot;,&quot;orientation&quot;:&quot;0&quot;}\" data-image-title=\"belgia-2018-5\" data-image-description=\"\" data-image-caption=\"\" data-medium-file=\"https:\/\/zsp1chojna.pl\/wp-content\/uploads\/2023\/09\/belgia-2018-5-300x225.jpg\" data-large-file=\"https:\/\/zsp1chojna.pl\/wp-content\/uploads\/2023\/09\/belgia-2018-5.jpg\" src=\"https:\/\/zsp1chojna.pl\/wp-content\/uploads\/2023\/09\/belgia-2018-5.jpg\" alt=\"\" class=\"wp-image-5467\" srcset=\"https:\/\/zsp1chojna.pl\/wp-content\/uploads\/2023\/09\/belgia-2018-5.jpg 500w, https:\/\/zsp1chojna.pl\/wp-content\/uploads\/2023\/09\/belgia-2018-5-300x225.jpg 300w\" sizes=\"auto, (max-width: 500px) 100vw, 500px\" \/><\/figure>\n<\/div><\/div>\n<\/div>\n\n\n\n<p class=\"has-text-align-justify\">Nast\u0119pnie brali\u015bmy udzia\u0142 w tzw. \u2018roleplay\u2019, kt\u00f3ry mia\u0142 nam ukaza\u0107 spos\u00f3b s\u0105dzenia przest\u0119pc\u00f3w wojennych po roku \u201945. W role wcielili si\u0119 uczestnicy projektu, a obrady na \u2018Sali s\u0105dowej\u2019 by\u0142y bardzo intensywne.<\/p>\n\n\n<div class=\"wp-block-image\">\n<figure class=\"aligncenter size-full\"><img loading=\"lazy\" decoding=\"async\" width=\"500\" height=\"375\" data-attachment-id=\"5468\" data-permalink=\"https:\/\/zsp1chojna.pl\/?attachment_id=5468\" data-orig-file=\"https:\/\/zsp1chojna.pl\/wp-content\/uploads\/2023\/09\/belgia-2018-6.jpg\" data-orig-size=\"500,375\" data-comments-opened=\"1\" data-image-meta=\"{&quot;aperture&quot;:&quot;0&quot;,&quot;credit&quot;:&quot;&quot;,&quot;camera&quot;:&quot;&quot;,&quot;caption&quot;:&quot;&quot;,&quot;created_timestamp&quot;:&quot;0&quot;,&quot;copyright&quot;:&quot;&quot;,&quot;focal_length&quot;:&quot;0&quot;,&quot;iso&quot;:&quot;0&quot;,&quot;shutter_speed&quot;:&quot;0&quot;,&quot;title&quot;:&quot;&quot;,&quot;orientation&quot;:&quot;0&quot;}\" data-image-title=\"belgia-2018-6\" data-image-description=\"\" data-image-caption=\"\" data-medium-file=\"https:\/\/zsp1chojna.pl\/wp-content\/uploads\/2023\/09\/belgia-2018-6-300x225.jpg\" data-large-file=\"https:\/\/zsp1chojna.pl\/wp-content\/uploads\/2023\/09\/belgia-2018-6.jpg\" src=\"https:\/\/zsp1chojna.pl\/wp-content\/uploads\/2023\/09\/belgia-2018-6.jpg\" alt=\"\" class=\"wp-image-5468\" srcset=\"https:\/\/zsp1chojna.pl\/wp-content\/uploads\/2023\/09\/belgia-2018-6.jpg 500w, https:\/\/zsp1chojna.pl\/wp-content\/uploads\/2023\/09\/belgia-2018-6-300x225.jpg 300w\" sizes=\"auto, (max-width: 500px) 100vw, 500px\" \/><\/figure>\n<\/div>\n\n\n<p class=\"has-text-align-justify\">Podczas drogi powrotnej, zatrzymali\u015bmy si\u0119 na&nbsp;cmentarzu \u017co\u0142nierzy niemieckich. Podsumowaniem dnia by\u0142a projekcja filmu pt.&nbsp;\u2018 The Reader \u2018.<\/p>\n\n\n\n<p class=\"has-text-align-justify\">Dnia 25\u00a0lipca (\u015broda) wyjechali\u015bmy do\u00a0Luksemburga, najbogatszego kraju w\u00a0Europie . Na\u00a0pocz\u0105tku zwiedzili\u015bmy Belval- miasto nauki, ekonomii i\u00a0innowacji. Przewodnik przybli\u017cy\u0142 nam histori\u0119 i\u00a0rozmieszczenie budynk\u00f3w w\u00a0mie\u015bcie, po\u00a0czym zwiedzili\u015bmy m.in.\u00a0Castle House, House of Innovation. Po\u00a0lunchu odby\u0142a si\u0119 konferencja ,,Greater Region Saar-Lor-Lux\u201d. Poruszali\u015bmy tematy dotycz\u0105ce przekraczania granic, pracy w\u00a0s\u0105siednim kraju oraz\u00a0integracji mi\u0119dzy pa\u0144stwami. Mieli\u015bmy tak\u017ce szans\u0119 na\u00a0zadawanie pyta\u0144 specjalistom, Franz\u2019owi Cl\u00e9ment\u2019owi i\u00a0Isahelle on-Piroth. W\u00a0drodze powrotnej, przewodnik Jean-Paul Dondelinger pokaza\u0142 nam ciekawe miejsca na\u00a0granicy trzech pa\u0144stw: Wielkiego Ksi\u0119stwa Luksemburga, Francji i\u00a0Belgii.<\/p>\n\n\n<div class=\"wp-block-image\">\n<figure class=\"aligncenter size-full\"><img loading=\"lazy\" decoding=\"async\" width=\"500\" height=\"375\" data-attachment-id=\"5469\" data-permalink=\"https:\/\/zsp1chojna.pl\/?attachment_id=5469\" data-orig-file=\"https:\/\/zsp1chojna.pl\/wp-content\/uploads\/2023\/09\/belgia-2018-7-1.jpg\" data-orig-size=\"500,375\" data-comments-opened=\"1\" data-image-meta=\"{&quot;aperture&quot;:&quot;0&quot;,&quot;credit&quot;:&quot;&quot;,&quot;camera&quot;:&quot;&quot;,&quot;caption&quot;:&quot;&quot;,&quot;created_timestamp&quot;:&quot;0&quot;,&quot;copyright&quot;:&quot;&quot;,&quot;focal_length&quot;:&quot;0&quot;,&quot;iso&quot;:&quot;0&quot;,&quot;shutter_speed&quot;:&quot;0&quot;,&quot;title&quot;:&quot;&quot;,&quot;orientation&quot;:&quot;0&quot;}\" data-image-title=\"belgia-2018-7-1\" data-image-description=\"\" data-image-caption=\"\" data-medium-file=\"https:\/\/zsp1chojna.pl\/wp-content\/uploads\/2023\/09\/belgia-2018-7-1-300x225.jpg\" data-large-file=\"https:\/\/zsp1chojna.pl\/wp-content\/uploads\/2023\/09\/belgia-2018-7-1.jpg\" src=\"https:\/\/zsp1chojna.pl\/wp-content\/uploads\/2023\/09\/belgia-2018-7-1.jpg\" alt=\"\" class=\"wp-image-5469\" srcset=\"https:\/\/zsp1chojna.pl\/wp-content\/uploads\/2023\/09\/belgia-2018-7-1.jpg 500w, https:\/\/zsp1chojna.pl\/wp-content\/uploads\/2023\/09\/belgia-2018-7-1-300x225.jpg 300w\" sizes=\"auto, (max-width: 500px) 100vw, 500px\" \/><\/figure>\n<\/div>\n\n<div class=\"wp-block-image\">\n<figure class=\"aligncenter size-full\"><img loading=\"lazy\" decoding=\"async\" width=\"400\" height=\"538\" data-attachment-id=\"5470\" data-permalink=\"https:\/\/zsp1chojna.pl\/?attachment_id=5470\" data-orig-file=\"https:\/\/zsp1chojna.pl\/wp-content\/uploads\/2023\/09\/belgia-2018-8.jpg\" data-orig-size=\"400,538\" data-comments-opened=\"1\" data-image-meta=\"{&quot;aperture&quot;:&quot;0&quot;,&quot;credit&quot;:&quot;&quot;,&quot;camera&quot;:&quot;&quot;,&quot;caption&quot;:&quot;&quot;,&quot;created_timestamp&quot;:&quot;0&quot;,&quot;copyright&quot;:&quot;&quot;,&quot;focal_length&quot;:&quot;0&quot;,&quot;iso&quot;:&quot;0&quot;,&quot;shutter_speed&quot;:&quot;0&quot;,&quot;title&quot;:&quot;&quot;,&quot;orientation&quot;:&quot;0&quot;}\" data-image-title=\"belgia-2018-8\" data-image-description=\"\" data-image-caption=\"\" data-medium-file=\"https:\/\/zsp1chojna.pl\/wp-content\/uploads\/2023\/09\/belgia-2018-8-223x300.jpg\" data-large-file=\"https:\/\/zsp1chojna.pl\/wp-content\/uploads\/2023\/09\/belgia-2018-8.jpg\" src=\"https:\/\/zsp1chojna.pl\/wp-content\/uploads\/2023\/09\/belgia-2018-8.jpg\" alt=\"\" class=\"wp-image-5470\" srcset=\"https:\/\/zsp1chojna.pl\/wp-content\/uploads\/2023\/09\/belgia-2018-8.jpg 400w, https:\/\/zsp1chojna.pl\/wp-content\/uploads\/2023\/09\/belgia-2018-8-223x300.jpg 223w\" sizes=\"auto, (max-width: 400px) 100vw, 400px\" \/><\/figure>\n<\/div>\n\n\n<p class=\"has-text-align-justify\">Czwartego dnia rano udali\u015bmy si\u0119 do sali konferencyjnej na spotkanie z Florence Cassart, kt\u00f3ra przybli\u017cy\u0142a wszystkim uczestnikom projektu dzia\u0142anie \u201cYouth Wiki\u201d, czyli europejskiej encyklopedii internetowej w dziedzinie krajowej polityki m\u0142odzie\u017cowej. Platforma stanowi kompleksow\u0105 baz\u0119 danych dotycz\u0105cych krajowych struktur, polityki dzia\u0142a\u0144 wspieraj\u0105cych m\u0142odzie\u017c. Po prezentacji zosta\u0142a przeprowadzona kr\u00f3tka dyskusja, a uczestnicy mogli podzieli\u0107 si\u0119 swoimi refleksjami. Nast\u0119pnie Jimmy Jamar, przedstawiciel Komisji Europejskiej w Belgii, zaprezentowa\u0142 zgromadzonym cele i spos\u00f3b dzia\u0142ania Europejskiego Korpusu Solidarno\u015bci. P\u00f3\u017aniej Franz Clement i Esther Zana-Nau analizowali wcze\u015bniej sporz\u0105dzone przez nas kwestionariusze dotycz\u0105ce eurosceptyzmu i sposobu poprawy tej sytuacji. Podobnie jak wcze\u015bniej ka\u017cdy m\u00f3g\u0142 podzieli\u0107 si\u0119 swoj\u0105 opini\u0105 oraz zada\u0107 pytania. Po przerwie na lunch wr\u00f3cili\u015bmy na sal\u0119 konferencyjn\u0105, aby uczestniczy\u0107 w prezentacji go\u015bci, m.in. Marie Arena, Yuriko Backers, Eleny Danescu oraz Domenico Rossetti di Valdalbero. Po debacie odby\u0142a si\u0119 praca w grupach. Ka\u017cda grupa mia\u0142a odnie\u015b\u0107 si\u0119 do tematu podanego przez organizator\u00f3w, na przyk\u0142ad dlaczego podr\u00f3\u017cowanie jest wa\u017cne dla rozwijania si\u0119 Europy. Uczestnicy ch\u0119tnie wymieniali si\u0119 swoimi sugestiami oraz pomys\u0142ami.<\/p>\n\n\n\n<div class=\"wp-block-columns is-layout-flex wp-container-core-columns-is-layout-9d6595d7 wp-block-columns-is-layout-flex\">\n<div class=\"wp-block-column is-layout-flow wp-block-column-is-layout-flow\"><div class=\"wp-block-image\">\n<figure class=\"alignright size-full\"><img loading=\"lazy\" decoding=\"async\" width=\"500\" height=\"375\" data-attachment-id=\"5471\" data-permalink=\"https:\/\/zsp1chojna.pl\/?attachment_id=5471\" data-orig-file=\"https:\/\/zsp1chojna.pl\/wp-content\/uploads\/2023\/09\/belgia-2018-9.jpg\" data-orig-size=\"500,375\" data-comments-opened=\"1\" data-image-meta=\"{&quot;aperture&quot;:&quot;1.8&quot;,&quot;credit&quot;:&quot;&quot;,&quot;camera&quot;:&quot;EML-L29&quot;,&quot;caption&quot;:&quot;rhdr&quot;,&quot;created_timestamp&quot;:&quot;1532602851&quot;,&quot;copyright&quot;:&quot;&quot;,&quot;focal_length&quot;:&quot;3.95&quot;,&quot;iso&quot;:&quot;250&quot;,&quot;shutter_speed&quot;:&quot;0.033333&quot;,&quot;title&quot;:&quot;rhdr&quot;,&quot;orientation&quot;:&quot;1&quot;}\" data-image-title=\"rhdr\" data-image-description=\"\" data-image-caption=\"&lt;p&gt;rhdr&lt;\/p&gt;\n\" data-medium-file=\"https:\/\/zsp1chojna.pl\/wp-content\/uploads\/2023\/09\/belgia-2018-9-300x225.jpg\" data-large-file=\"https:\/\/zsp1chojna.pl\/wp-content\/uploads\/2023\/09\/belgia-2018-9.jpg\" src=\"https:\/\/zsp1chojna.pl\/wp-content\/uploads\/2023\/09\/belgia-2018-9.jpg\" alt=\"\" class=\"wp-image-5471\" srcset=\"https:\/\/zsp1chojna.pl\/wp-content\/uploads\/2023\/09\/belgia-2018-9.jpg 500w, https:\/\/zsp1chojna.pl\/wp-content\/uploads\/2023\/09\/belgia-2018-9-300x225.jpg 300w\" sizes=\"auto, (max-width: 500px) 100vw, 500px\" \/><\/figure>\n<\/div><\/div>\n\n\n\n<div class=\"wp-block-column is-layout-flow wp-block-column-is-layout-flow\"><div class=\"wp-block-image\">\n<figure class=\"alignleft size-full\"><img loading=\"lazy\" decoding=\"async\" width=\"500\" height=\"375\" data-attachment-id=\"5472\" data-permalink=\"https:\/\/zsp1chojna.pl\/?attachment_id=5472\" data-orig-file=\"https:\/\/zsp1chojna.pl\/wp-content\/uploads\/2023\/09\/belgia-2018-10.jpg\" data-orig-size=\"500,375\" data-comments-opened=\"1\" data-image-meta=\"{&quot;aperture&quot;:&quot;1.8&quot;,&quot;credit&quot;:&quot;&quot;,&quot;camera&quot;:&quot;EML-L29&quot;,&quot;caption&quot;:&quot;rbt&quot;,&quot;created_timestamp&quot;:&quot;1532624709&quot;,&quot;copyright&quot;:&quot;&quot;,&quot;focal_length&quot;:&quot;3.95&quot;,&quot;iso&quot;:&quot;320&quot;,&quot;shutter_speed&quot;:&quot;0.04&quot;,&quot;title&quot;:&quot;rbt&quot;,&quot;orientation&quot;:&quot;1&quot;}\" data-image-title=\"rbt\" data-image-description=\"\" data-image-caption=\"&lt;p&gt;rbt&lt;\/p&gt;\n\" data-medium-file=\"https:\/\/zsp1chojna.pl\/wp-content\/uploads\/2023\/09\/belgia-2018-10-300x225.jpg\" data-large-file=\"https:\/\/zsp1chojna.pl\/wp-content\/uploads\/2023\/09\/belgia-2018-10.jpg\" src=\"https:\/\/zsp1chojna.pl\/wp-content\/uploads\/2023\/09\/belgia-2018-10.jpg\" alt=\"\" class=\"wp-image-5472\" srcset=\"https:\/\/zsp1chojna.pl\/wp-content\/uploads\/2023\/09\/belgia-2018-10.jpg 500w, https:\/\/zsp1chojna.pl\/wp-content\/uploads\/2023\/09\/belgia-2018-10-300x225.jpg 300w\" sizes=\"auto, (max-width: 500px) 100vw, 500px\" \/><\/figure>\n<\/div><\/div>\n<\/div>\n\n\n\n<p class=\"has-text-align-justify\">W&nbsp;pi\u0105tek odby\u0142o si\u0119 podsumowanie ca\u0142ego tygodnia . Spotkanie prowadzili mi\u0119dzy innymi : M.Cugnon, A.Herrord oraz&nbsp;F. Clement. Prowadz\u0105cy om\u00f3wili sugestie i&nbsp;uchwa\u0142y pisane przez&nbsp;uczestnik\u00f3w do&nbsp;Komisji Europejskiej. Nast\u0119pnie delegacje &nbsp;ka\u017cdego kraju podpisa\u0142y karty spotkania m\u0142odzie\u017cy w&nbsp;Houffalize.<\/p>\n\n\n\n<p class=\"has-text-align-justify\">Kolejnym punktem dnia by\u0142a wycieczka do\u00a0Libramont na\u00a0targi rolnicze i\u00a0le\u015bnicze. Wydarzenie to\u00a0jest najwi\u0119kszym wydarzeniem tego rodzaju na\u00a0\u015bwie\u017cym powietrzu w\u00a0Europie. Mieli\u015bmy okazj\u0119 zobaczy\u0107 najnowocze\u015bniejsze sprz\u0119ty rolnicze oraz\u00a0pos\u0142ucha\u0107 rad profesjonalist\u00f3w.<\/p>\n\n\n<div class=\"wp-block-image\">\n<figure class=\"aligncenter size-full\"><img loading=\"lazy\" decoding=\"async\" width=\"500\" height=\"419\" data-attachment-id=\"5473\" data-permalink=\"https:\/\/zsp1chojna.pl\/?attachment_id=5473\" data-orig-file=\"https:\/\/zsp1chojna.pl\/wp-content\/uploads\/2023\/09\/belgia-2018-1.jpg\" data-orig-size=\"500,419\" data-comments-opened=\"1\" data-image-meta=\"{&quot;aperture&quot;:&quot;2.2&quot;,&quot;credit&quot;:&quot;&quot;,&quot;camera&quot;:&quot;Mi A1&quot;,&quot;caption&quot;:&quot;&quot;,&quot;created_timestamp&quot;:&quot;1532702765&quot;,&quot;copyright&quot;:&quot;&quot;,&quot;focal_length&quot;:&quot;3.83&quot;,&quot;iso&quot;:&quot;125&quot;,&quot;shutter_speed&quot;:&quot;0.002&quot;,&quot;title&quot;:&quot;&quot;,&quot;orientation&quot;:&quot;1&quot;}\" data-image-title=\"belgia-2018-1\" data-image-description=\"\" data-image-caption=\"\" data-medium-file=\"https:\/\/zsp1chojna.pl\/wp-content\/uploads\/2023\/09\/belgia-2018-1-300x251.jpg\" data-large-file=\"https:\/\/zsp1chojna.pl\/wp-content\/uploads\/2023\/09\/belgia-2018-1.jpg\" src=\"https:\/\/zsp1chojna.pl\/wp-content\/uploads\/2023\/09\/belgia-2018-1.jpg\" alt=\"\" class=\"wp-image-5473\" srcset=\"https:\/\/zsp1chojna.pl\/wp-content\/uploads\/2023\/09\/belgia-2018-1.jpg 500w, https:\/\/zsp1chojna.pl\/wp-content\/uploads\/2023\/09\/belgia-2018-1-300x251.jpg 300w\" sizes=\"auto, (max-width: 500px) 100vw, 500px\" \/><\/figure>\n<\/div>\n\n\n<p class=\"has-text-align-justify\">Po&nbsp;przyje\u017adzie czeka\u0142a na&nbsp;nas po\u017cegnalna kolacja, na&nbsp;kt\u00f3rej&nbsp;m\u0142odzie\u017c dzi\u0119kowa\u0142a organizatorom za&nbsp;wspaniale zorganizowany projekt, profesjonalizm i&nbsp;zaanga\u017cowanie oraz&nbsp;\u017cegna\u0142a si\u0119 z&nbsp;nowymi zagranicznymi kolegami i&nbsp;kole\u017cankami.<\/p>\n\n\n\n<p class=\"has-text-align-right\">Uczestnicy projektu<\/p>\n","protected":false},"excerpt":{"rendered":"<p>Stowarzyszenie Douzelage w\u00a0Chojnie we\u00a0wsp\u00f3\u0142pracy z\u00a0Zespo\u0142em Szk\u00f3\u0142 Ponadgimnazjalnych w\u00a0Chojnie\u00a0wzi\u0119\u0142o udzia\u0142 w\u00a0dniach od\u00a023\u00a0do\u00a027\u00a0lipca 2018\u00a0roku w\u00a0projekcie Memory work, democratic engagement and civic participation for the future of Europe z\u00a0programu Europa dla Obywateli. W\u00a0spotkaniu [&hellip;]<\/p>\n","protected":false},"author":1,"featured_media":5473,"parent":0,"menu_order":0,"comment_status":"closed","ping_status":"closed","template":"","meta":{"footnotes":""},"class_list":["post-5462","page","type-page","status-publish","has-post-thumbnail","hentry"],"yoast_head":"<!-- This site is optimized with the Yoast SEO plugin v20.13 - https:\/\/yoast.com\/wordpress\/plugins\/seo\/ -->\n<title>Projekt \u201cMemory work, democratic engagement and civic participation for the future of Europe\u201d. - ZSP w Chojnie<\/title>\n<meta name=\"robots\" content=\"index, follow, max-snippet:-1, max-image-preview:large, max-video-preview:-1\" \/>\n<link rel=\"canonical\" href=\"https:\/\/zsp1chojna.pl\/?page_id=5462\" \/>\n<meta property=\"og:locale\" content=\"pl_PL\" \/>\n<meta property=\"og:type\" content=\"article\" \/>\n<meta property=\"og:title\" content=\"Projekt \u201cMemory work, democratic engagement and civic participation for the future of Europe\u201d. - ZSP w Chojnie\" \/>\n<meta property=\"og:description\" content=\"Stowarzyszenie Douzelage w\u00a0Chojnie we\u00a0wsp\u00f3\u0142pracy z\u00a0Zespo\u0142em Szk\u00f3\u0142 Ponadgimnazjalnych w\u00a0Chojnie\u00a0wzi\u0119\u0142o udzia\u0142 w\u00a0dniach od\u00a023\u00a0do\u00a027\u00a0lipca 2018\u00a0roku w\u00a0projekcie Memory work, democratic engagement and civic participation for the future of Europe z\u00a0programu Europa dla Obywateli. W\u00a0spotkaniu [&hellip;]\" \/>\n<meta property=\"og:url\" content=\"https:\/\/zsp1chojna.pl\/?page_id=5462\" \/>\n<meta property=\"og:site_name\" content=\"ZSP w Chojnie\" \/>\n<meta property=\"article:modified_time\" content=\"2023-09-24T11:13:19+00:00\" \/>\n<meta property=\"og:image\" content=\"https:\/\/zsp1chojna.pl\/wp-content\/uploads\/2023\/09\/belgia-2018-1.jpg\" \/>\n\t<meta property=\"og:image:width\" content=\"500\" \/>\n\t<meta property=\"og:image:height\" content=\"419\" \/>\n\t<meta property=\"og:image:type\" content=\"image\/jpeg\" \/>\n<meta name=\"twitter:card\" content=\"summary_large_image\" \/>\n<meta name=\"twitter:label1\" content=\"Szacowany czas czytania\" \/>\n\t<meta name=\"twitter:data1\" content=\"6 minut\" \/>\n<script type=\"application\/ld+json\" class=\"yoast-schema-graph\">{\"@context\":\"https:\/\/schema.org\",\"@graph\":[{\"@type\":\"WebPage\",\"@id\":\"https:\/\/zsp1chojna.pl\/?page_id=5462\",\"url\":\"https:\/\/zsp1chojna.pl\/?page_id=5462\",\"name\":\"Projekt \u201cMemory work, democratic engagement and civic participation for the future of Europe\u201d. - ZSP w Chojnie\",\"isPartOf\":{\"@id\":\"https:\/\/zsp1chojna.pl\/#website\"},\"datePublished\":\"2018-07-23T11:03:00+00:00\",\"dateModified\":\"2023-09-24T11:13:19+00:00\",\"breadcrumb\":{\"@id\":\"https:\/\/zsp1chojna.pl\/?page_id=5462#breadcrumb\"},\"inLanguage\":\"pl-PL\",\"potentialAction\":[{\"@type\":\"ReadAction\",\"target\":[\"https:\/\/zsp1chojna.pl\/?page_id=5462\"]}]},{\"@type\":\"BreadcrumbList\",\"@id\":\"https:\/\/zsp1chojna.pl\/?page_id=5462#breadcrumb\",\"itemListElement\":[{\"@type\":\"ListItem\",\"position\":1,\"name\":\"Home\",\"item\":\"https:\/\/zsp1chojna.pl\/\"},{\"@type\":\"ListItem\",\"position\":2,\"name\":\"Projekt \u201cMemory work, democratic engagement and civic participation for the future of Europe\u201d.\"}]},{\"@type\":\"WebSite\",\"@id\":\"https:\/\/zsp1chojna.pl\/#website\",\"url\":\"https:\/\/zsp1chojna.pl\/\",\"name\":\"ZSP w Chojnie\",\"description\":\"\",\"publisher\":{\"@id\":\"https:\/\/zsp1chojna.pl\/#organization\"},\"potentialAction\":[{\"@type\":\"SearchAction\",\"target\":{\"@type\":\"EntryPoint\",\"urlTemplate\":\"https:\/\/zsp1chojna.pl\/?s={search_term_string}\"},\"query-input\":\"required name=search_term_string\"}],\"inLanguage\":\"pl-PL\"},{\"@type\":\"Organization\",\"@id\":\"https:\/\/zsp1chojna.pl\/#organization\",\"name\":\"ZSP w Chojnie\",\"url\":\"https:\/\/zsp1chojna.pl\/\",\"logo\":{\"@type\":\"ImageObject\",\"inLanguage\":\"pl-PL\",\"@id\":\"https:\/\/zsp1chojna.pl\/#\/schema\/logo\/image\/\",\"url\":\"https:\/\/zsp1chojna.pl\/wp-content\/uploads\/2023\/08\/cropped-cropped-cropped-Logo-biale-napis-na-3-wiersze_504-1.png\",\"contentUrl\":\"https:\/\/zsp1chojna.pl\/wp-content\/uploads\/2023\/08\/cropped-cropped-cropped-Logo-biale-napis-na-3-wiersze_504-1.png\",\"width\":504,\"height\":167,\"caption\":\"ZSP w Chojnie\"},\"image\":{\"@id\":\"https:\/\/zsp1chojna.pl\/#\/schema\/logo\/image\/\"}}]}<\/script>\n<!-- \/ Yoast SEO plugin. -->","yoast_head_json":{"title":"Projekt \u201cMemory work, democratic engagement and civic participation for the future of Europe\u201d. - ZSP w Chojnie","robots":{"index":"index","follow":"follow","max-snippet":"max-snippet:-1","max-image-preview":"max-image-preview:large","max-video-preview":"max-video-preview:-1"},"canonical":"https:\/\/zsp1chojna.pl\/?page_id=5462","og_locale":"pl_PL","og_type":"article","og_title":"Projekt \u201cMemory work, democratic engagement and civic participation for the future of Europe\u201d. - ZSP w Chojnie","og_description":"Stowarzyszenie Douzelage w\u00a0Chojnie we\u00a0wsp\u00f3\u0142pracy z\u00a0Zespo\u0142em Szk\u00f3\u0142 Ponadgimnazjalnych w\u00a0Chojnie\u00a0wzi\u0119\u0142o udzia\u0142 w\u00a0dniach od\u00a023\u00a0do\u00a027\u00a0lipca 2018\u00a0roku w\u00a0projekcie Memory work, democratic engagement and civic participation for the future of Europe z\u00a0programu Europa dla Obywateli. W\u00a0spotkaniu [&hellip;]","og_url":"https:\/\/zsp1chojna.pl\/?page_id=5462","og_site_name":"ZSP w Chojnie","article_modified_time":"2023-09-24T11:13:19+00:00","og_image":[{"width":500,"height":419,"url":"https:\/\/zsp1chojna.pl\/wp-content\/uploads\/2023\/09\/belgia-2018-1.jpg","type":"image\/jpeg"}],"twitter_card":"summary_large_image","twitter_misc":{"Szacowany czas czytania":"6 minut"},"schema":{"@context":"https:\/\/schema.org","@graph":[{"@type":"WebPage","@id":"https:\/\/zsp1chojna.pl\/?page_id=5462","url":"https:\/\/zsp1chojna.pl\/?page_id=5462","name":"Projekt \u201cMemory work, democratic engagement and civic participation for the future of Europe\u201d. - ZSP w Chojnie","isPartOf":{"@id":"https:\/\/zsp1chojna.pl\/#website"},"datePublished":"2018-07-23T11:03:00+00:00","dateModified":"2023-09-24T11:13:19+00:00","breadcrumb":{"@id":"https:\/\/zsp1chojna.pl\/?page_id=5462#breadcrumb"},"inLanguage":"pl-PL","potentialAction":[{"@type":"ReadAction","target":["https:\/\/zsp1chojna.pl\/?page_id=5462"]}]},{"@type":"BreadcrumbList","@id":"https:\/\/zsp1chojna.pl\/?page_id=5462#breadcrumb","itemListElement":[{"@type":"ListItem","position":1,"name":"Home","item":"https:\/\/zsp1chojna.pl\/"},{"@type":"ListItem","position":2,"name":"Projekt \u201cMemory work, democratic engagement and civic participation for the future of Europe\u201d."}]},{"@type":"WebSite","@id":"https:\/\/zsp1chojna.pl\/#website","url":"https:\/\/zsp1chojna.pl\/","name":"ZSP w Chojnie","description":"","publisher":{"@id":"https:\/\/zsp1chojna.pl\/#organization"},"potentialAction":[{"@type":"SearchAction","target":{"@type":"EntryPoint","urlTemplate":"https:\/\/zsp1chojna.pl\/?s={search_term_string}"},"query-input":"required name=search_term_string"}],"inLanguage":"pl-PL"},{"@type":"Organization","@id":"https:\/\/zsp1chojna.pl\/#organization","name":"ZSP w Chojnie","url":"https:\/\/zsp1chojna.pl\/","logo":{"@type":"ImageObject","inLanguage":"pl-PL","@id":"https:\/\/zsp1chojna.pl\/#\/schema\/logo\/image\/","url":"https:\/\/zsp1chojna.pl\/wp-content\/uploads\/2023\/08\/cropped-cropped-cropped-Logo-biale-napis-na-3-wiersze_504-1.png","contentUrl":"https:\/\/zsp1chojna.pl\/wp-content\/uploads\/2023\/08\/cropped-cropped-cropped-Logo-biale-napis-na-3-wiersze_504-1.png","width":504,"height":167,"caption":"ZSP w Chojnie"},"image":{"@id":"https:\/\/zsp1chojna.pl\/#\/schema\/logo\/image\/"}}]}},"_links":{"self":[{"href":"https:\/\/zsp1chojna.pl\/index.php?rest_route=\/wp\/v2\/pages\/5462","targetHints":{"allow":["GET"]}}],"collection":[{"href":"https:\/\/zsp1chojna.pl\/index.php?rest_route=\/wp\/v2\/pages"}],"about":[{"href":"https:\/\/zsp1chojna.pl\/index.php?rest_route=\/wp\/v2\/types\/page"}],"author":[{"embeddable":true,"href":"https:\/\/zsp1chojna.pl\/index.php?rest_route=\/wp\/v2\/users\/1"}],"replies":[{"embeddable":true,"href":"https:\/\/zsp1chojna.pl\/index.php?rest_route=%2Fwp%2Fv2%2Fcomments&post=5462"}],"version-history":[{"count":2,"href":"https:\/\/zsp1chojna.pl\/index.php?rest_route=\/wp\/v2\/pages\/5462\/revisions"}],"predecessor-version":[{"id":5477,"href":"https:\/\/zsp1chojna.pl\/index.php?rest_route=\/wp\/v2\/pages\/5462\/revisions\/5477"}],"wp:featuredmedia":[{"embeddable":true,"href":"https:\/\/zsp1chojna.pl\/index.php?rest_route=\/wp\/v2\/media\/5473"}],"wp:attachment":[{"href":"https:\/\/zsp1chojna.pl\/index.php?rest_route=%2Fwp%2Fv2%2Fmedia&parent=5462"}],"curies":[{"name":"wp","href":"https:\/\/api.w.org\/{rel}","templated":true}]}}