{"id":5426,"date":"2019-12-02T12:33:00","date_gmt":"2019-12-02T11:33:00","guid":{"rendered":"https:\/\/zsp1chojna.pl\/?page_id=5426"},"modified":"2023-09-24T12:38:59","modified_gmt":"2023-09-24T10:38:59","slug":"kurs-szkoleniowy-w-ramach-programu-erasmustop-skills-that-young-entrepreneurs-needs-w-konyi-w-turcji","status":"publish","type":"page","link":"https:\/\/zsp1chojna.pl\/?page_id=5426","title":{"rendered":"Kurs szkoleniowy w ramach programu Erasmus+\u201eTop skills that young entrepreneurs needs\u201d w Konyi w Turcji"},"content":{"rendered":"\n<p class=\"has-text-align-justify\">Zespo\u0142u Szk\u00f3\u0142 Ponadpodstawowych w Chojnie oraz stowarzyszenie Douzelage byli partnerami kursu szkoleniowego w ramach programu Erasmus+ \u201eTop skills that young entrepreneurs needs\u201d w Konyi (Turcja). W projekcie, trwaj\u0105cym od 2 do 6 grudnia 2019 r., uczestniczy\u0142y r\u00f3wnie\u017c organizacje partnerskie z Turcji, Portugalii, Litwy, S\u0142owacji, S\u0142owenii oraz Bo\u015bnii i Hercegowiny. Wi\u0119kszo\u015b\u0107 zaj\u0119\u0107 prowadzi\u0142 Igor Razbornik pochodz\u0105cy ze S\u0142owenii, a koordynatorem ca\u0142ego projektu \u2013 Emrah Kocak. W ci\u0105gu ca\u0142ego tygodnia poruszali\u015bmy tematy zwi\u0105zane z zak\u0142adaniem i prowadzeniem firmy przez m\u0142odych przedsi\u0119biorc\u00f3w, przezwyci\u0119\u017caniem strachu przed pora\u017ck\u0105 oraz szukali\u015bmy zwi\u0105zku mi\u0119dzy zak\u0142adaniem biznesu a sportem. Dni by\u0142y przeplatane \u0107wiczeniami i kr\u00f3tkimi grami, maj\u0105cymi za zadanie prze\u0142amanie dystansu pomi\u0119dzy uczestnikami. Dzie\u0144 przyjazdu, czyli niedziel\u0119, zako\u0144czyli\u015bmy kolacj\u0105 powitaln\u0105 w lokalnej restauracji.<\/p>\n\n\n<div class=\"wp-block-image\">\n<figure class=\"aligncenter size-full\"><img loading=\"lazy\" decoding=\"async\" width=\"550\" height=\"412\" data-attachment-id=\"5427\" data-permalink=\"https:\/\/zsp1chojna.pl\/?attachment_id=5427\" data-orig-file=\"https:\/\/zsp1chojna.pl\/wp-content\/uploads\/2023\/09\/kurs-Erasmus2019-1.jpg\" data-orig-size=\"550,412\" data-comments-opened=\"1\" data-image-meta=\"{&quot;aperture&quot;:&quot;1.8&quot;,&quot;credit&quot;:&quot;&quot;,&quot;camera&quot;:&quot;iPhone 7&quot;,&quot;caption&quot;:&quot;&quot;,&quot;created_timestamp&quot;:&quot;1575555889&quot;,&quot;copyright&quot;:&quot;&quot;,&quot;focal_length&quot;:&quot;3.99&quot;,&quot;iso&quot;:&quot;20&quot;,&quot;shutter_speed&quot;:&quot;0.00085616438356164&quot;,&quot;title&quot;:&quot;&quot;,&quot;orientation&quot;:&quot;1&quot;}\" data-image-title=\"kurs-Erasmus2019-1\" data-image-description=\"\" data-image-caption=\"\" data-medium-file=\"https:\/\/zsp1chojna.pl\/wp-content\/uploads\/2023\/09\/kurs-Erasmus2019-1-300x225.jpg\" data-large-file=\"https:\/\/zsp1chojna.pl\/wp-content\/uploads\/2023\/09\/kurs-Erasmus2019-1.jpg\" src=\"https:\/\/zsp1chojna.pl\/wp-content\/uploads\/2023\/09\/kurs-Erasmus2019-1.jpg\" alt=\"\" class=\"wp-image-5427\" srcset=\"https:\/\/zsp1chojna.pl\/wp-content\/uploads\/2023\/09\/kurs-Erasmus2019-1.jpg 550w, https:\/\/zsp1chojna.pl\/wp-content\/uploads\/2023\/09\/kurs-Erasmus2019-1-300x225.jpg 300w\" sizes=\"auto, (max-width: 550px) 100vw, 550px\" \/><\/figure>\n<\/div>\n\n\n<p class=\"has-text-align-justify\">Celem pierwszego dnia by\u0142o zapoznanie si\u0119 ze wszystkimi uczestnikami projektu oraz stworzenie i prezentacja plakatu na temat naszych oczekiwa\u0144, obowi\u0105zk\u00f3w oraz rzeczy, kt\u00f3rych si\u0119 obawiamy. Nast\u0119pnie ka\u017cda z grup mia\u0142a za zadanie przedstawienie organizacji, do kt\u00f3rej nale\u017cy. Mogli\u015bmy zobaczy\u0107 informacje na temat tych organizacji: Portugalia \u2013 GeoClube, Litwa \u2013 Unique Projects, S\u0142owenia \u2013 Smart Idea, Turcja \u2013 Unity in Diversity, S\u0142owacja \u2013 Placement. Nasza grupa przedstawi\u0142a prezentacj\u0119 na temat Klubu Europejskiego Douzelage w ZSP w Chojnie.<\/p>\n\n\n<div class=\"wp-block-image\">\n<figure class=\"aligncenter size-full\"><img loading=\"lazy\" decoding=\"async\" width=\"550\" height=\"412\" data-attachment-id=\"5428\" data-permalink=\"https:\/\/zsp1chojna.pl\/?attachment_id=5428\" data-orig-file=\"https:\/\/zsp1chojna.pl\/wp-content\/uploads\/2023\/09\/kurs-Erasmus2019-2.jpg\" data-orig-size=\"550,412\" data-comments-opened=\"1\" data-image-meta=\"{&quot;aperture&quot;:&quot;0&quot;,&quot;credit&quot;:&quot;&quot;,&quot;camera&quot;:&quot;&quot;,&quot;caption&quot;:&quot;&quot;,&quot;created_timestamp&quot;:&quot;0&quot;,&quot;copyright&quot;:&quot;&quot;,&quot;focal_length&quot;:&quot;0&quot;,&quot;iso&quot;:&quot;0&quot;,&quot;shutter_speed&quot;:&quot;0&quot;,&quot;title&quot;:&quot;&quot;,&quot;orientation&quot;:&quot;0&quot;}\" data-image-title=\"kurs-Erasmus2019-2\" data-image-description=\"\" data-image-caption=\"\" data-medium-file=\"https:\/\/zsp1chojna.pl\/wp-content\/uploads\/2023\/09\/kurs-Erasmus2019-2-300x225.jpg\" data-large-file=\"https:\/\/zsp1chojna.pl\/wp-content\/uploads\/2023\/09\/kurs-Erasmus2019-2.jpg\" src=\"https:\/\/zsp1chojna.pl\/wp-content\/uploads\/2023\/09\/kurs-Erasmus2019-2.jpg\" alt=\"\" class=\"wp-image-5428\" srcset=\"https:\/\/zsp1chojna.pl\/wp-content\/uploads\/2023\/09\/kurs-Erasmus2019-2.jpg 550w, https:\/\/zsp1chojna.pl\/wp-content\/uploads\/2023\/09\/kurs-Erasmus2019-2-300x225.jpg 300w\" sizes=\"auto, (max-width: 550px) 100vw, 550px\" \/><\/figure>\n<\/div>\n\n\n<p class=\"has-text-align-justify\">Dzie\u0144 drugi rozpocz\u0105\u0142 si\u0119 od porannych \u0107wicze\u0144, a w zasadzie porannego biegania. Ta aktywno\u015b\u0107 by\u0142a powi\u0105zana z tematem dnia, czyli powi\u0105zaniem pomi\u0119dzy zak\u0142adaniem biznesu a sportem. Temat ten zosta\u0142 szerzej om\u00f3wiony przez grup\u0119 ze S\u0142owenii oraz Bo\u015bni i Hercegowiny. G\u0142\u00f3wn\u0105 jednak atrakcj\u0105 tego dnia by\u0142a gra terenowa w dru\u017cynach mi\u0119dzynarodowych, odbywaj\u0105ca si\u0119 po ulicach Konyi. Wieczorem natomiast odby\u0142 si\u0119 wiecz\u00f3r kulturowy trzech kraj\u00f3w: Litwy, S\u0142owacji oraz Portugalii. Obejrzeli\u015bmy prezentacje multimedialne, zwi\u0105zane z danym krajem i mieli\u015bmy okazj\u0119 spr\u00f3bowa\u0107 charakterystycznych przek\u0105sek.<\/p>\n\n\n<div class=\"wp-block-image\">\n<figure class=\"aligncenter size-full\"><img loading=\"lazy\" decoding=\"async\" width=\"500\" height=\"667\" data-attachment-id=\"5429\" data-permalink=\"https:\/\/zsp1chojna.pl\/?attachment_id=5429\" data-orig-file=\"https:\/\/zsp1chojna.pl\/wp-content\/uploads\/2023\/09\/kurs-Erasmus2019-3.jpg\" data-orig-size=\"500,667\" data-comments-opened=\"1\" data-image-meta=\"{&quot;aperture&quot;:&quot;0&quot;,&quot;credit&quot;:&quot;&quot;,&quot;camera&quot;:&quot;&quot;,&quot;caption&quot;:&quot;&quot;,&quot;created_timestamp&quot;:&quot;1575915331&quot;,&quot;copyright&quot;:&quot;&quot;,&quot;focal_length&quot;:&quot;0&quot;,&quot;iso&quot;:&quot;0&quot;,&quot;shutter_speed&quot;:&quot;0&quot;,&quot;title&quot;:&quot;&quot;,&quot;orientation&quot;:&quot;0&quot;}\" data-image-title=\"kurs-Erasmus2019-3\" data-image-description=\"\" data-image-caption=\"\" data-medium-file=\"https:\/\/zsp1chojna.pl\/wp-content\/uploads\/2023\/09\/kurs-Erasmus2019-3-225x300.jpg\" data-large-file=\"https:\/\/zsp1chojna.pl\/wp-content\/uploads\/2023\/09\/kurs-Erasmus2019-3.jpg\" src=\"https:\/\/zsp1chojna.pl\/wp-content\/uploads\/2023\/09\/kurs-Erasmus2019-3.jpg\" alt=\"\" class=\"wp-image-5429\" srcset=\"https:\/\/zsp1chojna.pl\/wp-content\/uploads\/2023\/09\/kurs-Erasmus2019-3.jpg 500w, https:\/\/zsp1chojna.pl\/wp-content\/uploads\/2023\/09\/kurs-Erasmus2019-3-225x300.jpg 225w\" sizes=\"auto, (max-width: 500px) 100vw, 500px\" \/><\/figure>\n<\/div>\n\n\n<p class=\"has-text-align-justify\">Podczas trzeciego dnia projektu, dowiedzieli\u015bmy si\u0119 jak utworzy\u0107, zaplanowa\u0107 i przygotowa\u0107 dwudziestosekundow\u0105 prezentacj\u0119 o sobie. Kolejno nauczyli\u015bmy si\u0119: jak i sk\u0105d otrzyma\u0107 wsparcie, je\u015bli chodzi o zak\u0142adanie firmy. Naszym g\u0142\u00f3wnym zdaniem dnia by\u0142o nakr\u0119cenie kr\u00f3tkiego spotu reklamowego, promuj\u0105cego wskazany wcze\u015bniej produkt. Po kolacji mieli\u015bmy mo\u017cliwo\u015b\u0107 wzi\u0119cia udzia\u0142u w zawodach siatk\u00f3wki, kt\u00f3ra rozwin\u0119\u0142a nasze umiej\u0119tno\u015bci pracy zespo\u0142owej. By\u0142 to bardzo intensywny, ale owocny dzie\u0144.<\/p>\n\n\n<div class=\"wp-block-image\">\n<figure class=\"aligncenter size-full\"><img loading=\"lazy\" decoding=\"async\" width=\"550\" height=\"412\" data-attachment-id=\"5430\" data-permalink=\"https:\/\/zsp1chojna.pl\/?attachment_id=5430\" data-orig-file=\"https:\/\/zsp1chojna.pl\/wp-content\/uploads\/2023\/09\/kurs-Erasmus2019-4.jpg\" data-orig-size=\"550,412\" data-comments-opened=\"1\" data-image-meta=\"{&quot;aperture&quot;:&quot;0&quot;,&quot;credit&quot;:&quot;&quot;,&quot;camera&quot;:&quot;&quot;,&quot;caption&quot;:&quot;&quot;,&quot;created_timestamp&quot;:&quot;1575915618&quot;,&quot;copyright&quot;:&quot;&quot;,&quot;focal_length&quot;:&quot;0&quot;,&quot;iso&quot;:&quot;0&quot;,&quot;shutter_speed&quot;:&quot;0&quot;,&quot;title&quot;:&quot;&quot;,&quot;orientation&quot;:&quot;1&quot;}\" data-image-title=\"kurs-Erasmus2019-4\" data-image-description=\"\" data-image-caption=\"\" data-medium-file=\"https:\/\/zsp1chojna.pl\/wp-content\/uploads\/2023\/09\/kurs-Erasmus2019-4-300x225.jpg\" data-large-file=\"https:\/\/zsp1chojna.pl\/wp-content\/uploads\/2023\/09\/kurs-Erasmus2019-4.jpg\" src=\"https:\/\/zsp1chojna.pl\/wp-content\/uploads\/2023\/09\/kurs-Erasmus2019-4.jpg\" alt=\"\" class=\"wp-image-5430\" srcset=\"https:\/\/zsp1chojna.pl\/wp-content\/uploads\/2023\/09\/kurs-Erasmus2019-4.jpg 550w, https:\/\/zsp1chojna.pl\/wp-content\/uploads\/2023\/09\/kurs-Erasmus2019-4-300x225.jpg 300w\" sizes=\"auto, (max-width: 550px) 100vw, 550px\" \/><\/figure>\n<\/div>\n\n\n<p class=\"has-text-align-justify\">Kolejny, czwarty ju\u017c dzie\u0144, mia\u0142 na celu pokaza\u0107 uczestnikom, jak w prosty spos\u00f3b mo\u017cna analizowa\u0107 aktywno\u015b\u0107 konkurencyjnych firm na rynku. Za t\u0119 prezentacj\u0119 by\u0142a odpowiedzialna grupa z Polski. Kolejnym celem dnia by\u0142o zdobycie wiedzy w zakresie nabywania i rozwijania umiej\u0119tno\u015bci analitycznych. Zosta\u0142o to przedstawione przez grup\u0119 S\u0142owak\u00f3w. Po po\u0142udniu mieli\u015bmy niesamowit\u0105 okazj\u0119 zwiedzi\u0107 muzeum Mevlany oraz spotka\u0107 si\u0119 z miejscowym m\u0142odym przedsi\u0119biorc\u0105, zajmuj\u0105cym si\u0119 sprzeda\u017c\u0105 r\u0119cznie robionych dywan\u00f3w, plecak\u00f3w i poszewek na poduszki.<\/p>\n\n\n<div class=\"wp-block-image\">\n<figure class=\"aligncenter size-full\"><img loading=\"lazy\" decoding=\"async\" width=\"550\" height=\"413\" data-attachment-id=\"5431\" data-permalink=\"https:\/\/zsp1chojna.pl\/?attachment_id=5431\" data-orig-file=\"https:\/\/zsp1chojna.pl\/wp-content\/uploads\/2023\/09\/kurs-Erasmus2019-5.jpg\" data-orig-size=\"550,413\" data-comments-opened=\"1\" data-image-meta=\"{&quot;aperture&quot;:&quot;0&quot;,&quot;credit&quot;:&quot;&quot;,&quot;camera&quot;:&quot;&quot;,&quot;caption&quot;:&quot;&quot;,&quot;created_timestamp&quot;:&quot;0&quot;,&quot;copyright&quot;:&quot;&quot;,&quot;focal_length&quot;:&quot;0&quot;,&quot;iso&quot;:&quot;0&quot;,&quot;shutter_speed&quot;:&quot;0&quot;,&quot;title&quot;:&quot;&quot;,&quot;orientation&quot;:&quot;0&quot;}\" data-image-title=\"kurs-Erasmus2019-5\" data-image-description=\"\" data-image-caption=\"\" data-medium-file=\"https:\/\/zsp1chojna.pl\/wp-content\/uploads\/2023\/09\/kurs-Erasmus2019-5-300x225.jpg\" data-large-file=\"https:\/\/zsp1chojna.pl\/wp-content\/uploads\/2023\/09\/kurs-Erasmus2019-5.jpg\" src=\"https:\/\/zsp1chojna.pl\/wp-content\/uploads\/2023\/09\/kurs-Erasmus2019-5.jpg\" alt=\"\" class=\"wp-image-5431\" srcset=\"https:\/\/zsp1chojna.pl\/wp-content\/uploads\/2023\/09\/kurs-Erasmus2019-5.jpg 550w, https:\/\/zsp1chojna.pl\/wp-content\/uploads\/2023\/09\/kurs-Erasmus2019-5-300x225.jpg 300w\" sizes=\"auto, (max-width: 550px) 100vw, 550px\" \/><\/figure>\n<\/div>\n\n<div class=\"wp-block-image\">\n<figure class=\"aligncenter size-full\"><img loading=\"lazy\" decoding=\"async\" width=\"550\" height=\"412\" data-attachment-id=\"5432\" data-permalink=\"https:\/\/zsp1chojna.pl\/?attachment_id=5432\" data-orig-file=\"https:\/\/zsp1chojna.pl\/wp-content\/uploads\/2023\/09\/kurs-Erasmus2019-6.jpg\" data-orig-size=\"550,412\" data-comments-opened=\"1\" data-image-meta=\"{&quot;aperture&quot;:&quot;0&quot;,&quot;credit&quot;:&quot;&quot;,&quot;camera&quot;:&quot;&quot;,&quot;caption&quot;:&quot;&quot;,&quot;created_timestamp&quot;:&quot;1575911284&quot;,&quot;copyright&quot;:&quot;&quot;,&quot;focal_length&quot;:&quot;0&quot;,&quot;iso&quot;:&quot;0&quot;,&quot;shutter_speed&quot;:&quot;0&quot;,&quot;title&quot;:&quot;&quot;,&quot;orientation&quot;:&quot;0&quot;}\" data-image-title=\"kurs-Erasmus2019-6\" data-image-description=\"\" data-image-caption=\"\" data-medium-file=\"https:\/\/zsp1chojna.pl\/wp-content\/uploads\/2023\/09\/kurs-Erasmus2019-6-300x225.jpg\" data-large-file=\"https:\/\/zsp1chojna.pl\/wp-content\/uploads\/2023\/09\/kurs-Erasmus2019-6.jpg\" src=\"https:\/\/zsp1chojna.pl\/wp-content\/uploads\/2023\/09\/kurs-Erasmus2019-6.jpg\" alt=\"\" class=\"wp-image-5432\" srcset=\"https:\/\/zsp1chojna.pl\/wp-content\/uploads\/2023\/09\/kurs-Erasmus2019-6.jpg 550w, https:\/\/zsp1chojna.pl\/wp-content\/uploads\/2023\/09\/kurs-Erasmus2019-6-300x225.jpg 300w\" sizes=\"auto, (max-width: 550px) 100vw, 550px\" \/><\/figure>\n<\/div>\n\n\n<p class=\"has-text-align-justify\">Ostatni dzie\u0144 projektu sp\u0119dzili\u015bmy na&nbsp;podsumowaniu tego, czego si\u0119 nauczyli\u015bmy oraz&nbsp; umiej\u0119tno\u015bci, kt\u00f3re zdobyli\u015bmy. Swoje przemy\u015blenia na&nbsp;ten temat zawarli\u015bmy na&nbsp; plakatach, kt\u00f3re p\u00f3\u017aniej om\u00f3wili\u015bmy i&nbsp;przedstawili\u015bmy w&nbsp;grupach narodowych. Ostatnim punktem programu by\u0142o rozdanie wszystkim uczestnikom certyfikat\u00f3w YouthPass. Popo\u0142udnie natomiast by\u0142o wolne i&nbsp;uczestnicy mogli wykorzysta\u0107 je w&nbsp;dowolny spos\u00f3b, na&nbsp; przyk\u0142ad na&nbsp;zakup pami\u0105tek i&nbsp;zwiedzanie miasta.<\/p>\n\n\n\n<p class=\"has-text-align-right\">Uczestnicy kursu szkoleniowego:<\/p>\n\n\n\n<p class=\"has-text-align-right\">Natalia Bylewska, kl. 3&nbsp;bd LO<\/p>\n\n\n\n<p class=\"has-text-align-right\">Kamila Pisanko, kl. 3&nbsp;bd LO<\/p>\n\n\n\n<p class=\"has-text-align-right\">Mi\u0142osz Parczewski, kl. 3&nbsp;bd LO<\/p>\n\n\n\n<p class=\"has-text-align-right\">\u0141ukasz Zienkiewicz, 3ac LO<\/p>\n","protected":false},"excerpt":{"rendered":"<p>Zespo\u0142u Szk\u00f3\u0142 Ponadpodstawowych w Chojnie oraz stowarzyszenie Douzelage byli partnerami kursu szkoleniowego w ramach programu Erasmus+ \u201eTop skills that young entrepreneurs needs\u201d w Konyi (Turcja). W projekcie, trwaj\u0105cym od 2 [&hellip;]<\/p>\n","protected":false},"author":1,"featured_media":0,"parent":0,"menu_order":0,"comment_status":"closed","ping_status":"closed","template":"","meta":{"footnotes":""},"class_list":["post-5426","page","type-page","status-publish","hentry"],"yoast_head":"<!-- This site is optimized with the Yoast SEO plugin v20.13 - https:\/\/yoast.com\/wordpress\/plugins\/seo\/ -->\n<title>Kurs szkoleniowy w ramach programu Erasmus+\u201eTop skills that young entrepreneurs needs\u201d w Konyi w Turcji - ZSP w Chojnie<\/title>\n<meta name=\"robots\" content=\"index, follow, max-snippet:-1, max-image-preview:large, max-video-preview:-1\" \/>\n<link rel=\"canonical\" href=\"https:\/\/zsp1chojna.pl\/?page_id=5426\" \/>\n<meta property=\"og:locale\" content=\"pl_PL\" \/>\n<meta property=\"og:type\" content=\"article\" \/>\n<meta property=\"og:title\" content=\"Kurs szkoleniowy w ramach programu Erasmus+\u201eTop skills that young entrepreneurs needs\u201d w Konyi w Turcji - ZSP w Chojnie\" \/>\n<meta property=\"og:description\" content=\"Zespo\u0142u Szk\u00f3\u0142 Ponadpodstawowych w Chojnie oraz stowarzyszenie Douzelage byli partnerami kursu szkoleniowego w ramach programu Erasmus+ \u201eTop skills that young entrepreneurs needs\u201d w Konyi (Turcja). W projekcie, trwaj\u0105cym od 2 [&hellip;]\" \/>\n<meta property=\"og:url\" content=\"https:\/\/zsp1chojna.pl\/?page_id=5426\" \/>\n<meta property=\"og:site_name\" content=\"ZSP w Chojnie\" \/>\n<meta property=\"article:modified_time\" content=\"2023-09-24T10:38:59+00:00\" \/>\n<meta property=\"og:image\" content=\"https:\/\/zsp1chojna.pl\/wp-content\/uploads\/2023\/09\/kurs-Erasmus2019-1.jpg\" \/>\n<meta name=\"twitter:card\" content=\"summary_large_image\" \/>\n<meta name=\"twitter:label1\" content=\"Szacowany czas czytania\" \/>\n\t<meta name=\"twitter:data1\" content=\"5 minut\" \/>\n<script type=\"application\/ld+json\" class=\"yoast-schema-graph\">{\"@context\":\"https:\/\/schema.org\",\"@graph\":[{\"@type\":\"WebPage\",\"@id\":\"https:\/\/zsp1chojna.pl\/?page_id=5426\",\"url\":\"https:\/\/zsp1chojna.pl\/?page_id=5426\",\"name\":\"Kurs szkoleniowy w ramach programu Erasmus+\u201eTop skills that young entrepreneurs needs\u201d w Konyi w Turcji - ZSP w Chojnie\",\"isPartOf\":{\"@id\":\"https:\/\/zsp1chojna.pl\/#website\"},\"datePublished\":\"2019-12-02T11:33:00+00:00\",\"dateModified\":\"2023-09-24T10:38:59+00:00\",\"breadcrumb\":{\"@id\":\"https:\/\/zsp1chojna.pl\/?page_id=5426#breadcrumb\"},\"inLanguage\":\"pl-PL\",\"potentialAction\":[{\"@type\":\"ReadAction\",\"target\":[\"https:\/\/zsp1chojna.pl\/?page_id=5426\"]}]},{\"@type\":\"BreadcrumbList\",\"@id\":\"https:\/\/zsp1chojna.pl\/?page_id=5426#breadcrumb\",\"itemListElement\":[{\"@type\":\"ListItem\",\"position\":1,\"name\":\"Home\",\"item\":\"https:\/\/zsp1chojna.pl\/\"},{\"@type\":\"ListItem\",\"position\":2,\"name\":\"Kurs szkoleniowy w&nbsp;ramach programu Erasmus+\u201eTop skills that young entrepreneurs needs\u201d w&nbsp;Konyi w&nbsp;Turcji\"}]},{\"@type\":\"WebSite\",\"@id\":\"https:\/\/zsp1chojna.pl\/#website\",\"url\":\"https:\/\/zsp1chojna.pl\/\",\"name\":\"ZSP w Chojnie\",\"description\":\"\",\"publisher\":{\"@id\":\"https:\/\/zsp1chojna.pl\/#organization\"},\"potentialAction\":[{\"@type\":\"SearchAction\",\"target\":{\"@type\":\"EntryPoint\",\"urlTemplate\":\"https:\/\/zsp1chojna.pl\/?s={search_term_string}\"},\"query-input\":\"required name=search_term_string\"}],\"inLanguage\":\"pl-PL\"},{\"@type\":\"Organization\",\"@id\":\"https:\/\/zsp1chojna.pl\/#organization\",\"name\":\"ZSP w Chojnie\",\"url\":\"https:\/\/zsp1chojna.pl\/\",\"logo\":{\"@type\":\"ImageObject\",\"inLanguage\":\"pl-PL\",\"@id\":\"https:\/\/zsp1chojna.pl\/#\/schema\/logo\/image\/\",\"url\":\"https:\/\/zsp1chojna.pl\/wp-content\/uploads\/2023\/08\/cropped-cropped-cropped-Logo-biale-napis-na-3-wiersze_504-1.png\",\"contentUrl\":\"https:\/\/zsp1chojna.pl\/wp-content\/uploads\/2023\/08\/cropped-cropped-cropped-Logo-biale-napis-na-3-wiersze_504-1.png\",\"width\":504,\"height\":167,\"caption\":\"ZSP w Chojnie\"},\"image\":{\"@id\":\"https:\/\/zsp1chojna.pl\/#\/schema\/logo\/image\/\"}}]}<\/script>\n<!-- \/ Yoast SEO plugin. -->","yoast_head_json":{"title":"Kurs szkoleniowy w ramach programu Erasmus+\u201eTop skills that young entrepreneurs needs\u201d w Konyi w Turcji - ZSP w Chojnie","robots":{"index":"index","follow":"follow","max-snippet":"max-snippet:-1","max-image-preview":"max-image-preview:large","max-video-preview":"max-video-preview:-1"},"canonical":"https:\/\/zsp1chojna.pl\/?page_id=5426","og_locale":"pl_PL","og_type":"article","og_title":"Kurs szkoleniowy w ramach programu Erasmus+\u201eTop skills that young entrepreneurs needs\u201d w Konyi w Turcji - ZSP w Chojnie","og_description":"Zespo\u0142u Szk\u00f3\u0142 Ponadpodstawowych w Chojnie oraz stowarzyszenie Douzelage byli partnerami kursu szkoleniowego w ramach programu Erasmus+ \u201eTop skills that young entrepreneurs needs\u201d w Konyi (Turcja). W projekcie, trwaj\u0105cym od 2 [&hellip;]","og_url":"https:\/\/zsp1chojna.pl\/?page_id=5426","og_site_name":"ZSP w Chojnie","article_modified_time":"2023-09-24T10:38:59+00:00","og_image":[{"url":"https:\/\/zsp1chojna.pl\/wp-content\/uploads\/2023\/09\/kurs-Erasmus2019-1.jpg"}],"twitter_card":"summary_large_image","twitter_misc":{"Szacowany czas czytania":"5 minut"},"schema":{"@context":"https:\/\/schema.org","@graph":[{"@type":"WebPage","@id":"https:\/\/zsp1chojna.pl\/?page_id=5426","url":"https:\/\/zsp1chojna.pl\/?page_id=5426","name":"Kurs szkoleniowy w ramach programu Erasmus+\u201eTop skills that young entrepreneurs needs\u201d w Konyi w Turcji - ZSP w Chojnie","isPartOf":{"@id":"https:\/\/zsp1chojna.pl\/#website"},"datePublished":"2019-12-02T11:33:00+00:00","dateModified":"2023-09-24T10:38:59+00:00","breadcrumb":{"@id":"https:\/\/zsp1chojna.pl\/?page_id=5426#breadcrumb"},"inLanguage":"pl-PL","potentialAction":[{"@type":"ReadAction","target":["https:\/\/zsp1chojna.pl\/?page_id=5426"]}]},{"@type":"BreadcrumbList","@id":"https:\/\/zsp1chojna.pl\/?page_id=5426#breadcrumb","itemListElement":[{"@type":"ListItem","position":1,"name":"Home","item":"https:\/\/zsp1chojna.pl\/"},{"@type":"ListItem","position":2,"name":"Kurs szkoleniowy w&nbsp;ramach programu Erasmus+\u201eTop skills that young entrepreneurs needs\u201d w&nbsp;Konyi w&nbsp;Turcji"}]},{"@type":"WebSite","@id":"https:\/\/zsp1chojna.pl\/#website","url":"https:\/\/zsp1chojna.pl\/","name":"ZSP w Chojnie","description":"","publisher":{"@id":"https:\/\/zsp1chojna.pl\/#organization"},"potentialAction":[{"@type":"SearchAction","target":{"@type":"EntryPoint","urlTemplate":"https:\/\/zsp1chojna.pl\/?s={search_term_string}"},"query-input":"required name=search_term_string"}],"inLanguage":"pl-PL"},{"@type":"Organization","@id":"https:\/\/zsp1chojna.pl\/#organization","name":"ZSP w Chojnie","url":"https:\/\/zsp1chojna.pl\/","logo":{"@type":"ImageObject","inLanguage":"pl-PL","@id":"https:\/\/zsp1chojna.pl\/#\/schema\/logo\/image\/","url":"https:\/\/zsp1chojna.pl\/wp-content\/uploads\/2023\/08\/cropped-cropped-cropped-Logo-biale-napis-na-3-wiersze_504-1.png","contentUrl":"https:\/\/zsp1chojna.pl\/wp-content\/uploads\/2023\/08\/cropped-cropped-cropped-Logo-biale-napis-na-3-wiersze_504-1.png","width":504,"height":167,"caption":"ZSP w Chojnie"},"image":{"@id":"https:\/\/zsp1chojna.pl\/#\/schema\/logo\/image\/"}}]}},"_links":{"self":[{"href":"https:\/\/zsp1chojna.pl\/index.php?rest_route=\/wp\/v2\/pages\/5426","targetHints":{"allow":["GET"]}}],"collection":[{"href":"https:\/\/zsp1chojna.pl\/index.php?rest_route=\/wp\/v2\/pages"}],"about":[{"href":"https:\/\/zsp1chojna.pl\/index.php?rest_route=\/wp\/v2\/types\/page"}],"author":[{"embeddable":true,"href":"https:\/\/zsp1chojna.pl\/index.php?rest_route=\/wp\/v2\/users\/1"}],"replies":[{"embeddable":true,"href":"https:\/\/zsp1chojna.pl\/index.php?rest_route=%2Fwp%2Fv2%2Fcomments&post=5426"}],"version-history":[{"count":1,"href":"https:\/\/zsp1chojna.pl\/index.php?rest_route=\/wp\/v2\/pages\/5426\/revisions"}],"predecessor-version":[{"id":5433,"href":"https:\/\/zsp1chojna.pl\/index.php?rest_route=\/wp\/v2\/pages\/5426\/revisions\/5433"}],"wp:attachment":[{"href":"https:\/\/zsp1chojna.pl\/index.php?rest_route=%2Fwp%2Fv2%2Fmedia&parent=5426"}],"curies":[{"name":"wp","href":"https:\/\/api.w.org\/{rel}","templated":true}]}}