{"id":5050,"date":"2023-09-13T21:49:28","date_gmt":"2023-09-13T19:49:28","guid":{"rendered":"https:\/\/zsp1chojna.pl\/?page_id=5050"},"modified":"2023-09-13T21:54:26","modified_gmt":"2023-09-13T19:54:26","slug":"50-lecie-zespolu-szkol-zawodowych-im-ppor-ryszarda-kuleszy-w-chojnie","status":"publish","type":"page","link":"https:\/\/zsp1chojna.pl\/?page_id=5050","title":{"rendered":"50-lecie Zespo\u0142u Szk\u00f3\u0142 Zawodowych im. ppor. Ryszarda Kuleszy w\u00a0Chojnie"},"content":{"rendered":"\n<p class=\"has-text-align-justify\">Tegoroczne obchody Dnia Edukacji Narodowej przebiega\u0142y w\u00a0spos\u00f3b wyj\u0105tkowy. Po\u0142\u0105czone by\u0142y z\u00a0jubileuszem <strong>50-lecia Zespo\u0142u Szk\u00f3\u0142 Zawodowych im.\u00a0ppor. Ryszarda Kuleszy w\u00a0Chojnie<\/strong>. Obchody obu \u015bwi\u0105t rozpocz\u0119li\u015bmy o\u00a0godz.\u00a08:30\u00a0Msz\u0105 \u015awi\u0119t\u0105 w\u00a0Ko\u015bciele Mariackim, w\u00a0koncelebrowaniu kt\u00f3rej\u00a0wzi\u0119li udzia\u0142 m. in. ksi\u0119\u017ca nauczaj\u0105cy religii w\u00a0szkole \u2013 jubilatce. Ksi\u0105dz pra\u0142at, Antoni Chodakowski w\u00a0kazaniu zawar\u0142 \u017cyczenia skierowane zar\u00f3wno do\u00a0nauczycieli, jak i\u00a0do\u00a0uczni\u00f3w oraz\u00a0absolwent\u00f3w Technikum Budowlanego\u00a0\u00a0i Zasadniczej Szko\u0142y Zawodowej im.\u00a0ppor. Ryszarda Kuleszy.<\/p>\n\n\n<div class=\"wp-block-image\">\n<figure class=\"aligncenter size-full\"><img loading=\"lazy\" decoding=\"async\" width=\"588\" height=\"398\" data-attachment-id=\"5055\" data-permalink=\"https:\/\/zsp1chojna.pl\/?attachment_id=5055\" data-orig-file=\"https:\/\/zsp1chojna.pl\/wp-content\/uploads\/2023\/09\/50_lecie_clip_image002-1.jpg\" data-orig-size=\"588,398\" data-comments-opened=\"1\" data-image-meta=\"{&quot;aperture&quot;:&quot;0&quot;,&quot;credit&quot;:&quot;&quot;,&quot;camera&quot;:&quot;&quot;,&quot;caption&quot;:&quot;&quot;,&quot;created_timestamp&quot;:&quot;0&quot;,&quot;copyright&quot;:&quot;&quot;,&quot;focal_length&quot;:&quot;0&quot;,&quot;iso&quot;:&quot;0&quot;,&quot;shutter_speed&quot;:&quot;0&quot;,&quot;title&quot;:&quot;&quot;,&quot;orientation&quot;:&quot;0&quot;}\" data-image-title=\"50_lecie_clip_image002-1\" data-image-description=\"\" data-image-caption=\"\" data-medium-file=\"https:\/\/zsp1chojna.pl\/wp-content\/uploads\/2023\/09\/50_lecie_clip_image002-1-300x203.jpg\" data-large-file=\"https:\/\/zsp1chojna.pl\/wp-content\/uploads\/2023\/09\/50_lecie_clip_image002-1.jpg\" src=\"https:\/\/zsp1chojna.pl\/wp-content\/uploads\/2023\/09\/50_lecie_clip_image002-1.jpg\" alt=\"\" class=\"wp-image-5055\" srcset=\"https:\/\/zsp1chojna.pl\/wp-content\/uploads\/2023\/09\/50_lecie_clip_image002-1.jpg 588w, https:\/\/zsp1chojna.pl\/wp-content\/uploads\/2023\/09\/50_lecie_clip_image002-1-300x203.jpg 300w, https:\/\/zsp1chojna.pl\/wp-content\/uploads\/2023\/09\/50_lecie_clip_image002-1-84x56.jpg 84w\" sizes=\"auto, (max-width: 588px) 100vw, 588px\" \/><\/figure>\n<\/div>\n\n\n<p class=\"has-text-align-justify\">O godz. 10:00 w sali gimnastycznej w budynku Zespo\u0142u Szk\u00f3\u0142 Ponadgimnazjalnych w Chojnie przy ul. Dworcowej 3 rozpocz\u0119\u0142a si\u0119 akademia. Prowadz\u0105cy akademi\u0119, Miko\u0142aj Gajowski i Justyna Stryczek przywitali licznie przyby\u0142ych na uroczysto\u015b\u0107 go\u015bci. Swoj\u0105 obecno\u015bci\u0105 zaszczycili nas; Starosta Powiatu Gryfi\u0144skiego \u2013 pan Wojciech Konarski, ksi\u0105dz Pra\u0142at \u2013 Antoni Chodakowski, ksi\u0105dz Proboszcz \u2013 Mariusz Matuszak, w-ce Starosta Powiatu Gryfi\u0144skiego \u2013 pan Jerzy Miler, w-ce Burmistrz Gminy Chojna \u2013 pan Wojciech D\u0142ugoborski, Sekretarz Powiatu Gryfi\u0144skiego \u2013 pani Barbara Rawecka, cz\u0142onek Zarz\u0105du Rady Powiatu \u2013 pan Tomasz Siergiej, radny Powiatu Gryfi\u0144skiego \u2013 pan Pawe\u0142 S\u0142awi\u0144ski, w-ce Dyrektor Zespo\u0142u Szk\u00f3\u0142 Ponadgimnazjalnych Nr 2 w Gryfinie \u2013 pan Maciej Puzik, przewodnicz\u0105ca Rady Rodzic\u00f3w \u2013 pani Justyna Michalska, redaktor Gazety Choje\u0144skiej i by\u0142y nauczyciel Zespo\u0142u Szk\u00f3\u0142 Zawodowych im. ppor. Ryszarda Kuleszy \u2013 pan Tadeusz W\u00f3jcik. Najliczniejsz\u0105 grup\u0119 go\u015bci stanowili absolwenci szko\u0142y \u2013 jubilatki, oraz nauczyciele. Po przywitaniu go\u015bci g\u0142os zabra\u0142a pani dyrektor, Adriana Salamo\u0144czyk. W swoim przem\u00f3wieniu zaznaczy\u0142a cykliczno\u015b\u0107 obchod\u00f3w Dnia Edukacji Narodowej oraz wyj\u0105tkowo\u015b\u0107 obchod\u00f3w okr\u0105g\u0142ego, pi\u0119\u0107dziesi\u0105tego jubileuszu szko\u0142y. Wyrazi\u0142a r\u00f3wnie\u017c wdzi\u0119czno\u015b\u0107 tym, kt\u00f3rzy w swojej pracy zawodowej oddaj\u0105 cz\u0119\u015b\u0107 siebie innym \u2013 nauczycielom i pracownikom szko\u0142y. Wymieni\u0142a liczne osi\u0105gni\u0119cia minionego roku i rozda\u0142a nagrody Dyrektora Szko\u0142y.<\/p>\n\n\n<div class=\"wp-block-image\">\n<figure class=\"aligncenter size-full\"><img loading=\"lazy\" decoding=\"async\" width=\"605\" height=\"404\" data-attachment-id=\"5057\" data-permalink=\"https:\/\/zsp1chojna.pl\/?attachment_id=5057\" data-orig-file=\"https:\/\/zsp1chojna.pl\/wp-content\/uploads\/2023\/09\/50_lecie_clip_image004-1.jpg\" data-orig-size=\"605,404\" data-comments-opened=\"1\" data-image-meta=\"{&quot;aperture&quot;:&quot;0&quot;,&quot;credit&quot;:&quot;&quot;,&quot;camera&quot;:&quot;&quot;,&quot;caption&quot;:&quot;&quot;,&quot;created_timestamp&quot;:&quot;0&quot;,&quot;copyright&quot;:&quot;&quot;,&quot;focal_length&quot;:&quot;0&quot;,&quot;iso&quot;:&quot;0&quot;,&quot;shutter_speed&quot;:&quot;0&quot;,&quot;title&quot;:&quot;&quot;,&quot;orientation&quot;:&quot;0&quot;}\" data-image-title=\"50_lecie_clip_image004-1\" data-image-description=\"\" data-image-caption=\"\" data-medium-file=\"https:\/\/zsp1chojna.pl\/wp-content\/uploads\/2023\/09\/50_lecie_clip_image004-1-300x200.jpg\" data-large-file=\"https:\/\/zsp1chojna.pl\/wp-content\/uploads\/2023\/09\/50_lecie_clip_image004-1.jpg\" src=\"https:\/\/zsp1chojna.pl\/wp-content\/uploads\/2023\/09\/50_lecie_clip_image004-1.jpg\" alt=\"\" class=\"wp-image-5057\" srcset=\"https:\/\/zsp1chojna.pl\/wp-content\/uploads\/2023\/09\/50_lecie_clip_image004-1.jpg 605w, https:\/\/zsp1chojna.pl\/wp-content\/uploads\/2023\/09\/50_lecie_clip_image004-1-300x200.jpg 300w, https:\/\/zsp1chojna.pl\/wp-content\/uploads\/2023\/09\/50_lecie_clip_image004-1-84x56.jpg 84w\" sizes=\"auto, (max-width: 605px) 100vw, 605px\" \/><\/figure>\n<\/div>\n\n\n<p class=\"has-text-align-justify\">Spo\u015br\u00f3d nauczycieli nagrody otrzymali: pani Monika Kowalska, pani Anna Krzemi\u0144ska, pani Edyta Daszkiewicz, pan Bogdan Denys, pani Karolina Kubowicz, pani Alina Rewers, pani Emilia Skrzypa, pani Katarzyna Skotnicka, pani Dorota Szwiec, pan Marek \u0141agiewczyk, ksi\u0105dz Zbigniew Stachnik, pan Janusz Salamo\u0144czyk, pani Ma\u0142gorzata Liman\u00f3wka, ksi\u0105dz Wojciech Kolady\u0144ski.<\/p>\n\n\n<div class=\"wp-block-image\">\n<figure class=\"aligncenter size-full\"><img loading=\"lazy\" decoding=\"async\" width=\"605\" height=\"404\" data-attachment-id=\"5058\" data-permalink=\"https:\/\/zsp1chojna.pl\/?attachment_id=5058\" data-orig-file=\"https:\/\/zsp1chojna.pl\/wp-content\/uploads\/2023\/09\/50_lecie_clip_image006-1.jpg\" data-orig-size=\"605,404\" data-comments-opened=\"1\" data-image-meta=\"{&quot;aperture&quot;:&quot;0&quot;,&quot;credit&quot;:&quot;&quot;,&quot;camera&quot;:&quot;&quot;,&quot;caption&quot;:&quot;&quot;,&quot;created_timestamp&quot;:&quot;0&quot;,&quot;copyright&quot;:&quot;&quot;,&quot;focal_length&quot;:&quot;0&quot;,&quot;iso&quot;:&quot;0&quot;,&quot;shutter_speed&quot;:&quot;0&quot;,&quot;title&quot;:&quot;&quot;,&quot;orientation&quot;:&quot;0&quot;}\" data-image-title=\"50_lecie_clip_image006-1\" data-image-description=\"\" data-image-caption=\"\" data-medium-file=\"https:\/\/zsp1chojna.pl\/wp-content\/uploads\/2023\/09\/50_lecie_clip_image006-1-300x200.jpg\" data-large-file=\"https:\/\/zsp1chojna.pl\/wp-content\/uploads\/2023\/09\/50_lecie_clip_image006-1.jpg\" src=\"https:\/\/zsp1chojna.pl\/wp-content\/uploads\/2023\/09\/50_lecie_clip_image006-1.jpg\" alt=\"\" class=\"wp-image-5058\" srcset=\"https:\/\/zsp1chojna.pl\/wp-content\/uploads\/2023\/09\/50_lecie_clip_image006-1.jpg 605w, https:\/\/zsp1chojna.pl\/wp-content\/uploads\/2023\/09\/50_lecie_clip_image006-1-300x200.jpg 300w, https:\/\/zsp1chojna.pl\/wp-content\/uploads\/2023\/09\/50_lecie_clip_image006-1-84x56.jpg 84w\" sizes=\"auto, (max-width: 605px) 100vw, 605px\" \/><\/figure>\n<\/div>\n\n\n<p class=\"has-text-align-justify\">Spo\u015br\u00f3d pracownik\u00f3w administracji i&nbsp;obs\u0142ugi szko\u0142y wyr\u00f3\u017cnieni zostali: pani Iwona Juzyszyn, pan Jan Mewes, pani El\u017cbieta Go\u0142\u0119biewicz, pani Urszula Biernacka, pani Magda Radomska, pani Hanna Fabisiak, pani Ma\u0142gorzata Chimiak, pani Danuta Downar, pani Iwona \u0141ozi\u0144ska, pan Boles\u0142aw Chwa\u015bci\u0144ski, pan Rafa\u0142 Czubik, pan Piotr Hamka\u0142o, pan Tadeusz Budkiewicz, pani Jolanta Mazurek.<\/p>\n\n\n\n<p class=\"has-text-align-justify\">Po\u00a0wr\u0119czeniu nagr\u00f3d uczennica Emilia Hadrzy\u0144ska w\u00a0bardzo emocjonalnym wyst\u0105pieniu podzi\u0119kowa\u0142a wszystkim nauczycielom za\u00a0trud w\u0142o\u017cony w\u00a0proces nauczania i\u00a0wychowania m\u0142odzie\u017cy oraz\u00a0zaznaczy\u0142a jak ogromn\u0105 rol\u0119 w\u00a0trudnym okresie dojrzewania odgrywaj\u0105 nauczyciele.<\/p>\n\n\n<div class=\"wp-block-image\">\n<figure class=\"aligncenter size-full\"><img loading=\"lazy\" decoding=\"async\" width=\"605\" height=\"404\" data-attachment-id=\"5059\" data-permalink=\"https:\/\/zsp1chojna.pl\/?attachment_id=5059\" data-orig-file=\"https:\/\/zsp1chojna.pl\/wp-content\/uploads\/2023\/09\/50_lecie_clip_image008-1.jpg\" data-orig-size=\"605,404\" data-comments-opened=\"1\" data-image-meta=\"{&quot;aperture&quot;:&quot;0&quot;,&quot;credit&quot;:&quot;&quot;,&quot;camera&quot;:&quot;&quot;,&quot;caption&quot;:&quot;&quot;,&quot;created_timestamp&quot;:&quot;0&quot;,&quot;copyright&quot;:&quot;&quot;,&quot;focal_length&quot;:&quot;0&quot;,&quot;iso&quot;:&quot;0&quot;,&quot;shutter_speed&quot;:&quot;0&quot;,&quot;title&quot;:&quot;&quot;,&quot;orientation&quot;:&quot;0&quot;}\" data-image-title=\"50_lecie_clip_image008-1\" data-image-description=\"\" data-image-caption=\"\" data-medium-file=\"https:\/\/zsp1chojna.pl\/wp-content\/uploads\/2023\/09\/50_lecie_clip_image008-1-300x200.jpg\" data-large-file=\"https:\/\/zsp1chojna.pl\/wp-content\/uploads\/2023\/09\/50_lecie_clip_image008-1.jpg\" src=\"https:\/\/zsp1chojna.pl\/wp-content\/uploads\/2023\/09\/50_lecie_clip_image008-1.jpg\" alt=\"\" class=\"wp-image-5059\" srcset=\"https:\/\/zsp1chojna.pl\/wp-content\/uploads\/2023\/09\/50_lecie_clip_image008-1.jpg 605w, https:\/\/zsp1chojna.pl\/wp-content\/uploads\/2023\/09\/50_lecie_clip_image008-1-300x200.jpg 300w, https:\/\/zsp1chojna.pl\/wp-content\/uploads\/2023\/09\/50_lecie_clip_image008-1-84x56.jpg 84w\" sizes=\"auto, (max-width: 605px) 100vw, 605px\" \/><\/figure>\n<\/div>\n\n\n<p class=\"has-text-align-justify\">Po\u00a0tym uczniowie z\u00a0Samorz\u0105du Uczniowskiego wr\u0119czyli kwiaty dyrekcji  szko\u0142y. Kolejnym punktem uroczysto\u015bci by\u0142o \u015blubowanie klas pierwszych.  Ceremonia\u0142 poprowadzi\u0142 pan Krzysztof Po\u015bniak. Na\u00a0tym zako\u0144czy\u0142a si\u0119  oficjalna cz\u0119\u015b\u0107 obchod\u00f3w Dnia Edukacji Narodowej.<\/p>\n\n\n<div class=\"wp-block-image\">\n<figure class=\"aligncenter size-full\"><img loading=\"lazy\" decoding=\"async\" width=\"605\" height=\"401\" data-attachment-id=\"5060\" data-permalink=\"https:\/\/zsp1chojna.pl\/?attachment_id=5060\" data-orig-file=\"https:\/\/zsp1chojna.pl\/wp-content\/uploads\/2023\/09\/50_lecie_clip_image010-1.jpg\" data-orig-size=\"605,401\" data-comments-opened=\"1\" data-image-meta=\"{&quot;aperture&quot;:&quot;0&quot;,&quot;credit&quot;:&quot;&quot;,&quot;camera&quot;:&quot;&quot;,&quot;caption&quot;:&quot;&quot;,&quot;created_timestamp&quot;:&quot;0&quot;,&quot;copyright&quot;:&quot;&quot;,&quot;focal_length&quot;:&quot;0&quot;,&quot;iso&quot;:&quot;0&quot;,&quot;shutter_speed&quot;:&quot;0&quot;,&quot;title&quot;:&quot;&quot;,&quot;orientation&quot;:&quot;0&quot;}\" data-image-title=\"50_lecie_clip_image010-1\" data-image-description=\"\" data-image-caption=\"\" data-medium-file=\"https:\/\/zsp1chojna.pl\/wp-content\/uploads\/2023\/09\/50_lecie_clip_image010-1-300x199.jpg\" data-large-file=\"https:\/\/zsp1chojna.pl\/wp-content\/uploads\/2023\/09\/50_lecie_clip_image010-1.jpg\" src=\"https:\/\/zsp1chojna.pl\/wp-content\/uploads\/2023\/09\/50_lecie_clip_image010-1.jpg\" alt=\"\" class=\"wp-image-5060\" srcset=\"https:\/\/zsp1chojna.pl\/wp-content\/uploads\/2023\/09\/50_lecie_clip_image010-1.jpg 605w, https:\/\/zsp1chojna.pl\/wp-content\/uploads\/2023\/09\/50_lecie_clip_image010-1-300x199.jpg 300w, https:\/\/zsp1chojna.pl\/wp-content\/uploads\/2023\/09\/50_lecie_clip_image010-1-84x56.jpg 84w\" sizes=\"auto, (max-width: 605px) 100vw, 605px\" \/><\/figure>\n<\/div>\n\n\n<p class=\"has-text-align-justify\">Kolejnym punktem akademii by\u0142o wprowadzenie sztandaru Zespo\u0142u Szk\u00f3\u0142 Zawodowych im. ppor. Ryszarda Kuleszy w Chojnie. Tym samym rozpocz\u0119\u0142y si\u0119 obchody 50-lecia szko\u0142y. To okazja do wspomnie\u0144 si\u0119gaj\u0105cych pierwszych lat funkcjonowania plac\u00f3wki. Jako pierwsza g\u0142os zabra\u0142a pani dyrektor Adriana Salamo\u0144czyk. W swoim przem\u00f3wieniu zaznaczy\u0142a, \u017ce 50 lat istnienia szko\u0142y to rzesze absolwent\u00f3w, nauczycieli, ogrom do\u015bwiadczenia, to moment na uporz\u0105dkowane przez czas wspomnienia. Przypomnia\u0142a, \u017ce szko\u0142y przez p\u00f3\u0142 wieku by\u0142y \u015bwiadkiem transformacji ustrojowych, przemian spo\u0142ecznych i kolejnych reform o\u015bwiaty. Wspomnia\u0142a te\u017c by\u0142ych dyrektor\u00f3w plac\u00f3wki, z kt\u00f3rych zaproszenie na uroczysty jubileusz przyj\u0119\u0142a tylko pani Edyta Daszkiewicz, kt\u00f3ra obdarowana zosta\u0142a bukietem kwiat\u00f3w. Pani dyrektor Salamo\u0144czyk wspomnia\u0142a, \u017ce najlepszymi ambasadorami szko\u0142y s\u0105 jej absolwenci. Serdecznie przywita\u0142a pierwszych absolwent\u00f3w rocznika 1968 i 1971, wyczyta\u0142a list\u0119 potwierdzonych obecno\u015bci. Swoj\u0105 obecno\u015bci\u0105 zaszczyci\u0142o nas spore grono by\u0142ych uczni\u00f3w, kt\u00f3rzy wyst\u0105pili na \u015brodek, otrzymali r\u00f3\u017cyczki i ustawili si\u0119 do pami\u0105tkowego zdj\u0119cia.<\/p>\n\n\n<div class=\"wp-block-image\">\n<figure class=\"aligncenter size-full\"><img loading=\"lazy\" decoding=\"async\" width=\"605\" height=\"404\" data-attachment-id=\"5061\" data-permalink=\"https:\/\/zsp1chojna.pl\/?attachment_id=5061\" data-orig-file=\"https:\/\/zsp1chojna.pl\/wp-content\/uploads\/2023\/09\/50_lecie_clip_image012.jpg\" data-orig-size=\"605,404\" data-comments-opened=\"1\" data-image-meta=\"{&quot;aperture&quot;:&quot;0&quot;,&quot;credit&quot;:&quot;&quot;,&quot;camera&quot;:&quot;&quot;,&quot;caption&quot;:&quot;&quot;,&quot;created_timestamp&quot;:&quot;0&quot;,&quot;copyright&quot;:&quot;&quot;,&quot;focal_length&quot;:&quot;0&quot;,&quot;iso&quot;:&quot;0&quot;,&quot;shutter_speed&quot;:&quot;0&quot;,&quot;title&quot;:&quot;&quot;,&quot;orientation&quot;:&quot;0&quot;}\" data-image-title=\"50_lecie_clip_image012\" data-image-description=\"\" data-image-caption=\"\" data-medium-file=\"https:\/\/zsp1chojna.pl\/wp-content\/uploads\/2023\/09\/50_lecie_clip_image012-300x200.jpg\" data-large-file=\"https:\/\/zsp1chojna.pl\/wp-content\/uploads\/2023\/09\/50_lecie_clip_image012.jpg\" src=\"https:\/\/zsp1chojna.pl\/wp-content\/uploads\/2023\/09\/50_lecie_clip_image012.jpg\" alt=\"\" class=\"wp-image-5061\" srcset=\"https:\/\/zsp1chojna.pl\/wp-content\/uploads\/2023\/09\/50_lecie_clip_image012.jpg 605w, https:\/\/zsp1chojna.pl\/wp-content\/uploads\/2023\/09\/50_lecie_clip_image012-300x200.jpg 300w, https:\/\/zsp1chojna.pl\/wp-content\/uploads\/2023\/09\/50_lecie_clip_image012-84x56.jpg 84w\" sizes=\"auto, (max-width: 605px) 100vw, 605px\" \/><\/figure>\n<\/div>\n\n\n<p class=\"has-text-align-justify\">Po chwili spontanicznie do grona absolwent\u00f3w do\u0142\u0105czyli byli nauczyciele. W\u015br\u00f3d gromkich braw by\u0142y u\u015bciski i serdeczne u\u015bmiechy a uczestnicy uroczysto\u015bci od\u015bpiewali sto lat.<\/p>\n\n\n<div class=\"wp-block-image\">\n<figure class=\"aligncenter size-full\"><img loading=\"lazy\" decoding=\"async\" width=\"605\" height=\"403\" data-attachment-id=\"5062\" data-permalink=\"https:\/\/zsp1chojna.pl\/?attachment_id=5062\" data-orig-file=\"https:\/\/zsp1chojna.pl\/wp-content\/uploads\/2023\/09\/50_lecie_clip_image014.jpg\" data-orig-size=\"605,403\" data-comments-opened=\"1\" data-image-meta=\"{&quot;aperture&quot;:&quot;0&quot;,&quot;credit&quot;:&quot;&quot;,&quot;camera&quot;:&quot;&quot;,&quot;caption&quot;:&quot;&quot;,&quot;created_timestamp&quot;:&quot;0&quot;,&quot;copyright&quot;:&quot;&quot;,&quot;focal_length&quot;:&quot;0&quot;,&quot;iso&quot;:&quot;0&quot;,&quot;shutter_speed&quot;:&quot;0&quot;,&quot;title&quot;:&quot;&quot;,&quot;orientation&quot;:&quot;0&quot;}\" data-image-title=\"50_lecie_clip_image014\" data-image-description=\"\" data-image-caption=\"\" data-medium-file=\"https:\/\/zsp1chojna.pl\/wp-content\/uploads\/2023\/09\/50_lecie_clip_image014-300x200.jpg\" data-large-file=\"https:\/\/zsp1chojna.pl\/wp-content\/uploads\/2023\/09\/50_lecie_clip_image014.jpg\" src=\"https:\/\/zsp1chojna.pl\/wp-content\/uploads\/2023\/09\/50_lecie_clip_image014.jpg\" alt=\"\" class=\"wp-image-5062\" srcset=\"https:\/\/zsp1chojna.pl\/wp-content\/uploads\/2023\/09\/50_lecie_clip_image014.jpg 605w, https:\/\/zsp1chojna.pl\/wp-content\/uploads\/2023\/09\/50_lecie_clip_image014-300x200.jpg 300w, https:\/\/zsp1chojna.pl\/wp-content\/uploads\/2023\/09\/50_lecie_clip_image014-84x56.jpg 84w\" sizes=\"auto, (max-width: 605px) 100vw, 605px\" \/><\/figure>\n<\/div>\n\n\n<p class=\"has-text-align-justify\">Po pami\u0105tkowych zdj\u0119ciach g\u0142os zabra\u0142 Starosta Powiatu Gryfi\u0144skiego, pan Wojciech Konarski, kt\u00f3ry serdecznie pozdrowi\u0142 wszystkich zebranych na tej pi\u0119knej uroczysto\u015bci Dnia Edukacji Narodowej i 50-lecia szko\u0142y. Wspomnia\u0142 o pierwszych absolwentach Technikum Budowlanego i Zasadniczej Szko\u0142y Zawodowej, kt\u00f3rzy zostali w swojej gminie, powiecie i tutaj buduj\u0105 bogactwo naszej spo\u0142eczno\u015bci. Podzi\u0119kowa\u0142 r\u00f3wnie\u017c by\u0142ym i obecnym nauczycielom za trud w\u0142o\u017cony w proces nauczania i wychowania. Przypomnia\u0142 te\u017c nagrodzone przez Starostwo z okazji Dnia Edukacji Narodowej osoby; pani\u0105 wicedyrektor, Agnieszk\u0119 Bylewsk\u0105, oraz nauczycielk\u0119 j\u0119zyka polskiego, pani\u0105 Katarzyn\u0119 Mickiewicz-Bindas. Pan Starosta wraz z wicestarost\u0105, panem Jerzym Milerem na r\u0119ce pani Dyrektor z\u0142o\u017cyli tablic\u0119 pami\u0105tkow\u0105 z okazji jubileuszu Technikum Budowlanego i Zasadniczej Szko\u0142y Zawodowej.<\/p>\n\n\n<div class=\"wp-block-image\">\n<figure class=\"aligncenter size-full\"><img loading=\"lazy\" decoding=\"async\" width=\"605\" height=\"403\" data-attachment-id=\"5063\" data-permalink=\"https:\/\/zsp1chojna.pl\/?attachment_id=5063\" data-orig-file=\"https:\/\/zsp1chojna.pl\/wp-content\/uploads\/2023\/09\/50_lecie_clip_image016.jpg\" data-orig-size=\"605,403\" data-comments-opened=\"1\" data-image-meta=\"{&quot;aperture&quot;:&quot;0&quot;,&quot;credit&quot;:&quot;&quot;,&quot;camera&quot;:&quot;&quot;,&quot;caption&quot;:&quot;&quot;,&quot;created_timestamp&quot;:&quot;0&quot;,&quot;copyright&quot;:&quot;&quot;,&quot;focal_length&quot;:&quot;0&quot;,&quot;iso&quot;:&quot;0&quot;,&quot;shutter_speed&quot;:&quot;0&quot;,&quot;title&quot;:&quot;&quot;,&quot;orientation&quot;:&quot;0&quot;}\" data-image-title=\"50_lecie_clip_image016\" data-image-description=\"\" data-image-caption=\"\" data-medium-file=\"https:\/\/zsp1chojna.pl\/wp-content\/uploads\/2023\/09\/50_lecie_clip_image016-300x200.jpg\" data-large-file=\"https:\/\/zsp1chojna.pl\/wp-content\/uploads\/2023\/09\/50_lecie_clip_image016.jpg\" src=\"https:\/\/zsp1chojna.pl\/wp-content\/uploads\/2023\/09\/50_lecie_clip_image016.jpg\" alt=\"\" class=\"wp-image-5063\" srcset=\"https:\/\/zsp1chojna.pl\/wp-content\/uploads\/2023\/09\/50_lecie_clip_image016.jpg 605w, https:\/\/zsp1chojna.pl\/wp-content\/uploads\/2023\/09\/50_lecie_clip_image016-300x200.jpg 300w, https:\/\/zsp1chojna.pl\/wp-content\/uploads\/2023\/09\/50_lecie_clip_image016-84x56.jpg 84w\" sizes=\"auto, (max-width: 605px) 100vw, 605px\" \/><\/figure>\n<\/div>\n\n\n<p class=\"has-text-align-justify\">Dope\u0142nieniem obchod\u00f3w jubileuszu by\u0142o przem\u00f3wienie by\u0142ej wicedyrektor Zespo\u0142u Szk\u00f3\u0142 Zawodowych, pani Eugenii Hajduk, kt\u00f3ra swoje wspomnienia z 29-letniej pracy w szkole po\u015bwi\u0119ci\u0142a by\u0142emu dyrektorowi plac\u00f3wki, panu Ryszardowi Kondratowiczowi. Wszyscy obecni us\u0142yszeli o dawnych czasach i wspania\u0142ym charyzmatycznym cz\u0142owieku, kt\u00f3ry mia\u0142 mocne poczucie godno\u015bci zawodu nauczyciela.<\/p>\n\n\n<div class=\"wp-block-image\">\n<figure class=\"aligncenter size-full\"><img loading=\"lazy\" decoding=\"async\" width=\"605\" height=\"608\" data-attachment-id=\"5064\" data-permalink=\"https:\/\/zsp1chojna.pl\/?attachment_id=5064\" data-orig-file=\"https:\/\/zsp1chojna.pl\/wp-content\/uploads\/2023\/09\/50_lecie_clip_image018.jpg\" data-orig-size=\"605,608\" data-comments-opened=\"1\" data-image-meta=\"{&quot;aperture&quot;:&quot;0&quot;,&quot;credit&quot;:&quot;&quot;,&quot;camera&quot;:&quot;&quot;,&quot;caption&quot;:&quot;&quot;,&quot;created_timestamp&quot;:&quot;0&quot;,&quot;copyright&quot;:&quot;&quot;,&quot;focal_length&quot;:&quot;0&quot;,&quot;iso&quot;:&quot;0&quot;,&quot;shutter_speed&quot;:&quot;0&quot;,&quot;title&quot;:&quot;&quot;,&quot;orientation&quot;:&quot;0&quot;}\" data-image-title=\"50_lecie_clip_image018\" data-image-description=\"\" data-image-caption=\"\" data-medium-file=\"https:\/\/zsp1chojna.pl\/wp-content\/uploads\/2023\/09\/50_lecie_clip_image018-300x300.jpg\" data-large-file=\"https:\/\/zsp1chojna.pl\/wp-content\/uploads\/2023\/09\/50_lecie_clip_image018.jpg\" src=\"https:\/\/zsp1chojna.pl\/wp-content\/uploads\/2023\/09\/50_lecie_clip_image018.jpg\" alt=\"\" class=\"wp-image-5064\" srcset=\"https:\/\/zsp1chojna.pl\/wp-content\/uploads\/2023\/09\/50_lecie_clip_image018.jpg 605w, https:\/\/zsp1chojna.pl\/wp-content\/uploads\/2023\/09\/50_lecie_clip_image018-300x300.jpg 300w, https:\/\/zsp1chojna.pl\/wp-content\/uploads\/2023\/09\/50_lecie_clip_image018-150x150.jpg 150w\" sizes=\"auto, (max-width: 605px) 100vw, 605px\" \/><\/figure>\n<\/div>\n\n\n<p class=\"has-text-align-justify\">Na zako\u0144czenie tej cz\u0119\u015bci obchod\u00f3w wszyscy zgromadzeni na Sali mieli okazj\u0119 podziwia\u0107 monta\u017c s\u0142owno-muzyczny przygotowany przez uczni\u00f3w pod kierunkiem pani Katarzyny Mickiewicz-Bindas i ksi\u0119dza Wojciecha Kolady\u0144skiego.<\/p>\n\n\n<div class=\"wp-block-image\">\n<figure class=\"aligncenter size-full\"><img loading=\"lazy\" decoding=\"async\" width=\"605\" height=\"404\" data-attachment-id=\"5065\" data-permalink=\"https:\/\/zsp1chojna.pl\/?attachment_id=5065\" data-orig-file=\"https:\/\/zsp1chojna.pl\/wp-content\/uploads\/2023\/09\/50_lecie_clip_image020.jpg\" data-orig-size=\"605,404\" data-comments-opened=\"1\" data-image-meta=\"{&quot;aperture&quot;:&quot;0&quot;,&quot;credit&quot;:&quot;&quot;,&quot;camera&quot;:&quot;&quot;,&quot;caption&quot;:&quot;&quot;,&quot;created_timestamp&quot;:&quot;0&quot;,&quot;copyright&quot;:&quot;&quot;,&quot;focal_length&quot;:&quot;0&quot;,&quot;iso&quot;:&quot;0&quot;,&quot;shutter_speed&quot;:&quot;0&quot;,&quot;title&quot;:&quot;&quot;,&quot;orientation&quot;:&quot;0&quot;}\" data-image-title=\"50_lecie_clip_image020\" data-image-description=\"\" data-image-caption=\"\" data-medium-file=\"https:\/\/zsp1chojna.pl\/wp-content\/uploads\/2023\/09\/50_lecie_clip_image020-300x200.jpg\" data-large-file=\"https:\/\/zsp1chojna.pl\/wp-content\/uploads\/2023\/09\/50_lecie_clip_image020.jpg\" src=\"https:\/\/zsp1chojna.pl\/wp-content\/uploads\/2023\/09\/50_lecie_clip_image020.jpg\" alt=\"\" class=\"wp-image-5065\" srcset=\"https:\/\/zsp1chojna.pl\/wp-content\/uploads\/2023\/09\/50_lecie_clip_image020.jpg 605w, https:\/\/zsp1chojna.pl\/wp-content\/uploads\/2023\/09\/50_lecie_clip_image020-300x200.jpg 300w, https:\/\/zsp1chojna.pl\/wp-content\/uploads\/2023\/09\/50_lecie_clip_image020-84x56.jpg 84w\" sizes=\"auto, (max-width: 605px) 100vw, 605px\" \/><\/figure>\n<\/div>\n\n\n<p class=\"has-text-align-justify\">Po akademii wszyscy uczestnicy mieli okazje obejrze\u0107 kroniki szkolne i pami\u0105tki z pi\u0119\u0107dziesi\u0119cioletniej historii szko\u0142y, po czym przeszli do budynku nr 2, gdzie przygotowano dla go\u015bci pocz\u0119stunek, wyeksponowano tablice pami\u0105tkowe, oraz otworzono klasy i warsztaty dla zwiedzaj\u0105cych.<\/p>\n\n\n<div class=\"wp-block-image\">\n<figure class=\"aligncenter size-full\"><img loading=\"lazy\" decoding=\"async\" width=\"605\" height=\"403\" data-attachment-id=\"5066\" data-permalink=\"https:\/\/zsp1chojna.pl\/?attachment_id=5066\" data-orig-file=\"https:\/\/zsp1chojna.pl\/wp-content\/uploads\/2023\/09\/50_lecie_clip_image022.jpg\" data-orig-size=\"605,403\" data-comments-opened=\"1\" data-image-meta=\"{&quot;aperture&quot;:&quot;0&quot;,&quot;credit&quot;:&quot;&quot;,&quot;camera&quot;:&quot;&quot;,&quot;caption&quot;:&quot;&quot;,&quot;created_timestamp&quot;:&quot;0&quot;,&quot;copyright&quot;:&quot;&quot;,&quot;focal_length&quot;:&quot;0&quot;,&quot;iso&quot;:&quot;0&quot;,&quot;shutter_speed&quot;:&quot;0&quot;,&quot;title&quot;:&quot;&quot;,&quot;orientation&quot;:&quot;0&quot;}\" data-image-title=\"50_lecie_clip_image022\" data-image-description=\"\" data-image-caption=\"\" data-medium-file=\"https:\/\/zsp1chojna.pl\/wp-content\/uploads\/2023\/09\/50_lecie_clip_image022-300x200.jpg\" data-large-file=\"https:\/\/zsp1chojna.pl\/wp-content\/uploads\/2023\/09\/50_lecie_clip_image022.jpg\" src=\"https:\/\/zsp1chojna.pl\/wp-content\/uploads\/2023\/09\/50_lecie_clip_image022.jpg\" alt=\"\" class=\"wp-image-5066\" srcset=\"https:\/\/zsp1chojna.pl\/wp-content\/uploads\/2023\/09\/50_lecie_clip_image022.jpg 605w, https:\/\/zsp1chojna.pl\/wp-content\/uploads\/2023\/09\/50_lecie_clip_image022-300x200.jpg 300w, https:\/\/zsp1chojna.pl\/wp-content\/uploads\/2023\/09\/50_lecie_clip_image022-84x56.jpg 84w\" sizes=\"auto, (max-width: 605px) 100vw, 605px\" \/><\/figure>\n<\/div>\n\n<div class=\"wp-block-image\">\n<figure class=\"aligncenter size-full\"><img loading=\"lazy\" decoding=\"async\" width=\"605\" height=\"403\" data-attachment-id=\"5067\" data-permalink=\"https:\/\/zsp1chojna.pl\/?attachment_id=5067\" data-orig-file=\"https:\/\/zsp1chojna.pl\/wp-content\/uploads\/2023\/09\/50_lecie_clip_image024.jpg\" data-orig-size=\"605,403\" data-comments-opened=\"1\" data-image-meta=\"{&quot;aperture&quot;:&quot;0&quot;,&quot;credit&quot;:&quot;&quot;,&quot;camera&quot;:&quot;&quot;,&quot;caption&quot;:&quot;&quot;,&quot;created_timestamp&quot;:&quot;0&quot;,&quot;copyright&quot;:&quot;&quot;,&quot;focal_length&quot;:&quot;0&quot;,&quot;iso&quot;:&quot;0&quot;,&quot;shutter_speed&quot;:&quot;0&quot;,&quot;title&quot;:&quot;&quot;,&quot;orientation&quot;:&quot;0&quot;}\" data-image-title=\"50_lecie_clip_image024\" data-image-description=\"\" data-image-caption=\"\" data-medium-file=\"https:\/\/zsp1chojna.pl\/wp-content\/uploads\/2023\/09\/50_lecie_clip_image024-300x200.jpg\" data-large-file=\"https:\/\/zsp1chojna.pl\/wp-content\/uploads\/2023\/09\/50_lecie_clip_image024.jpg\" src=\"https:\/\/zsp1chojna.pl\/wp-content\/uploads\/2023\/09\/50_lecie_clip_image024.jpg\" alt=\"\" class=\"wp-image-5067\" srcset=\"https:\/\/zsp1chojna.pl\/wp-content\/uploads\/2023\/09\/50_lecie_clip_image024.jpg 605w, https:\/\/zsp1chojna.pl\/wp-content\/uploads\/2023\/09\/50_lecie_clip_image024-300x200.jpg 300w, https:\/\/zsp1chojna.pl\/wp-content\/uploads\/2023\/09\/50_lecie_clip_image024-84x56.jpg 84w\" sizes=\"auto, (max-width: 605px) 100vw, 605px\" \/><\/figure>\n<\/div>","protected":false},"excerpt":{"rendered":"<p>Tegoroczne obchody Dnia Edukacji Narodowej przebiega\u0142y w\u00a0spos\u00f3b wyj\u0105tkowy. Po\u0142\u0105czone by\u0142y z\u00a0jubileuszem 50-lecia Zespo\u0142u Szk\u00f3\u0142 Zawodowych im.\u00a0ppor. Ryszarda Kuleszy w\u00a0Chojnie. Obchody obu \u015bwi\u0105t rozpocz\u0119li\u015bmy o\u00a0godz.\u00a08:30\u00a0Msz\u0105 \u015awi\u0119t\u0105 w\u00a0Ko\u015bciele Mariackim, w\u00a0koncelebrowaniu kt\u00f3rej\u00a0wzi\u0119li udzia\u0142 [&hellip;]<\/p>\n","protected":false},"author":1,"featured_media":0,"parent":0,"menu_order":0,"comment_status":"closed","ping_status":"closed","template":"","meta":{"footnotes":""},"class_list":["post-5050","page","type-page","status-publish","hentry"],"yoast_head":"<!-- This site is optimized with the Yoast SEO plugin v20.13 - https:\/\/yoast.com\/wordpress\/plugins\/seo\/ -->\n<title>50-lecie Zespo\u0142u Szk\u00f3\u0142 Zawodowych im. ppor. Ryszarda Kuleszy w\u00a0Chojnie - ZSP w Chojnie<\/title>\n<meta name=\"robots\" content=\"index, follow, max-snippet:-1, max-image-preview:large, max-video-preview:-1\" \/>\n<link rel=\"canonical\" href=\"https:\/\/zsp1chojna.pl\/?page_id=5050\" \/>\n<meta property=\"og:locale\" content=\"pl_PL\" \/>\n<meta property=\"og:type\" content=\"article\" \/>\n<meta property=\"og:title\" content=\"50-lecie Zespo\u0142u Szk\u00f3\u0142 Zawodowych im. ppor. Ryszarda Kuleszy w\u00a0Chojnie - ZSP w Chojnie\" \/>\n<meta property=\"og:description\" content=\"Tegoroczne obchody Dnia Edukacji Narodowej przebiega\u0142y w\u00a0spos\u00f3b wyj\u0105tkowy. Po\u0142\u0105czone by\u0142y z\u00a0jubileuszem 50-lecia Zespo\u0142u Szk\u00f3\u0142 Zawodowych im.\u00a0ppor. Ryszarda Kuleszy w\u00a0Chojnie. Obchody obu \u015bwi\u0105t rozpocz\u0119li\u015bmy o\u00a0godz.\u00a08:30\u00a0Msz\u0105 \u015awi\u0119t\u0105 w\u00a0Ko\u015bciele Mariackim, w\u00a0koncelebrowaniu kt\u00f3rej\u00a0wzi\u0119li udzia\u0142 [&hellip;]\" \/>\n<meta property=\"og:url\" content=\"https:\/\/zsp1chojna.pl\/?page_id=5050\" \/>\n<meta property=\"og:site_name\" content=\"ZSP w Chojnie\" \/>\n<meta property=\"article:modified_time\" content=\"2023-09-13T19:54:26+00:00\" \/>\n<meta property=\"og:image\" content=\"https:\/\/zsp1chojna.pl\/wp-content\/uploads\/2023\/09\/50_lecie_clip_image002-1.jpg\" \/>\n<meta name=\"twitter:card\" content=\"summary_large_image\" \/>\n<meta name=\"twitter:label1\" content=\"Szacowany czas czytania\" \/>\n\t<meta name=\"twitter:data1\" content=\"8 minut\" \/>\n<script type=\"application\/ld+json\" class=\"yoast-schema-graph\">{\"@context\":\"https:\/\/schema.org\",\"@graph\":[{\"@type\":\"WebPage\",\"@id\":\"https:\/\/zsp1chojna.pl\/?page_id=5050\",\"url\":\"https:\/\/zsp1chojna.pl\/?page_id=5050\",\"name\":\"50-lecie Zespo\u0142u Szk\u00f3\u0142 Zawodowych im. ppor. Ryszarda Kuleszy w\u00a0Chojnie - ZSP w Chojnie\",\"isPartOf\":{\"@id\":\"https:\/\/zsp1chojna.pl\/#website\"},\"datePublished\":\"2023-09-13T19:49:28+00:00\",\"dateModified\":\"2023-09-13T19:54:26+00:00\",\"breadcrumb\":{\"@id\":\"https:\/\/zsp1chojna.pl\/?page_id=5050#breadcrumb\"},\"inLanguage\":\"pl-PL\",\"potentialAction\":[{\"@type\":\"ReadAction\",\"target\":[\"https:\/\/zsp1chojna.pl\/?page_id=5050\"]}]},{\"@type\":\"BreadcrumbList\",\"@id\":\"https:\/\/zsp1chojna.pl\/?page_id=5050#breadcrumb\",\"itemListElement\":[{\"@type\":\"ListItem\",\"position\":1,\"name\":\"Home\",\"item\":\"https:\/\/zsp1chojna.pl\/\"},{\"@type\":\"ListItem\",\"position\":2,\"name\":\"50-lecie Zespo\u0142u Szk\u00f3\u0142 Zawodowych im.&nbsp;ppor. Ryszarda Kuleszy w\u00a0Chojnie\"}]},{\"@type\":\"WebSite\",\"@id\":\"https:\/\/zsp1chojna.pl\/#website\",\"url\":\"https:\/\/zsp1chojna.pl\/\",\"name\":\"ZSP w Chojnie\",\"description\":\"\",\"publisher\":{\"@id\":\"https:\/\/zsp1chojna.pl\/#organization\"},\"potentialAction\":[{\"@type\":\"SearchAction\",\"target\":{\"@type\":\"EntryPoint\",\"urlTemplate\":\"https:\/\/zsp1chojna.pl\/?s={search_term_string}\"},\"query-input\":\"required name=search_term_string\"}],\"inLanguage\":\"pl-PL\"},{\"@type\":\"Organization\",\"@id\":\"https:\/\/zsp1chojna.pl\/#organization\",\"name\":\"ZSP w Chojnie\",\"url\":\"https:\/\/zsp1chojna.pl\/\",\"logo\":{\"@type\":\"ImageObject\",\"inLanguage\":\"pl-PL\",\"@id\":\"https:\/\/zsp1chojna.pl\/#\/schema\/logo\/image\/\",\"url\":\"https:\/\/zsp1chojna.pl\/wp-content\/uploads\/2023\/08\/cropped-cropped-cropped-Logo-biale-napis-na-3-wiersze_504-1.png\",\"contentUrl\":\"https:\/\/zsp1chojna.pl\/wp-content\/uploads\/2023\/08\/cropped-cropped-cropped-Logo-biale-napis-na-3-wiersze_504-1.png\",\"width\":504,\"height\":167,\"caption\":\"ZSP w Chojnie\"},\"image\":{\"@id\":\"https:\/\/zsp1chojna.pl\/#\/schema\/logo\/image\/\"}}]}<\/script>\n<!-- \/ Yoast SEO plugin. -->","yoast_head_json":{"title":"50-lecie Zespo\u0142u Szk\u00f3\u0142 Zawodowych im. ppor. Ryszarda Kuleszy w\u00a0Chojnie - ZSP w Chojnie","robots":{"index":"index","follow":"follow","max-snippet":"max-snippet:-1","max-image-preview":"max-image-preview:large","max-video-preview":"max-video-preview:-1"},"canonical":"https:\/\/zsp1chojna.pl\/?page_id=5050","og_locale":"pl_PL","og_type":"article","og_title":"50-lecie Zespo\u0142u Szk\u00f3\u0142 Zawodowych im. ppor. Ryszarda Kuleszy w\u00a0Chojnie - ZSP w Chojnie","og_description":"Tegoroczne obchody Dnia Edukacji Narodowej przebiega\u0142y w\u00a0spos\u00f3b wyj\u0105tkowy. Po\u0142\u0105czone by\u0142y z\u00a0jubileuszem 50-lecia Zespo\u0142u Szk\u00f3\u0142 Zawodowych im.\u00a0ppor. Ryszarda Kuleszy w\u00a0Chojnie. Obchody obu \u015bwi\u0105t rozpocz\u0119li\u015bmy o\u00a0godz.\u00a08:30\u00a0Msz\u0105 \u015awi\u0119t\u0105 w\u00a0Ko\u015bciele Mariackim, w\u00a0koncelebrowaniu kt\u00f3rej\u00a0wzi\u0119li udzia\u0142 [&hellip;]","og_url":"https:\/\/zsp1chojna.pl\/?page_id=5050","og_site_name":"ZSP w Chojnie","article_modified_time":"2023-09-13T19:54:26+00:00","og_image":[{"url":"https:\/\/zsp1chojna.pl\/wp-content\/uploads\/2023\/09\/50_lecie_clip_image002-1.jpg"}],"twitter_card":"summary_large_image","twitter_misc":{"Szacowany czas czytania":"8 minut"},"schema":{"@context":"https:\/\/schema.org","@graph":[{"@type":"WebPage","@id":"https:\/\/zsp1chojna.pl\/?page_id=5050","url":"https:\/\/zsp1chojna.pl\/?page_id=5050","name":"50-lecie Zespo\u0142u Szk\u00f3\u0142 Zawodowych im. ppor. Ryszarda Kuleszy w\u00a0Chojnie - ZSP w Chojnie","isPartOf":{"@id":"https:\/\/zsp1chojna.pl\/#website"},"datePublished":"2023-09-13T19:49:28+00:00","dateModified":"2023-09-13T19:54:26+00:00","breadcrumb":{"@id":"https:\/\/zsp1chojna.pl\/?page_id=5050#breadcrumb"},"inLanguage":"pl-PL","potentialAction":[{"@type":"ReadAction","target":["https:\/\/zsp1chojna.pl\/?page_id=5050"]}]},{"@type":"BreadcrumbList","@id":"https:\/\/zsp1chojna.pl\/?page_id=5050#breadcrumb","itemListElement":[{"@type":"ListItem","position":1,"name":"Home","item":"https:\/\/zsp1chojna.pl\/"},{"@type":"ListItem","position":2,"name":"50-lecie Zespo\u0142u Szk\u00f3\u0142 Zawodowych im.&nbsp;ppor. Ryszarda Kuleszy w\u00a0Chojnie"}]},{"@type":"WebSite","@id":"https:\/\/zsp1chojna.pl\/#website","url":"https:\/\/zsp1chojna.pl\/","name":"ZSP w Chojnie","description":"","publisher":{"@id":"https:\/\/zsp1chojna.pl\/#organization"},"potentialAction":[{"@type":"SearchAction","target":{"@type":"EntryPoint","urlTemplate":"https:\/\/zsp1chojna.pl\/?s={search_term_string}"},"query-input":"required name=search_term_string"}],"inLanguage":"pl-PL"},{"@type":"Organization","@id":"https:\/\/zsp1chojna.pl\/#organization","name":"ZSP w Chojnie","url":"https:\/\/zsp1chojna.pl\/","logo":{"@type":"ImageObject","inLanguage":"pl-PL","@id":"https:\/\/zsp1chojna.pl\/#\/schema\/logo\/image\/","url":"https:\/\/zsp1chojna.pl\/wp-content\/uploads\/2023\/08\/cropped-cropped-cropped-Logo-biale-napis-na-3-wiersze_504-1.png","contentUrl":"https:\/\/zsp1chojna.pl\/wp-content\/uploads\/2023\/08\/cropped-cropped-cropped-Logo-biale-napis-na-3-wiersze_504-1.png","width":504,"height":167,"caption":"ZSP w Chojnie"},"image":{"@id":"https:\/\/zsp1chojna.pl\/#\/schema\/logo\/image\/"}}]}},"_links":{"self":[{"href":"https:\/\/zsp1chojna.pl\/index.php?rest_route=\/wp\/v2\/pages\/5050","targetHints":{"allow":["GET"]}}],"collection":[{"href":"https:\/\/zsp1chojna.pl\/index.php?rest_route=\/wp\/v2\/pages"}],"about":[{"href":"https:\/\/zsp1chojna.pl\/index.php?rest_route=\/wp\/v2\/types\/page"}],"author":[{"embeddable":true,"href":"https:\/\/zsp1chojna.pl\/index.php?rest_route=\/wp\/v2\/users\/1"}],"replies":[{"embeddable":true,"href":"https:\/\/zsp1chojna.pl\/index.php?rest_route=%2Fwp%2Fv2%2Fcomments&post=5050"}],"version-history":[{"count":2,"href":"https:\/\/zsp1chojna.pl\/index.php?rest_route=\/wp\/v2\/pages\/5050\/revisions"}],"predecessor-version":[{"id":5068,"href":"https:\/\/zsp1chojna.pl\/index.php?rest_route=\/wp\/v2\/pages\/5050\/revisions\/5068"}],"wp:attachment":[{"href":"https:\/\/zsp1chojna.pl\/index.php?rest_route=%2Fwp%2Fv2%2Fmedia&parent=5050"}],"curies":[{"name":"wp","href":"https:\/\/api.w.org\/{rel}","templated":true}]}}