{"id":44,"date":"2023-08-08T22:21:52","date_gmt":"2023-08-08T20:21:52","guid":{"rendered":"https:\/\/zsp1chojna.pl\/?page_id=44"},"modified":"2026-03-03T11:21:30","modified_gmt":"2026-03-03T10:21:30","slug":"wolontariat","status":"publish","type":"page","link":"https:\/\/zsp1chojna.pl\/?page_id=44","title":{"rendered":"Wolontariat"},"content":{"rendered":"<style>.wp-block-kadence-iconlist.kt-svg-icon-list-items44_e8848c-27 ul.kt-svg-icon-list:not(.this-prevents-issues):not(.this-stops-third-party-issues):not(.tijsloc){margin-top:0px;margin-right:0px;margin-bottom:var(--global-kb-spacing-sm, 1.5rem);margin-left:0px;}.wp-block-kadence-iconlist.kt-svg-icon-list-items44_e8848c-27 ul.kt-svg-icon-list{grid-row-gap:5px;}.wp-block-kadence-iconlist.kt-svg-icon-list-items44_e8848c-27 ul.kt-svg-icon-list .kt-svg-icon-list-item-wrap .kt-svg-icon-list-single{margin-right:10px;}.kt-svg-icon-list-items44_e8848c-27 ul.kt-svg-icon-list .kt-svg-icon-list-level-0 .kt-svg-icon-list-single svg{font-size:20px;}@media all and (max-width: 1024px){.wp-block-kadence-iconlist.kt-svg-icon-list-items44_e8848c-27 ul.kt-svg-icon-list{grid-row-gap:5px;}}@media all and (max-width: 767px){.wp-block-kadence-iconlist.kt-svg-icon-list-items44_e8848c-27 ul.kt-svg-icon-list{grid-row-gap:5px;}}<\/style>\n<div class=\"wp-block-kadence-iconlist kt-svg-icon-list-items kt-svg-icon-list-items44_e8848c-27 kt-svg-icon-list-columns-1 alignnone\"><ul class=\"kt-svg-icon-list\"><style>.kt-svg-icon-list-item-44_28348e-02 .kt-svg-icon-list-single{font-size:6px !important;color:#003b63 !important;}<\/style>\n<li class=\"wp-block-kadence-listitem kt-svg-icon-list-item-wrap kt-svg-icon-list-item-44_28348e-02\"><span class=\"kb-svg-icon-wrap kb-svg-icon-fas_circle kt-svg-icon-list-single\"><svg viewBox=\"0 0 512 512\"  fill=\"currentColor\" xmlns=\"http:\/\/www.w3.org\/2000\/svg\" ><path d=\"M256 8C119 8 8 119 8 256s111 248 248 248 248-111 248-248S393 8 256 8z\"\/><\/svg><\/span><span class=\"kt-svg-icon-list-text\"><a href=\"https:\/\/zsp1chojna.pl\/?p=15343\">25.01.2026 r. 34. Fina\u0142 Wielkiej Orkiestry \u015awi\u0105tecznej Pomocy [wi\u0119cej]<\/a><\/span><\/li>\n\n\n<style>.kt-svg-icon-list-item-44_66ddcd-69 .kt-svg-icon-list-single{font-size:6px !important;color:#003b63 !important;}<\/style>\n<li class=\"wp-block-kadence-listitem kt-svg-icon-list-item-wrap kt-svg-icon-list-item-44_66ddcd-69\"><span class=\"kb-svg-icon-wrap kb-svg-icon-fas_circle kt-svg-icon-list-single\"><svg viewBox=\"0 0 512 512\"  fill=\"currentColor\" xmlns=\"http:\/\/www.w3.org\/2000\/svg\" ><path d=\"M256 8C119 8 8 119 8 256s111 248 248 248 248-111 248-248S393 8 256 8z\"\/><\/svg><\/span><span class=\"kt-svg-icon-list-text\"><a href=\"https:\/\/zsp1chojna.pl\/?p=15035\">5.12.2025 r. Obchody Dnia Wolontariusza [wi\u0119cej]<\/a><\/span><\/li>\n\n\n<style>.kt-svg-icon-list-item-44_29217f-4e .kt-svg-icon-list-single{font-size:6px !important;color:#003b63 !important;}<\/style>\n<li class=\"wp-block-kadence-listitem kt-svg-icon-list-item-wrap kt-svg-icon-list-item-44_29217f-4e\"><span class=\"kb-svg-icon-wrap kb-svg-icon-fas_circle kt-svg-icon-list-single\"><svg viewBox=\"0 0 512 512\"  fill=\"currentColor\" xmlns=\"http:\/\/www.w3.org\/2000\/svg\" ><path d=\"M256 8C119 8 8 119 8 256s111 248 248 248 248-111 248-248S393 8 256 8z\"\/><\/svg><\/span><span class=\"kt-svg-icon-list-text\"><a href=\"https:\/\/zsp1chojna.pl\/?p=12904\">26.01.2025 r. 33. Fina\u0142 WO\u015aP [wi\u0119cej]<\/a><\/span><\/li>\n\n\n<style>.kt-svg-icon-list-item-44_29b270-c5 .kt-svg-icon-list-single{font-size:6px !important;color:#003b63 !important;}<\/style>\n<li class=\"wp-block-kadence-listitem kt-svg-icon-list-item-wrap kt-svg-icon-list-item-44_29b270-c5\"><span class=\"kb-svg-icon-wrap kb-svg-icon-fas_circle kt-svg-icon-list-single\"><svg viewBox=\"0 0 512 512\"  fill=\"currentColor\" xmlns=\"http:\/\/www.w3.org\/2000\/svg\" ><path d=\"M256 8C119 8 8 119 8 256s111 248 248 248 248-111 248-248S393 8 256 8z\"\/><\/svg><\/span><span class=\"kt-svg-icon-list-text\"><a href=\"https:\/\/zsp1chojna.pl\/?p=12023\"><\/a><a href=\"https:\/\/zsp1chojna.pl\/?p=8234\">9-13.12.2024 r. Szlachetna Paczka [wi\u0119cej]<\/a><\/span><\/li>\n\n\n<style>.kt-svg-icon-list-item-44_badd24-33 .kt-svg-icon-list-single{font-size:6px !important;color:#003b63 !important;}<\/style>\n<li class=\"wp-block-kadence-listitem kt-svg-icon-list-item-wrap kt-svg-icon-list-item-44_badd24-33\"><span class=\"kb-svg-icon-wrap kb-svg-icon-fas_circle kt-svg-icon-list-single\"><svg viewBox=\"0 0 512 512\"  fill=\"currentColor\" xmlns=\"http:\/\/www.w3.org\/2000\/svg\" ><path d=\"M256 8C119 8 8 119 8 256s111 248 248 248 248-111 248-248S393 8 256 8z\"\/><\/svg><\/span><span class=\"kt-svg-icon-list-text\"><a href=\"https:\/\/zsp1chojna.pl\/?p=12277\">5.12.2024 r. Mi\u0119dzynarodowy Dzie\u0144 Wolontariusza [wi\u0119cej]<\/a><\/span><\/li>\n\n\n<style>.kt-svg-icon-list-item-44_0e7658-c5 .kt-svg-icon-list-single{font-size:6px !important;color:#003b63 !important;}<\/style>\n<li class=\"wp-block-kadence-listitem kt-svg-icon-list-item-wrap kt-svg-icon-list-item-44_0e7658-c5\"><span class=\"kb-svg-icon-wrap kb-svg-icon-fas_circle kt-svg-icon-list-single\"><svg viewBox=\"0 0 512 512\"  fill=\"currentColor\" xmlns=\"http:\/\/www.w3.org\/2000\/svg\" ><path d=\"M256 8C119 8 8 119 8 256s111 248 248 248 248-111 248-248S393 8 256 8z\"\/><\/svg><\/span><span class=\"kt-svg-icon-list-text\"><a href=\"https:\/\/zsp1chojna.pl\/?p=12023\">4-8.11.2024 r. Akcja pomocy pogorzelcom [wi\u0119cej]<\/a><\/span><\/li>\n\n\n<style>.kt-svg-icon-list-item-44_0eac38-71 .kt-svg-icon-list-single{font-size:6px !important;color:#003b63 !important;}<\/style>\n<li class=\"wp-block-kadence-listitem kt-svg-icon-list-item-wrap kt-svg-icon-list-item-44_0eac38-71\"><span class=\"kb-svg-icon-wrap kb-svg-icon-fas_circle kt-svg-icon-list-single\"><svg viewBox=\"0 0 512 512\"  fill=\"currentColor\" xmlns=\"http:\/\/www.w3.org\/2000\/svg\" ><path d=\"M256 8C119 8 8 119 8 256s111 248 248 248 248-111 248-248S393 8 256 8z\"\/><\/svg><\/span><span class=\"kt-svg-icon-list-text\"><a href=\"https:\/\/zsp1chojna.pl\/?p=10256\">19.06.2024 r. Wizyta Klubu Wolontariusza w\u00a0SOSW\u00a0w Chojnie [wi\u0119cej]<\/a><\/span><\/li>\n\n\n<style>.kt-svg-icon-list-item-44_faeadb-bb .kt-svg-icon-list-single{font-size:6px !important;color:#003b63 !important;}<\/style>\n<li class=\"wp-block-kadence-listitem kt-svg-icon-list-item-wrap kt-svg-icon-list-item-44_faeadb-bb\"><span class=\"kb-svg-icon-wrap kb-svg-icon-fas_circle kt-svg-icon-list-single\"><svg viewBox=\"0 0 512 512\"  fill=\"currentColor\" xmlns=\"http:\/\/www.w3.org\/2000\/svg\" ><path d=\"M256 8C119 8 8 119 8 256s111 248 248 248 248-111 248-248S393 8 256 8z\"\/><\/svg><\/span><span class=\"kt-svg-icon-list-text\"><a href=\"https:\/\/zsp1chojna.pl\/?p=7463\">9-27.10.2023 r. Szkolny Klub Wolontariusza\u00a0<strong>przeprowadzi\u0142 zbi\u00f3rk\u0119 na rzecz podopiecznego SOSW w Chojnie.\u00a0<\/strong>[wi\u0119cej]<\/a><\/span><\/li>\n\n\n<style>.kt-svg-icon-list-item-44_ba808d-2d .kt-svg-icon-list-single{font-size:6px !important;color:#003b63 !important;}<\/style>\n<li class=\"wp-block-kadence-listitem kt-svg-icon-list-item-wrap kt-svg-icon-list-item-44_ba808d-2d\"><span class=\"kb-svg-icon-wrap kb-svg-icon-fas_circle kt-svg-icon-list-single\"><svg viewBox=\"0 0 512 512\"  fill=\"currentColor\" xmlns=\"http:\/\/www.w3.org\/2000\/svg\" ><path d=\"M256 8C119 8 8 119 8 256s111 248 248 248 248-111 248-248S393 8 256 8z\"\/><\/svg><\/span><span class=\"kt-svg-icon-list-text\"><a href=\"https:\/\/zsp1chojna.pl\/?p=559\">09.-12.05.2023 r. Szkolny Klub Wolontariusza zorganizowa\u0142 akcj\u0119 pomocy dla schroniska \u201ePsijaciele\u201d oraz stowarzyszenia \u201eKociarze\u201d [wi\u0119cej]<\/a><\/span><\/li>\n\n\n<style>.kt-svg-icon-list-item-44_c848c6-8b .kt-svg-icon-list-single{font-size:6px !important;color:#003b63 !important;}<\/style>\n<li class=\"wp-block-kadence-listitem kt-svg-icon-list-item-wrap kt-svg-icon-list-item-44_c848c6-8b\"><span class=\"kb-svg-icon-wrap kb-svg-icon-fas_circle kt-svg-icon-list-single\"><svg viewBox=\"0 0 512 512\"  fill=\"currentColor\" xmlns=\"http:\/\/www.w3.org\/2000\/svg\" ><path d=\"M256 8C119 8 8 119 8 256s111 248 248 248 248-111 248-248S393 8 256 8z\"\/><\/svg><\/span><span class=\"kt-svg-icon-list-text\"><a href=\"https:\/\/zsp1chojna.pl\/?p=1305\">5.12.2022 r. wzi\u0119li\u015bmy udzia\u0142 w obchodach Mi\u0119dzynarodowego Dnia Wolontariusza. [wi\u0119cej]<\/a><\/span><\/li>\n\n\n<style>.kt-svg-icon-list-item-44_4d628f-a1 .kt-svg-icon-list-single{font-size:6px !important;color:#003b63 !important;}<\/style>\n<li class=\"wp-block-kadence-listitem kt-svg-icon-list-item-wrap kt-svg-icon-list-item-44_4d628f-a1\"><span class=\"kb-svg-icon-wrap kb-svg-icon-fas_circle kt-svg-icon-list-single\"><svg viewBox=\"0 0 512 512\"  fill=\"currentColor\" xmlns=\"http:\/\/www.w3.org\/2000\/svg\" ><path d=\"M256 8C119 8 8 119 8 256s111 248 248 248 248-111 248-248S393 8 256 8z\"\/><\/svg><\/span><span class=\"kt-svg-icon-list-text\"><a href=\"https:\/\/zsp1chojna.pl\/?p=1756\">1-8.12.2022 r. wzi\u0119li\u015bmy udzia\u0142 w akcji \u201eSzlachetna Paczka\u201d. [wi\u0119cej]<\/a><\/span><\/li>\n\n\n<style>.kt-svg-icon-list-item-44_9ba761-cd .kt-svg-icon-list-single{font-size:6px !important;color:#003b63 !important;}<\/style>\n<li class=\"wp-block-kadence-listitem kt-svg-icon-list-item-wrap kt-svg-icon-list-item-44_9ba761-cd\"><span class=\"kb-svg-icon-wrap kb-svg-icon-fas_circle kt-svg-icon-list-single\"><svg viewBox=\"0 0 512 512\"  fill=\"currentColor\" xmlns=\"http:\/\/www.w3.org\/2000\/svg\" ><path d=\"M256 8C119 8 8 119 8 256s111 248 248 248 248-111 248-248S393 8 256 8z\"\/><\/svg><\/span><span class=\"kt-svg-icon-list-text\"><a href=\"https:\/\/zsp1chojna.pl\/?p=1822\">24.11-1.12.2022 r. Szkolny Klub Wolontariusza zorganizowa\u0142 akcj\u0119 pomocy dla zwierz\u0105t ze schroniska \u201ePsijaciele\u201d w Chojnie. [wi\u0119cej]<\/a><\/span><\/li>\n\n\n<style>.kt-svg-icon-list-item-44_eb47b9-0c .kt-svg-icon-list-single{font-size:6px !important;color:#003b63 !important;}<\/style>\n<li class=\"wp-block-kadence-listitem kt-svg-icon-list-item-wrap kt-svg-icon-list-item-44_eb47b9-0c\"><span class=\"kb-svg-icon-wrap kb-svg-icon-fas_circle kt-svg-icon-list-single\"><svg viewBox=\"0 0 512 512\"  fill=\"currentColor\" xmlns=\"http:\/\/www.w3.org\/2000\/svg\" ><path d=\"M256 8C119 8 8 119 8 256s111 248 248 248 248-111 248-248S393 8 256 8z\"\/><\/svg><\/span><span class=\"kt-svg-icon-list-text\">16-20.05.2022 r. Szkolny Klub Wolontariusza zorganizowa\u0142 akcj\u0119 pomocy dla zwierz\u0105t ze schroniska \u201ePsijaciele\u201d w Chojnie. [wi\u0119cej]<\/span><\/li>\n\n\n<style>.kt-svg-icon-list-item-44_32bba7-a2 .kt-svg-icon-list-single{font-size:6px !important;color:#003b63 !important;}<\/style>\n<li class=\"wp-block-kadence-listitem kt-svg-icon-list-item-wrap kt-svg-icon-list-item-44_32bba7-a2\"><span class=\"kb-svg-icon-wrap kb-svg-icon-fas_circle kt-svg-icon-list-single\"><svg viewBox=\"0 0 512 512\"  fill=\"currentColor\" xmlns=\"http:\/\/www.w3.org\/2000\/svg\" ><path d=\"M256 8C119 8 8 119 8 256s111 248 248 248 248-111 248-248S393 8 256 8z\"\/><\/svg><\/span><span class=\"kt-svg-icon-list-text\">III-VI.2022 r. mieszka\u0144cy internatu prowadzili zbi\u00f3rk\u0119 na rzecz rodziny z Ukrainy. [wi\u0119cej]<\/span><\/li>\n\n\n<style>.kt-svg-icon-list-item-44_30fb01-5f .kt-svg-icon-list-single{font-size:6px !important;color:#003b63 !important;}<\/style>\n<li class=\"wp-block-kadence-listitem kt-svg-icon-list-item-wrap kt-svg-icon-list-item-44_30fb01-5f\"><span class=\"kb-svg-icon-wrap kb-svg-icon-fas_circle kt-svg-icon-list-single\"><svg viewBox=\"0 0 512 512\"  fill=\"currentColor\" xmlns=\"http:\/\/www.w3.org\/2000\/svg\" ><path d=\"M256 8C119 8 8 119 8 256s111 248 248 248 248-111 248-248S393 8 256 8z\"\/><\/svg><\/span><span class=\"kt-svg-icon-list-text\">1-3.03.2022 r. Samorz\u0105d Uczniowski oraz Szkolny Klub Wolontariusza zorganizowali pomoc rzeczow\u0105 dla Ukrainy. [wi\u0119cej]<\/span><\/li>\n\n\n<style>.kt-svg-icon-list-item-44_f60ce7-44 .kt-svg-icon-list-single{font-size:6px !important;color:#003b63 !important;}<\/style>\n<li class=\"wp-block-kadence-listitem kt-svg-icon-list-item-wrap kt-svg-icon-list-item-44_f60ce7-44\"><span class=\"kb-svg-icon-wrap kb-svg-icon-fas_circle kt-svg-icon-list-single\"><svg viewBox=\"0 0 512 512\"  fill=\"currentColor\" xmlns=\"http:\/\/www.w3.org\/2000\/svg\" ><path d=\"M256 8C119 8 8 119 8 256s111 248 248 248 248-111 248-248S393 8 256 8z\"\/><\/svg><\/span><span class=\"kt-svg-icon-list-text\">30.01.2022 r. w\u0142\u0105czyli\u015bmy si\u0119 w dzia\u0142ania Wielkiej Orkiestry \u015awi\u0105tecznej Pomocy. [wi\u0119cej]<\/span><\/li>\n\n\n<style>.kt-svg-icon-list-item-44_dd4835-9e .kt-svg-icon-list-single{font-size:6px !important;color:#003b63 !important;}<\/style>\n<li class=\"wp-block-kadence-listitem kt-svg-icon-list-item-wrap kt-svg-icon-list-item-44_dd4835-9e\"><span class=\"kb-svg-icon-wrap kb-svg-icon-fas_circle kt-svg-icon-list-single\"><svg viewBox=\"0 0 512 512\"  fill=\"currentColor\" xmlns=\"http:\/\/www.w3.org\/2000\/svg\" ><path d=\"M256 8C119 8 8 119 8 256s111 248 248 248 248-111 248-248S393 8 256 8z\"\/><\/svg><\/span><span class=\"kt-svg-icon-list-text\">15.11.2021 r. pocz\u0105tek zimowych akcji Klubu Wolontariusza. [wi\u0119cej]<\/span><\/li>\n\n\n<style>.kt-svg-icon-list-item-44_f17619-dd .kt-svg-icon-list-single{font-size:6px !important;color:#003b63 !important;}<\/style>\n<li class=\"wp-block-kadence-listitem kt-svg-icon-list-item-wrap kt-svg-icon-list-item-44_f17619-dd\"><span class=\"kb-svg-icon-wrap kb-svg-icon-fas_circle kt-svg-icon-list-single\"><svg viewBox=\"0 0 512 512\"  fill=\"currentColor\" xmlns=\"http:\/\/www.w3.org\/2000\/svg\" ><path d=\"M256 8C119 8 8 119 8 256s111 248 248 248 248-111 248-248S393 8 256 8z\"\/><\/svg><\/span><span class=\"kt-svg-icon-list-text\">6.12.2021 r. obchodzili\u015bmy Mi\u0119dzynarodowy Dzie\u0144 Wolontariusza. [wi\u0119cej]<\/span><\/li>\n\n\n<style>.kt-svg-icon-list-item-44_5df26e-9d .kt-svg-icon-list-single{font-size:6px !important;color:#003b63 !important;}<\/style>\n<li class=\"wp-block-kadence-listitem kt-svg-icon-list-item-wrap kt-svg-icon-list-item-44_5df26e-9d\"><span class=\"kb-svg-icon-wrap kb-svg-icon-fas_circle kt-svg-icon-list-single\"><svg viewBox=\"0 0 512 512\"  fill=\"currentColor\" xmlns=\"http:\/\/www.w3.org\/2000\/svg\" ><path d=\"M256 8C119 8 8 119 8 256s111 248 248 248 248-111 248-248S393 8 256 8z\"\/><\/svg><\/span><span class=\"kt-svg-icon-list-text\">6-20.12.2021 r. uczniowie klasy 2H\u017b wraz z wychowawc\u0105 zorganizowali zbi\u00f3rk\u0119 przed\u015bwi\u0105teczn\u0105 na rzecz wychowank\u00f3w Plac\u00f3wek Opieku\u0144czo-Wychowawczych w Chojnie i w Trzci\u0144sku-Zdroju. [wi\u0119cej]<\/span><\/li>\n\n\n<style>.kt-svg-icon-list-item-44_7869b6-36 .kt-svg-icon-list-single{font-size:6px !important;color:#003b63 !important;}<\/style>\n<li class=\"wp-block-kadence-listitem kt-svg-icon-list-item-wrap kt-svg-icon-list-item-44_7869b6-36\"><span class=\"kb-svg-icon-wrap kb-svg-icon-fas_circle kt-svg-icon-list-single\"><svg viewBox=\"0 0 512 512\"  fill=\"currentColor\" xmlns=\"http:\/\/www.w3.org\/2000\/svg\" ><path d=\"M256 8C119 8 8 119 8 256s111 248 248 248 248-111 248-248S393 8 256 8z\"\/><\/svg><\/span><span class=\"kt-svg-icon-list-text\">4.10.2021 r. obchodzili\u015bmy \u015awiatowy Dzie\u0144 Zwierz\u0105t. [wi\u0119cej]<\/span><\/li>\n\n\n<style>.kt-svg-icon-list-item-44_ca6b67-42 .kt-svg-icon-list-single{font-size:6px !important;color:#003b63 !important;}<\/style>\n<li class=\"wp-block-kadence-listitem kt-svg-icon-list-item-wrap kt-svg-icon-list-item-44_ca6b67-42\"><span class=\"kb-svg-icon-wrap kb-svg-icon-fas_circle kt-svg-icon-list-single\"><svg viewBox=\"0 0 512 512\"  fill=\"currentColor\" xmlns=\"http:\/\/www.w3.org\/2000\/svg\" ><path d=\"M256 8C119 8 8 119 8 256s111 248 248 248 248-111 248-248S393 8 256 8z\"\/><\/svg><\/span><span class=\"kt-svg-icon-list-text\">22.12. 2020 r. wzi\u0119li\u015bmy udzia\u0142 w akcji \u201eRazem na \u015awi\u0119ta\u201d. [wi\u0119cej]<\/span><\/li>\n\n\n<style>.kt-svg-icon-list-item-44_ef073f-21 .kt-svg-icon-list-single{font-size:6px !important;color:#003b63 !important;}<\/style>\n<li class=\"wp-block-kadence-listitem kt-svg-icon-list-item-wrap kt-svg-icon-list-item-44_ef073f-21\"><span class=\"kb-svg-icon-wrap kb-svg-icon-fas_circle kt-svg-icon-list-single\"><svg viewBox=\"0 0 512 512\"  fill=\"currentColor\" xmlns=\"http:\/\/www.w3.org\/2000\/svg\" ><path d=\"M256 8C119 8 8 119 8 256s111 248 248 248 248-111 248-248S393 8 256 8z\"\/><\/svg><\/span><span class=\"kt-svg-icon-list-text\">4.10.2020 r. uczniowie ze Szkolnego Klubu Wolontariusza wzi\u0119li udzia\u0142 w finale akcji charytatywnej na rzecz Pana Grzegorza J\u0119drzejczaka. [wi\u0119cej]<\/span><\/li>\n\n\n<style>.kt-svg-icon-list-item-44_d03d0a-df .kt-svg-icon-list-single{font-size:6px !important;color:#003b63 !important;}<\/style>\n<li class=\"wp-block-kadence-listitem kt-svg-icon-list-item-wrap kt-svg-icon-list-item-44_d03d0a-df\"><span class=\"kb-svg-icon-wrap kb-svg-icon-fas_circle kt-svg-icon-list-single\"><svg viewBox=\"0 0 512 512\"  fill=\"currentColor\" xmlns=\"http:\/\/www.w3.org\/2000\/svg\" ><path d=\"M256 8C119 8 8 119 8 256s111 248 248 248 248-111 248-248S393 8 256 8z\"\/><\/svg><\/span><span class=\"kt-svg-icon-list-text\">GASZYN CHALLENGE \u2013 Zesp\u00f3\u0142 Szk\u00f3\u0142 Ponadpodstawowych w Chojnie [wi\u0119cej]<\/span><\/li>\n\n\n<style>.kt-svg-icon-list-item-44_2aaae7-71 .kt-svg-icon-list-single{font-size:6px !important;color:#003b63 !important;}<\/style>\n<li class=\"wp-block-kadence-listitem kt-svg-icon-list-item-wrap kt-svg-icon-list-item-44_2aaae7-71\"><span class=\"kb-svg-icon-wrap kb-svg-icon-fas_circle kt-svg-icon-list-single\"><svg viewBox=\"0 0 512 512\"  fill=\"currentColor\" xmlns=\"http:\/\/www.w3.org\/2000\/svg\" ><path d=\"M256 8C119 8 8 119 8 256s111 248 248 248 248-111 248-248S393 8 256 8z\"\/><\/svg><\/span><span class=\"kt-svg-icon-list-text\">10.01- 4.02.2020 r. w naszej szkole trwa\u0142a akcja zbi\u00f3rki dar\u00f3w dla dzieci z Kenii. [wi\u0119cej]<\/span><\/li>\n\n\n<style>.kt-svg-icon-list-item-44_b32378-94 .kt-svg-icon-list-single{font-size:6px !important;color:#003b63 !important;}<\/style>\n<li class=\"wp-block-kadence-listitem kt-svg-icon-list-item-wrap kt-svg-icon-list-item-44_b32378-94\"><span class=\"kb-svg-icon-wrap kb-svg-icon-fas_circle kt-svg-icon-list-single\"><svg viewBox=\"0 0 512 512\"  fill=\"currentColor\" xmlns=\"http:\/\/www.w3.org\/2000\/svg\" ><path d=\"M256 8C119 8 8 119 8 256s111 248 248 248 248-111 248-248S393 8 256 8z\"\/><\/svg><\/span><span class=\"kt-svg-icon-list-text\">19.12.2019 r. przed\u015bwi\u0105teczna wizyta cz\u0142onk\u00f3w Szkolnego Klubu Wolontariusza w Plac\u00f3wce Opieku\u0144czo-Wychowawczej w Chojnie. [wi\u0119cej]<\/span><\/li>\n\n\n<style>.kt-svg-icon-list-item-44_2fad7f-b7 .kt-svg-icon-list-single{font-size:6px !important;color:#003b63 !important;}<\/style>\n<li class=\"wp-block-kadence-listitem kt-svg-icon-list-item-wrap kt-svg-icon-list-item-44_2fad7f-b7\"><span class=\"kb-svg-icon-wrap kb-svg-icon-fas_circle kt-svg-icon-list-single\"><svg viewBox=\"0 0 512 512\"  fill=\"currentColor\" xmlns=\"http:\/\/www.w3.org\/2000\/svg\" ><path d=\"M256 8C119 8 8 119 8 256s111 248 248 248 248-111 248-248S393 8 256 8z\"\/><\/svg><\/span><span class=\"kt-svg-icon-list-text\">19.12.2019 r. zorganizowali\u015bmy fina\u0142 akcji \u201eRazem na \u015awi\u0119ta\u201d. [wi\u0119cej]<\/span><\/li>\n\n\n<style>.kt-svg-icon-list-item-44_cfa013-c7 .kt-svg-icon-list-single{font-size:6px !important;color:#003b63 !important;}<\/style>\n<li class=\"wp-block-kadence-listitem kt-svg-icon-list-item-wrap kt-svg-icon-list-item-44_cfa013-c7\"><span class=\"kb-svg-icon-wrap kb-svg-icon-fas_circle kt-svg-icon-list-single\"><svg viewBox=\"0 0 512 512\"  fill=\"currentColor\" xmlns=\"http:\/\/www.w3.org\/2000\/svg\" ><path d=\"M256 8C119 8 8 119 8 256s111 248 248 248 248-111 248-248S393 8 256 8z\"\/><\/svg><\/span><span class=\"kt-svg-icon-list-text\">17.12.2019 r. uczniowie kasy IV H\u017b nadali \u015bwi\u0105teczne paczki dla Domu Samotnej Matki w Karwowie. [wi\u0119cej]<\/span><\/li>\n\n\n<style>.kt-svg-icon-list-item-44_fc62fb-63 .kt-svg-icon-list-single{font-size:6px !important;color:#003b63 !important;}<\/style>\n<li class=\"wp-block-kadence-listitem kt-svg-icon-list-item-wrap kt-svg-icon-list-item-44_fc62fb-63\"><span class=\"kb-svg-icon-wrap kb-svg-icon-fas_circle kt-svg-icon-list-single\"><svg viewBox=\"0 0 512 512\"  fill=\"currentColor\" xmlns=\"http:\/\/www.w3.org\/2000\/svg\" ><path d=\"M256 8C119 8 8 119 8 256s111 248 248 248 248-111 248-248S393 8 256 8z\"\/><\/svg><\/span><span class=\"kt-svg-icon-list-text\">6\u2013 7.12.2019 r. w ramach akcji \u201eRazem na \u015awi\u0119ta\u201d wolontariusze SKW zorganizowali zbi\u00f3rk\u0119 \u017cywno\u015bci pod has\u0142em \u201eTak, pomagam\u201d. [wi\u0119cej]<\/span><\/li>\n\n\n<style>.kt-svg-icon-list-item-44_99510b-24 .kt-svg-icon-list-single{font-size:6px !important;color:#003b63 !important;}<\/style>\n<li class=\"wp-block-kadence-listitem kt-svg-icon-list-item-wrap kt-svg-icon-list-item-44_99510b-24\"><span class=\"kb-svg-icon-wrap kb-svg-icon-fas_circle kt-svg-icon-list-single\"><svg viewBox=\"0 0 512 512\"  fill=\"currentColor\" xmlns=\"http:\/\/www.w3.org\/2000\/svg\" ><path d=\"M256 8C119 8 8 119 8 256s111 248 248 248 248-111 248-248S393 8 256 8z\"\/><\/svg><\/span><span class=\"kt-svg-icon-list-text\">12.11. \u2013 6.12.2019 r. wolontariusze Szkolnego Klubu Wolontariusza prowadzili zbi\u00f3rk\u0119 paczek dla pensjonariuszy DPS w Trzci\u0144sku \u2013 Zdroju w ramach akcji \u201eRazem na \u015awi\u0119ta\u201d. [wi\u0119cej]<\/span><\/li>\n\n\n<style>.kt-svg-icon-list-item-44_38f3a0-1c .kt-svg-icon-list-single{font-size:6px !important;color:#003b63 !important;}<\/style>\n<li class=\"wp-block-kadence-listitem kt-svg-icon-list-item-wrap kt-svg-icon-list-item-44_38f3a0-1c\"><span class=\"kb-svg-icon-wrap kb-svg-icon-fas_circle kt-svg-icon-list-single\"><svg viewBox=\"0 0 512 512\"  fill=\"currentColor\" xmlns=\"http:\/\/www.w3.org\/2000\/svg\" ><path d=\"M256 8C119 8 8 119 8 256s111 248 248 248 248-111 248-248S393 8 256 8z\"\/><\/svg><\/span><span class=\"kt-svg-icon-list-text\">21.10. \u2013 6.11.2019 r. uczniowie ze Szkolnego Klubu Wolontariusza odwiedzili Stowarzyszenie Ochrony Natury i Krajobrazu w Witniczce. [wi\u0119cej]<\/span><\/li>\n\n\n<style>.kt-svg-icon-list-item-44_57b93c-e4 .kt-svg-icon-list-single{font-size:6px !important;color:#003b63 !important;}<\/style>\n<li class=\"wp-block-kadence-listitem kt-svg-icon-list-item-wrap kt-svg-icon-list-item-44_57b93c-e4\"><span class=\"kb-svg-icon-wrap kb-svg-icon-fas_circle kt-svg-icon-list-single\"><svg viewBox=\"0 0 512 512\"  fill=\"currentColor\" xmlns=\"http:\/\/www.w3.org\/2000\/svg\" ><path d=\"M256 8C119 8 8 119 8 256s111 248 248 248 248-111 248-248S393 8 256 8z\"\/><\/svg><\/span><span class=\"kt-svg-icon-list-text\">27.09. \u2013 18.10. 2019 r. wolontariusze ze Szkolnego Klubu Wolontariusza zorganizowali zbi\u00f3rk\u0119 nakr\u0119tek na rzecz potrzebuj\u0105cych. [wi\u0119cej]<\/span><\/li>\n\n\n<style>.kt-svg-icon-list-item-44_eab6e2-1c .kt-svg-icon-list-single{font-size:6px !important;color:#003b63 !important;}<\/style>\n<li class=\"wp-block-kadence-listitem kt-svg-icon-list-item-wrap kt-svg-icon-list-item-44_eab6e2-1c\"><span class=\"kb-svg-icon-wrap kb-svg-icon-fas_circle kt-svg-icon-list-single\"><svg viewBox=\"0 0 512 512\"  fill=\"currentColor\" xmlns=\"http:\/\/www.w3.org\/2000\/svg\" ><path d=\"M256 8C119 8 8 119 8 256s111 248 248 248 248-111 248-248S393 8 256 8z\"\/><\/svg><\/span><span class=\"kt-svg-icon-list-text\">21.09.2019 r. cz\u0142onkowie SKW wzi\u0119li udzia\u0142 w akcji \u201eKromka chleba dla s\u0105siada\u201d. [wi\u0119cej]<\/span><\/li>\n\n\n<style>.kt-svg-icon-list-item-44_3f9e17-09 .kt-svg-icon-list-single{font-size:6px !important;color:#003b63 !important;}<\/style>\n<li class=\"wp-block-kadence-listitem kt-svg-icon-list-item-wrap kt-svg-icon-list-item-44_3f9e17-09\"><span class=\"kb-svg-icon-wrap kb-svg-icon-fas_circle kt-svg-icon-list-single\"><svg viewBox=\"0 0 512 512\"  fill=\"currentColor\" xmlns=\"http:\/\/www.w3.org\/2000\/svg\" ><path d=\"M256 8C119 8 8 119 8 256s111 248 248 248 248-111 248-248S393 8 256 8z\"\/><\/svg><\/span><span class=\"kt-svg-icon-list-text\">5.04.2019 r. wizyta wolontariuszy SKW w Domu Pomocy Spo\u0142ecznej w Trzci\u0144sku-Zdroju. [wi\u0119cej]<\/span><\/li>\n\n\n<style>.kt-svg-icon-list-item-44_3f6965-8c .kt-svg-icon-list-single{font-size:6px !important;color:#003b63 !important;}<\/style>\n<li class=\"wp-block-kadence-listitem kt-svg-icon-list-item-wrap kt-svg-icon-list-item-44_3f6965-8c\"><span class=\"kb-svg-icon-wrap kb-svg-icon-fas_circle kt-svg-icon-list-single\"><svg viewBox=\"0 0 512 512\"  fill=\"currentColor\" xmlns=\"http:\/\/www.w3.org\/2000\/svg\" ><path d=\"M256 8C119 8 8 119 8 256s111 248 248 248 248-111 248-248S393 8 256 8z\"\/><\/svg><\/span><span class=\"kt-svg-icon-list-text\">8.03.2019 r. cz\u0142onkowie szkolnego Klubu Wolontariusza z wizyt\u0105 w Domu Pomocy Spo\u0142ecznej w Trzci\u0144sku \u2013 Zdroju. [wi\u0119cej]<\/span><\/li>\n\n\n<style>.kt-svg-icon-list-item-44_ff7825-df .kt-svg-icon-list-single{font-size:6px !important;color:#003b63 !important;}<\/style>\n<li class=\"wp-block-kadence-listitem kt-svg-icon-list-item-wrap kt-svg-icon-list-item-44_ff7825-df\"><span class=\"kb-svg-icon-wrap kb-svg-icon-fas_circle kt-svg-icon-list-single\"><svg viewBox=\"0 0 512 512\"  fill=\"currentColor\" xmlns=\"http:\/\/www.w3.org\/2000\/svg\" ><path d=\"M256 8C119 8 8 119 8 256s111 248 248 248 248-111 248-248S393 8 256 8z\"\/><\/svg><\/span><span class=\"kt-svg-icon-list-text\">13.12.2018 r. wolontariusze z internatu po\u015brednikami \u015bwi\u0119tego Miko\u0142aja w Centrum Plac\u00f3wek Opieku\u0144czo \u2013 Wychowawczych w Chojnie. [wi\u0119cej]<\/span><\/li>\n\n\n<style>.kt-svg-icon-list-item-44_b6b5fb-33 .kt-svg-icon-list-single{font-size:6px !important;color:#003b63 !important;}<\/style>\n<li class=\"wp-block-kadence-listitem kt-svg-icon-list-item-wrap kt-svg-icon-list-item-44_b6b5fb-33\"><span class=\"kb-svg-icon-wrap kb-svg-icon-fas_circle kt-svg-icon-list-single\"><svg viewBox=\"0 0 512 512\"  fill=\"currentColor\" xmlns=\"http:\/\/www.w3.org\/2000\/svg\" ><path d=\"M256 8C119 8 8 119 8 256s111 248 248 248 248-111 248-248S393 8 256 8z\"\/><\/svg><\/span><span class=\"kt-svg-icon-list-text\">5.12.2018 r. obchodzili\u015bmy Mi\u0119dzynarodowy Dzie\u0144 Wolontariusza. [wi\u0119cej]<\/span><\/li>\n\n\n<style>.kt-svg-icon-list-item-44_e5ce28-a2 .kt-svg-icon-list-single{font-size:6px !important;color:#003b63 !important;}<\/style>\n<li class=\"wp-block-kadence-listitem kt-svg-icon-list-item-wrap kt-svg-icon-list-item-44_e5ce28-a2\"><span class=\"kb-svg-icon-wrap kb-svg-icon-fas_circle kt-svg-icon-list-single\"><svg viewBox=\"0 0 512 512\"  fill=\"currentColor\" xmlns=\"http:\/\/www.w3.org\/2000\/svg\" ><path d=\"M256 8C119 8 8 119 8 256s111 248 248 248 248-111 248-248S393 8 256 8z\"\/><\/svg><\/span><span class=\"kt-svg-icon-list-text\">9.11.2018 r. cz\u0142onkowie szkolnego Klubu Wolontariusza z wizyt\u0105 w Domu Pomocy Spo\u0142ecznej w Trzci\u0144sku \u2013 Zdroju w ramach Og\u00f3lnopolskiego Dnia Seniora. [wi\u0119cej]<\/span><\/li>\n\n\n<style>.kt-svg-icon-list-item-44_49e35f-b8 .kt-svg-icon-list-single{font-size:6px !important;color:#003b63 !important;}<\/style>\n<li class=\"wp-block-kadence-listitem kt-svg-icon-list-item-wrap kt-svg-icon-list-item-44_49e35f-b8\"><span class=\"kb-svg-icon-wrap kb-svg-icon-fas_circle kt-svg-icon-list-single\"><svg viewBox=\"0 0 512 512\"  fill=\"currentColor\" xmlns=\"http:\/\/www.w3.org\/2000\/svg\" ><path d=\"M256 8C119 8 8 119 8 256s111 248 248 248 248-111 248-248S393 8 256 8z\"\/><\/svg><\/span><span class=\"kt-svg-icon-list-text\">25.10.2018 r. cz\u0142onkowie szkolnego Klubu Wolontariusza odwiedzili Stowarzyszenie Ochrony Natury i Krajobrazu w Witniczce. [wi\u0119cej]<\/span><\/li>\n\n\n<style>.kt-svg-icon-list-item-44_ce7588-7a .kt-svg-icon-list-single{font-size:6px !important;color:#003b63 !important;}<\/style>\n<li class=\"wp-block-kadence-listitem kt-svg-icon-list-item-wrap kt-svg-icon-list-item-44_ce7588-7a\"><span class=\"kb-svg-icon-wrap kb-svg-icon-fas_circle kt-svg-icon-list-single\"><svg viewBox=\"0 0 512 512\"  fill=\"currentColor\" xmlns=\"http:\/\/www.w3.org\/2000\/svg\" ><path d=\"M256 8C119 8 8 119 8 256s111 248 248 248 248-111 248-248S393 8 256 8z\"\/><\/svg><\/span><span class=\"kt-svg-icon-list-text\">5.10.2018 r. cz\u0142onkowie szkolnego Klubu Wolontariusza z wizyt\u0105 w Domu Pomocy Spo\u0142ecznej w Trzci\u0144sku \u2013 Zdroju [wi\u0119cej]<\/span><\/li>\n\n\n<style>.kt-svg-icon-list-item-44_9b2a14-b3 .kt-svg-icon-list-single{font-size:6px !important;color:#003b63 !important;}<\/style>\n<li class=\"wp-block-kadence-listitem kt-svg-icon-list-item-wrap kt-svg-icon-list-item-44_9b2a14-b3\"><span class=\"kb-svg-icon-wrap kb-svg-icon-fas_circle kt-svg-icon-list-single\"><svg viewBox=\"0 0 512 512\"  fill=\"currentColor\" xmlns=\"http:\/\/www.w3.org\/2000\/svg\" ><path d=\"M256 8C119 8 8 119 8 256s111 248 248 248 248-111 248-248S393 8 256 8z\"\/><\/svg><\/span><span class=\"kt-svg-icon-list-text\">19.06.2018 r. odby\u0142o si\u0119 zako\u0144czenie i podsumowanie ca\u0142orocznych dzia\u0142a\u0144 wolontariackich przez uczni\u00f3w mieszkaj\u0105cych w internacie. [wi\u0119cej]<\/span><\/li>\n\n\n<style>.kt-svg-icon-list-item-44_c7c8ea-75 .kt-svg-icon-list-single{font-size:6px !important;color:#003b63 !important;}<\/style>\n<li class=\"wp-block-kadence-listitem kt-svg-icon-list-item-wrap kt-svg-icon-list-item-44_c7c8ea-75\"><span class=\"kb-svg-icon-wrap kb-svg-icon-fas_circle kt-svg-icon-list-single\"><svg viewBox=\"0 0 512 512\"  fill=\"currentColor\" xmlns=\"http:\/\/www.w3.org\/2000\/svg\" ><path d=\"M256 8C119 8 8 119 8 256s111 248 248 248 248-111 248-248S393 8 256 8z\"\/><\/svg><\/span><span class=\"kt-svg-icon-list-text\">13.06.2018 r. uczniowie ze szkolnego Klubu Wolontariusza z wizyt\u0105 w schronisku dla kot\u00f3w w Witniczce. [wi\u0119cej]<\/span><\/li>\n\n\n<style>.kt-svg-icon-list-item-44_9a6fb1-65 .kt-svg-icon-list-single{font-size:6px !important;color:#003b63 !important;}<\/style>\n<li class=\"wp-block-kadence-listitem kt-svg-icon-list-item-wrap kt-svg-icon-list-item-44_9a6fb1-65\"><span class=\"kb-svg-icon-wrap kb-svg-icon-fas_circle kt-svg-icon-list-single\"><svg viewBox=\"0 0 512 512\"  fill=\"currentColor\" xmlns=\"http:\/\/www.w3.org\/2000\/svg\" ><path d=\"M256 8C119 8 8 119 8 256s111 248 248 248 248-111 248-248S393 8 256 8z\"\/><\/svg><\/span><span class=\"kt-svg-icon-list-text\">25.05. \u2013 27.05.2018 r. uczniowie ze szkolnego Klubu Wolontariusza uczestniczyli w VI Forum K\u00f3\u0142 Wolontariatu. [wi\u0119cej]<\/span><\/li>\n\n\n<style>.kt-svg-icon-list-item-44_4c9af5-ae .kt-svg-icon-list-single{font-size:6px !important;color:#003b63 !important;}<\/style>\n<li class=\"wp-block-kadence-listitem kt-svg-icon-list-item-wrap kt-svg-icon-list-item-44_4c9af5-ae\"><span class=\"kb-svg-icon-wrap kb-svg-icon-fas_circle kt-svg-icon-list-single\"><svg viewBox=\"0 0 512 512\"  fill=\"currentColor\" xmlns=\"http:\/\/www.w3.org\/2000\/svg\" ><path d=\"M256 8C119 8 8 119 8 256s111 248 248 248 248-111 248-248S393 8 256 8z\"\/><\/svg><\/span><span class=\"kt-svg-icon-list-text\">23.03.2018 r. cz\u0142onkowie szkolnego Klubu Wolontariusza odwiedzili pensjonariuszy Domu Pomocy Spo\u0142ecznej w Trzci\u0144sku \u2013 Zdroju. [wi\u0119cej]<\/span><\/li>\n\n\n<style>.kt-svg-icon-list-item-44_edf65d-e3 .kt-svg-icon-list-single{font-size:6px !important;color:#003b63 !important;}<\/style>\n<li class=\"wp-block-kadence-listitem kt-svg-icon-list-item-wrap kt-svg-icon-list-item-44_edf65d-e3\"><span class=\"kb-svg-icon-wrap kb-svg-icon-fas_circle kt-svg-icon-list-single\"><svg viewBox=\"0 0 512 512\"  fill=\"currentColor\" xmlns=\"http:\/\/www.w3.org\/2000\/svg\" ><path d=\"M256 8C119 8 8 119 8 256s111 248 248 248 248-111 248-248S393 8 256 8z\"\/><\/svg><\/span><span class=\"kt-svg-icon-list-text\">24.02.2018 r. cz\u0142onkowie szkolnego Klubu Wolontariusza z wizyt\u0105 w Domu Pomocy Spo\u0142ecznej w Trzci\u0144sku \u2013 Zdroju. [wi\u0119cej]<\/span><\/li>\n\n\n<style>.kt-svg-icon-list-item-44_9b24a2-f7 .kt-svg-icon-list-single{font-size:6px !important;color:#003b63 !important;}<\/style>\n<li class=\"wp-block-kadence-listitem kt-svg-icon-list-item-wrap kt-svg-icon-list-item-44_9b24a2-f7\"><span class=\"kb-svg-icon-wrap kb-svg-icon-fas_circle kt-svg-icon-list-single\"><svg viewBox=\"0 0 512 512\"  fill=\"currentColor\" xmlns=\"http:\/\/www.w3.org\/2000\/svg\" ><path d=\"M256 8C119 8 8 119 8 256s111 248 248 248 248-111 248-248S393 8 256 8z\"\/><\/svg><\/span><span class=\"kt-svg-icon-list-text\"> 9.02.2018 r. cz\u0142onkowie szkolnego Klubu Wolontariusza z\u0142o\u017cyli walentynkow\u0105 wizyt\u0119 w Domu Pomocy Spo\u0142ecznej w Trzci\u0144sku \u2013 Zdroju. [wi\u0119cej]<\/span><\/li>\n\n\n<style>.kt-svg-icon-list-item-44_890512-55 .kt-svg-icon-list-single{font-size:6px !important;color:#003b63 !important;}<\/style>\n<li class=\"wp-block-kadence-listitem kt-svg-icon-list-item-wrap kt-svg-icon-list-item-44_890512-55\"><span class=\"kb-svg-icon-wrap kb-svg-icon-fas_circle kt-svg-icon-list-single\"><svg viewBox=\"0 0 512 512\"  fill=\"currentColor\" xmlns=\"http:\/\/www.w3.org\/2000\/svg\" ><path d=\"M256 8C119 8 8 119 8 256s111 248 248 248 248-111 248-248S393 8 256 8z\"\/><\/svg><\/span><span class=\"kt-svg-icon-list-text\">1.09. \u2013 31.12.2017 r. inicjatywy wolontariackie w ZSP w Chojnie. [wi\u0119cej]<\/span><\/li>\n\n\n<style>.kt-svg-icon-list-item-44_1e3bb0-c5 .kt-svg-icon-list-single{font-size:6px !important;color:#003b63 !important;}<\/style>\n<li class=\"wp-block-kadence-listitem kt-svg-icon-list-item-wrap kt-svg-icon-list-item-44_1e3bb0-c5\"><span class=\"kb-svg-icon-wrap kb-svg-icon-fas_circle kt-svg-icon-list-single\"><svg viewBox=\"0 0 512 512\"  fill=\"currentColor\" xmlns=\"http:\/\/www.w3.org\/2000\/svg\" ><path d=\"M256 8C119 8 8 119 8 256s111 248 248 248 248-111 248-248S393 8 256 8z\"\/><\/svg><\/span><span class=\"kt-svg-icon-list-text\">26.12.2017 r. cz\u0142onkowie szkolnego Klubu Wolontariusza wzi\u0119li udzia\u0142 w Obiedzie Bo\u017conarodzeniowym dla os\u00f3b bezdomnych i ubogich zorganizowanym przez Caritas Archidiecezji Szczeci\u0144sko \u2013 Kamie\u0144skiej. [wi\u0119cej]<\/span><\/li>\n\n\n<style>.kt-svg-icon-list-item-44_823413-55 .kt-svg-icon-list-single{font-size:6px !important;color:#003b63 !important;}<\/style>\n<li class=\"wp-block-kadence-listitem kt-svg-icon-list-item-wrap kt-svg-icon-list-item-44_823413-55\"><span class=\"kb-svg-icon-wrap kb-svg-icon-fas_circle kt-svg-icon-list-single\"><svg viewBox=\"0 0 512 512\"  fill=\"currentColor\" xmlns=\"http:\/\/www.w3.org\/2000\/svg\" ><path d=\"M256 8C119 8 8 119 8 256s111 248 248 248 248-111 248-248S393 8 256 8z\"\/><\/svg><\/span><span class=\"kt-svg-icon-list-text\">7.12.2017 r. wolontariusze z internatu wraz z opiekunem odwiedzili podopiecznych Centrum Plac\u00f3wek Opieku\u0144czo \u2013 Wychowawczych w Chojnie. [wi\u0119cej]<\/span><\/li>\n\n\n<style>.kt-svg-icon-list-item-44_21d246-7b .kt-svg-icon-list-single{font-size:6px !important;color:#003b63 !important;}<\/style>\n<li class=\"wp-block-kadence-listitem kt-svg-icon-list-item-wrap kt-svg-icon-list-item-44_21d246-7b\"><span class=\"kb-svg-icon-wrap kb-svg-icon-fas_circle kt-svg-icon-list-single\"><svg viewBox=\"0 0 512 512\"  fill=\"currentColor\" xmlns=\"http:\/\/www.w3.org\/2000\/svg\" ><path d=\"M256 8C119 8 8 119 8 256s111 248 248 248 248-111 248-248S393 8 256 8z\"\/><\/svg><\/span><span class=\"kt-svg-icon-list-text\">7.12.2017 r. cz\u0142onkowie Szkolnego Klubu Wolontariusza wraz z opiekunem odwiedzili podopiecznych Domu Dziecka w Trzci\u0144sku \u2013 Zdroju. [wi\u0119cej]<\/span><\/li>\n\n\n<style>.kt-svg-icon-list-item-44_9990bc-a4 .kt-svg-icon-list-single{font-size:6px !important;color:#003b63 !important;}<\/style>\n<li class=\"wp-block-kadence-listitem kt-svg-icon-list-item-wrap kt-svg-icon-list-item-44_9990bc-a4\"><span class=\"kb-svg-icon-wrap kb-svg-icon-fas_circle kt-svg-icon-list-single\"><svg viewBox=\"0 0 512 512\"  fill=\"currentColor\" xmlns=\"http:\/\/www.w3.org\/2000\/svg\" ><path d=\"M256 8C119 8 8 119 8 256s111 248 248 248 248-111 248-248S393 8 256 8z\"\/><\/svg><\/span><span class=\"kt-svg-icon-list-text\">5.12.2017. obchodzili\u015bmy Mi\u0119dzynarodowy Dzie\u0144 Wolontariusza. [wi\u0119cej]<\/span><\/li>\n\n\n<style>.kt-svg-icon-list-item-44_5bdd63-73 .kt-svg-icon-list-single{font-size:6px !important;color:#003b63 !important;}<\/style>\n<li class=\"wp-block-kadence-listitem kt-svg-icon-list-item-wrap kt-svg-icon-list-item-44_5bdd63-73\"><span class=\"kb-svg-icon-wrap kb-svg-icon-fas_circle kt-svg-icon-list-single\"><svg viewBox=\"0 0 512 512\"  fill=\"currentColor\" xmlns=\"http:\/\/www.w3.org\/2000\/svg\" ><path d=\"M256 8C119 8 8 119 8 256s111 248 248 248 248-111 248-248S393 8 256 8z\"\/><\/svg><\/span><span class=\"kt-svg-icon-list-text\">10.11.2017 r. cz\u0142onkowie Szkolnego Klubu Wolontariusza odwiedzili pensjonariuszy Domu Pomocy Spo\u0142ecznej w Trzci\u0144sku \u2013 Zdroju. [wi\u0119cej]<\/span><\/li>\n\n\n<style>.kt-svg-icon-list-item-44_ecbb73-d6 .kt-svg-icon-list-single{font-size:6px !important;color:#003b63 !important;}<\/style>\n<li class=\"wp-block-kadence-listitem kt-svg-icon-list-item-wrap kt-svg-icon-list-item-44_ecbb73-d6\"><span class=\"kb-svg-icon-wrap kb-svg-icon-fas_circle kt-svg-icon-list-single\"><svg viewBox=\"0 0 512 512\"  fill=\"currentColor\" xmlns=\"http:\/\/www.w3.org\/2000\/svg\" ><path d=\"M256 8C119 8 8 119 8 256s111 248 248 248 248-111 248-248S393 8 256 8z\"\/><\/svg><\/span><span class=\"kt-svg-icon-list-text\">8.11.2017 r. mieszka\u0144cy internatu rozpocz\u0119li dzia\u0142ania w ramach szkolnego wolontariatu.<\/span><\/li>\n\n\n<style>.kt-svg-icon-list-item-44_27a6d9-0b .kt-svg-icon-list-single{font-size:6px !important;color:#003b63 !important;}<\/style>\n<li class=\"wp-block-kadence-listitem kt-svg-icon-list-item-wrap kt-svg-icon-list-item-44_27a6d9-0b\"><span class=\"kb-svg-icon-wrap kb-svg-icon-fas_circle kt-svg-icon-list-single\"><svg viewBox=\"0 0 512 512\"  fill=\"currentColor\" xmlns=\"http:\/\/www.w3.org\/2000\/svg\" ><path d=\"M256 8C119 8 8 119 8 256s111 248 248 248 248-111 248-248S393 8 256 8z\"\/><\/svg><\/span><span class=\"kt-svg-icon-list-text\">27.10.2017 r. cz\u0142onkowie Szkolnego Klubu Wolontariusza odwiedzili podopiecznych Domu Pomocy Spo\u0142ecznej w Trzci\u0144sku \u2013 Zdroju. [wi\u0119cej]<\/span><\/li>\n\n\n<style>.kt-svg-icon-list-item-44_066b49-fc .kt-svg-icon-list-single{font-size:6px !important;color:#003b63 !important;}<\/style>\n<li class=\"wp-block-kadence-listitem kt-svg-icon-list-item-wrap kt-svg-icon-list-item-44_066b49-fc\"><span class=\"kb-svg-icon-wrap kb-svg-icon-fas_circle kt-svg-icon-list-single\"><svg viewBox=\"0 0 512 512\"  fill=\"currentColor\" xmlns=\"http:\/\/www.w3.org\/2000\/svg\" ><path d=\"M256 8C119 8 8 119 8 256s111 248 248 248 248-111 248-248S393 8 256 8z\"\/><\/svg><\/span><span class=\"kt-svg-icon-list-text\">20 \u2013 24.09.2017 r. uczniowie ze Szkolnego Klubu Wolontariusza uczestniczyli w mi\u0119dzynarodowym kongresie \u201eA World Without Violence\u201d. [wi\u0119cej]<\/span><\/li>\n<\/ul><\/div>\n\n\n\n<p><\/p>\n","protected":false},"excerpt":{"rendered":"","protected":false},"author":1,"featured_media":0,"parent":0,"menu_order":0,"comment_status":"closed","ping_status":"closed","template":"","meta":{"footnotes":""},"class_list":["post-44","page","type-page","status-publish","hentry"],"yoast_head":"<!-- This site is optimized with the Yoast SEO plugin v20.13 - https:\/\/yoast.com\/wordpress\/plugins\/seo\/ -->\n<title>Wolontariat - ZSP w Chojnie<\/title>\n<meta name=\"robots\" content=\"index, follow, max-snippet:-1, max-image-preview:large, max-video-preview:-1\" \/>\n<link rel=\"canonical\" href=\"https:\/\/zsp1chojna.pl\/?page_id=44\" \/>\n<meta property=\"og:locale\" content=\"pl_PL\" \/>\n<meta property=\"og:type\" content=\"article\" \/>\n<meta property=\"og:title\" content=\"Wolontariat - ZSP w Chojnie\" \/>\n<meta property=\"og:url\" content=\"https:\/\/zsp1chojna.pl\/?page_id=44\" \/>\n<meta property=\"og:site_name\" content=\"ZSP w Chojnie\" \/>\n<meta property=\"article:modified_time\" content=\"2026-03-03T10:21:30+00:00\" \/>\n<meta name=\"twitter:card\" content=\"summary_large_image\" \/>\n<meta name=\"twitter:label1\" content=\"Szacowany czas czytania\" \/>\n\t<meta name=\"twitter:data1\" content=\"5 minut\" \/>\n<script type=\"application\/ld+json\" class=\"yoast-schema-graph\">{\"@context\":\"https:\/\/schema.org\",\"@graph\":[{\"@type\":\"WebPage\",\"@id\":\"https:\/\/zsp1chojna.pl\/?page_id=44\",\"url\":\"https:\/\/zsp1chojna.pl\/?page_id=44\",\"name\":\"Wolontariat - ZSP w Chojnie\",\"isPartOf\":{\"@id\":\"https:\/\/zsp1chojna.pl\/#website\"},\"datePublished\":\"2023-08-08T20:21:52+00:00\",\"dateModified\":\"2026-03-03T10:21:30+00:00\",\"breadcrumb\":{\"@id\":\"https:\/\/zsp1chojna.pl\/?page_id=44#breadcrumb\"},\"inLanguage\":\"pl-PL\",\"potentialAction\":[{\"@type\":\"ReadAction\",\"target\":[\"https:\/\/zsp1chojna.pl\/?page_id=44\"]}]},{\"@type\":\"BreadcrumbList\",\"@id\":\"https:\/\/zsp1chojna.pl\/?page_id=44#breadcrumb\",\"itemListElement\":[{\"@type\":\"ListItem\",\"position\":1,\"name\":\"Home\",\"item\":\"https:\/\/zsp1chojna.pl\/\"},{\"@type\":\"ListItem\",\"position\":2,\"name\":\"Wolontariat\"}]},{\"@type\":\"WebSite\",\"@id\":\"https:\/\/zsp1chojna.pl\/#website\",\"url\":\"https:\/\/zsp1chojna.pl\/\",\"name\":\"ZSP w Chojnie\",\"description\":\"\",\"publisher\":{\"@id\":\"https:\/\/zsp1chojna.pl\/#organization\"},\"potentialAction\":[{\"@type\":\"SearchAction\",\"target\":{\"@type\":\"EntryPoint\",\"urlTemplate\":\"https:\/\/zsp1chojna.pl\/?s={search_term_string}\"},\"query-input\":\"required name=search_term_string\"}],\"inLanguage\":\"pl-PL\"},{\"@type\":\"Organization\",\"@id\":\"https:\/\/zsp1chojna.pl\/#organization\",\"name\":\"ZSP w Chojnie\",\"url\":\"https:\/\/zsp1chojna.pl\/\",\"logo\":{\"@type\":\"ImageObject\",\"inLanguage\":\"pl-PL\",\"@id\":\"https:\/\/zsp1chojna.pl\/#\/schema\/logo\/image\/\",\"url\":\"https:\/\/zsp1chojna.pl\/wp-content\/uploads\/2023\/08\/cropped-cropped-cropped-Logo-biale-napis-na-3-wiersze_504-1.png\",\"contentUrl\":\"https:\/\/zsp1chojna.pl\/wp-content\/uploads\/2023\/08\/cropped-cropped-cropped-Logo-biale-napis-na-3-wiersze_504-1.png\",\"width\":504,\"height\":167,\"caption\":\"ZSP w Chojnie\"},\"image\":{\"@id\":\"https:\/\/zsp1chojna.pl\/#\/schema\/logo\/image\/\"}}]}<\/script>\n<!-- \/ Yoast SEO plugin. -->","yoast_head_json":{"title":"Wolontariat - ZSP w Chojnie","robots":{"index":"index","follow":"follow","max-snippet":"max-snippet:-1","max-image-preview":"max-image-preview:large","max-video-preview":"max-video-preview:-1"},"canonical":"https:\/\/zsp1chojna.pl\/?page_id=44","og_locale":"pl_PL","og_type":"article","og_title":"Wolontariat - ZSP w Chojnie","og_url":"https:\/\/zsp1chojna.pl\/?page_id=44","og_site_name":"ZSP w Chojnie","article_modified_time":"2026-03-03T10:21:30+00:00","twitter_card":"summary_large_image","twitter_misc":{"Szacowany czas czytania":"5 minut"},"schema":{"@context":"https:\/\/schema.org","@graph":[{"@type":"WebPage","@id":"https:\/\/zsp1chojna.pl\/?page_id=44","url":"https:\/\/zsp1chojna.pl\/?page_id=44","name":"Wolontariat - ZSP w Chojnie","isPartOf":{"@id":"https:\/\/zsp1chojna.pl\/#website"},"datePublished":"2023-08-08T20:21:52+00:00","dateModified":"2026-03-03T10:21:30+00:00","breadcrumb":{"@id":"https:\/\/zsp1chojna.pl\/?page_id=44#breadcrumb"},"inLanguage":"pl-PL","potentialAction":[{"@type":"ReadAction","target":["https:\/\/zsp1chojna.pl\/?page_id=44"]}]},{"@type":"BreadcrumbList","@id":"https:\/\/zsp1chojna.pl\/?page_id=44#breadcrumb","itemListElement":[{"@type":"ListItem","position":1,"name":"Home","item":"https:\/\/zsp1chojna.pl\/"},{"@type":"ListItem","position":2,"name":"Wolontariat"}]},{"@type":"WebSite","@id":"https:\/\/zsp1chojna.pl\/#website","url":"https:\/\/zsp1chojna.pl\/","name":"ZSP w Chojnie","description":"","publisher":{"@id":"https:\/\/zsp1chojna.pl\/#organization"},"potentialAction":[{"@type":"SearchAction","target":{"@type":"EntryPoint","urlTemplate":"https:\/\/zsp1chojna.pl\/?s={search_term_string}"},"query-input":"required name=search_term_string"}],"inLanguage":"pl-PL"},{"@type":"Organization","@id":"https:\/\/zsp1chojna.pl\/#organization","name":"ZSP w Chojnie","url":"https:\/\/zsp1chojna.pl\/","logo":{"@type":"ImageObject","inLanguage":"pl-PL","@id":"https:\/\/zsp1chojna.pl\/#\/schema\/logo\/image\/","url":"https:\/\/zsp1chojna.pl\/wp-content\/uploads\/2023\/08\/cropped-cropped-cropped-Logo-biale-napis-na-3-wiersze_504-1.png","contentUrl":"https:\/\/zsp1chojna.pl\/wp-content\/uploads\/2023\/08\/cropped-cropped-cropped-Logo-biale-napis-na-3-wiersze_504-1.png","width":504,"height":167,"caption":"ZSP w Chojnie"},"image":{"@id":"https:\/\/zsp1chojna.pl\/#\/schema\/logo\/image\/"}}]}},"_links":{"self":[{"href":"https:\/\/zsp1chojna.pl\/index.php?rest_route=\/wp\/v2\/pages\/44","targetHints":{"allow":["GET"]}}],"collection":[{"href":"https:\/\/zsp1chojna.pl\/index.php?rest_route=\/wp\/v2\/pages"}],"about":[{"href":"https:\/\/zsp1chojna.pl\/index.php?rest_route=\/wp\/v2\/types\/page"}],"author":[{"embeddable":true,"href":"https:\/\/zsp1chojna.pl\/index.php?rest_route=\/wp\/v2\/users\/1"}],"replies":[{"embeddable":true,"href":"https:\/\/zsp1chojna.pl\/index.php?rest_route=%2Fwp%2Fv2%2Fcomments&post=44"}],"version-history":[{"count":13,"href":"https:\/\/zsp1chojna.pl\/index.php?rest_route=\/wp\/v2\/pages\/44\/revisions"}],"predecessor-version":[{"id":15354,"href":"https:\/\/zsp1chojna.pl\/index.php?rest_route=\/wp\/v2\/pages\/44\/revisions\/15354"}],"wp:attachment":[{"href":"https:\/\/zsp1chojna.pl\/index.php?rest_route=%2Fwp%2Fv2%2Fmedia&parent=44"}],"curies":[{"name":"wp","href":"https:\/\/api.w.org\/{rel}","templated":true}]}}