{"id":12310,"date":"2025-01-03T11:23:37","date_gmt":"2025-01-03T10:23:37","guid":{"rendered":"https:\/\/zsp1chojna.pl\/?page_id=12310"},"modified":"2025-01-03T13:54:48","modified_gmt":"2025-01-03T12:54:48","slug":"rys-historyczny","status":"publish","type":"page","link":"https:\/\/zsp1chojna.pl\/?page_id=12310","title":{"rendered":"Rys historyczny"},"content":{"rendered":"\n<p class=\"has-text-align-right\"><em>\u201eHistoria to \u015bwiadek czas\u00f3w, \u015bwiat\u0142o prawdy, \u017cywa pami\u0119\u0107,<\/em><br><em>&nbsp;mistrzyni \u017cycia, zwiastunka przysz\u0142o\u015bci&#8221;<\/em><br><em>Liwiusz<\/em><\/p>\n\n\n\n<p class=\"has-text-align-justify\">Pocz\u0105tek historii naszej szko\u0142y si\u0119ga roku 1958. Na siedzib\u0119 liceum wybrano budynek dawnej szko\u0142y niemieckiej przy ul. Dworcowej, w kt\u00f3rym podczas II wojny \u015bwiatowej mie\u015bci\u0142 si\u0119&nbsp; szpital polowy dla \u017co\u0142nierzy radzieckich. Koniec wojny przyni\u00f3s\u0142 Ziemi Choje\u0144skiej powa\u017cne zniszczenia w zabudowie, kt\u00f3re nie omin\u0119\u0142y r\u00f3wnie\u017c obecnego budynku liceum. Odbudowa i modernizacja szko\u0142y zako\u0144czona zosta\u0142a w 1957 roku. Przeniesiono do niego w\u00f3wczas z budynku przy ulicy szkolnej, dzia\u0142aj\u0105ce tam od 1954 roku Pa\u0144stwowe Liceum Pedagogiczne i Szko\u0142\u0119 Podstawow\u0105. Jednak ju\u017c po roku w\u0142adze o\u015bwiatowe podj\u0119\u0142y decyzj\u0119 o likwidacji Liceum Pedagogicznego i przeniesieniu uczni\u00f3w do podobnych plac\u00f3wek w innych miastach, np. w My\u015bliborzu i Stargardzie. Dyrektorzy tych szk\u00f3\u0142 przej\u0119li tak\u017ce sprz\u0119t szkolny i wyposa\u017cenie gabinet\u00f3w. Zacz\u0119to si\u0119 zastanawia\u0107 co zrobi\u0107 z okaza\u0142ym i \u015bwie\u017co wyremontowanym&nbsp; budynkiem liceum. W tej sprawie przyjecha\u0142a w\u00f3wczas do Chojny p. Derejczyk z&nbsp; Wydzia\u0142u Kszta\u0142cenia Nauczycieli Kuratorium ze Szczecina. Spotka\u0142a si\u0119 z mieszka\u0144cami&nbsp; Chojny i okolicy, kt\u00f3rzy uzasadniali potrzeb\u0119 dzia\u0142ania szkolnictwa \u015bredniego na tym terenie. Na skutek zdecydowanej postawy spo\u0142eczno\u015bci miasta, jak i niekt\u00f3rych nauczycieli, zorganizowano 11- letni\u0105 Szko\u0142\u0119 Og\u00f3lnokszta\u0142c\u0105c\u0105 \u2013 rozwojow\u0105. Du\u017cy wk\u0142ad w powstanie liceum wnie\u015bli: p. Kulmaga &#8211; prezes Gminnej Sp\u00f3\u0142dzielni, p. Dworak &#8211; sekretarz Miejskiej Rady &nbsp; Narodowej, naczelnik poczty p. Grochala, by\u0142y wicedyrektor liceum pedagogicznego- p. G\u0142uszko i szereg innych mieszka\u0144c\u00f3w Chojny, kt\u00f3rzy na zebraniach swoj\u0105 bojowo\u015bci\u0105 zagrzewali innych do zaj\u0119cia zdecydowanej postawy w tej sprawie.<\/p>\n\n\n\n<div class=\"wp-block-columns is-layout-flex wp-container-core-columns-is-layout-9d6595d7 wp-block-columns-is-layout-flex\">\n<div class=\"wp-block-column is-layout-flow wp-block-column-is-layout-flow\"><div class=\"wp-block-image\">\n<figure class=\"alignleft size-full\"><img loading=\"lazy\" decoding=\"async\" width=\"1280\" height=\"720\" data-attachment-id=\"12331\" data-permalink=\"https:\/\/zsp1chojna.pl\/?attachment_id=12331\" data-orig-file=\"https:\/\/zsp1chojna.pl\/wp-content\/uploads\/2025\/01\/historia-szkoly-5.jpg\" data-orig-size=\"1280,720\" data-comments-opened=\"1\" data-image-meta=\"{&quot;aperture&quot;:&quot;0&quot;,&quot;credit&quot;:&quot;&quot;,&quot;camera&quot;:&quot;&quot;,&quot;caption&quot;:&quot;&quot;,&quot;created_timestamp&quot;:&quot;0&quot;,&quot;copyright&quot;:&quot;&quot;,&quot;focal_length&quot;:&quot;0&quot;,&quot;iso&quot;:&quot;0&quot;,&quot;shutter_speed&quot;:&quot;0&quot;,&quot;title&quot;:&quot;&quot;,&quot;orientation&quot;:&quot;0&quot;}\" data-image-title=\"historia-szkoly (5)\" data-image-description=\"\" data-image-caption=\"\" data-medium-file=\"https:\/\/zsp1chojna.pl\/wp-content\/uploads\/2025\/01\/historia-szkoly-5-300x169.jpg\" data-large-file=\"https:\/\/zsp1chojna.pl\/wp-content\/uploads\/2025\/01\/historia-szkoly-5-1024x576.jpg\" src=\"https:\/\/zsp1chojna.pl\/wp-content\/uploads\/2025\/01\/historia-szkoly-5.jpg\" alt=\"\" class=\"wp-image-12331\" srcset=\"https:\/\/zsp1chojna.pl\/wp-content\/uploads\/2025\/01\/historia-szkoly-5.jpg 1280w, https:\/\/zsp1chojna.pl\/wp-content\/uploads\/2025\/01\/historia-szkoly-5-300x169.jpg 300w, https:\/\/zsp1chojna.pl\/wp-content\/uploads\/2025\/01\/historia-szkoly-5-1024x576.jpg 1024w, https:\/\/zsp1chojna.pl\/wp-content\/uploads\/2025\/01\/historia-szkoly-5-768x432.jpg 768w, https:\/\/zsp1chojna.pl\/wp-content\/uploads\/2025\/01\/historia-szkoly-5-947x533.jpg 947w, https:\/\/zsp1chojna.pl\/wp-content\/uploads\/2025\/01\/historia-szkoly-5-624x351.jpg 624w\" sizes=\"auto, (max-width: 1280px) 100vw, 1280px\" \/><\/figure>\n<\/div><\/div>\n\n\n\n<div class=\"wp-block-column is-layout-flow wp-block-column-is-layout-flow\"><div class=\"wp-block-image\">\n<figure class=\"alignleft size-full\"><img loading=\"lazy\" decoding=\"async\" width=\"1280\" height=\"720\" data-attachment-id=\"12332\" data-permalink=\"https:\/\/zsp1chojna.pl\/?attachment_id=12332\" data-orig-file=\"https:\/\/zsp1chojna.pl\/wp-content\/uploads\/2025\/01\/historia-szkoly-6.jpg\" data-orig-size=\"1280,720\" data-comments-opened=\"1\" data-image-meta=\"{&quot;aperture&quot;:&quot;0&quot;,&quot;credit&quot;:&quot;&quot;,&quot;camera&quot;:&quot;&quot;,&quot;caption&quot;:&quot;&quot;,&quot;created_timestamp&quot;:&quot;0&quot;,&quot;copyright&quot;:&quot;&quot;,&quot;focal_length&quot;:&quot;0&quot;,&quot;iso&quot;:&quot;0&quot;,&quot;shutter_speed&quot;:&quot;0&quot;,&quot;title&quot;:&quot;&quot;,&quot;orientation&quot;:&quot;0&quot;}\" data-image-title=\"historia-szkoly (6)\" data-image-description=\"\" data-image-caption=\"\" data-medium-file=\"https:\/\/zsp1chojna.pl\/wp-content\/uploads\/2025\/01\/historia-szkoly-6-300x169.jpg\" data-large-file=\"https:\/\/zsp1chojna.pl\/wp-content\/uploads\/2025\/01\/historia-szkoly-6-1024x576.jpg\" src=\"https:\/\/zsp1chojna.pl\/wp-content\/uploads\/2025\/01\/historia-szkoly-6.jpg\" alt=\"\" class=\"wp-image-12332\" srcset=\"https:\/\/zsp1chojna.pl\/wp-content\/uploads\/2025\/01\/historia-szkoly-6.jpg 1280w, https:\/\/zsp1chojna.pl\/wp-content\/uploads\/2025\/01\/historia-szkoly-6-300x169.jpg 300w, https:\/\/zsp1chojna.pl\/wp-content\/uploads\/2025\/01\/historia-szkoly-6-1024x576.jpg 1024w, https:\/\/zsp1chojna.pl\/wp-content\/uploads\/2025\/01\/historia-szkoly-6-768x432.jpg 768w, https:\/\/zsp1chojna.pl\/wp-content\/uploads\/2025\/01\/historia-szkoly-6-947x533.jpg 947w, https:\/\/zsp1chojna.pl\/wp-content\/uploads\/2025\/01\/historia-szkoly-6-624x351.jpg 624w\" sizes=\"auto, (max-width: 1280px) 100vw, 1280px\" \/><\/figure>\n<\/div><\/div>\n\n\n\n<div class=\"wp-block-column is-layout-flow wp-block-column-is-layout-flow\"><div class=\"wp-block-image\">\n<figure class=\"alignleft size-full\"><img loading=\"lazy\" decoding=\"async\" width=\"1280\" height=\"720\" data-attachment-id=\"12342\" data-permalink=\"https:\/\/zsp1chojna.pl\/?attachment_id=12342\" data-orig-file=\"https:\/\/zsp1chojna.pl\/wp-content\/uploads\/2025\/01\/historia-szkoly-8-2.jpg\" data-orig-size=\"1280,720\" data-comments-opened=\"1\" data-image-meta=\"{&quot;aperture&quot;:&quot;0&quot;,&quot;credit&quot;:&quot;&quot;,&quot;camera&quot;:&quot;&quot;,&quot;caption&quot;:&quot;&quot;,&quot;created_timestamp&quot;:&quot;0&quot;,&quot;copyright&quot;:&quot;&quot;,&quot;focal_length&quot;:&quot;0&quot;,&quot;iso&quot;:&quot;0&quot;,&quot;shutter_speed&quot;:&quot;0&quot;,&quot;title&quot;:&quot;&quot;,&quot;orientation&quot;:&quot;0&quot;}\" data-image-title=\"historia-szkoly (8)\" data-image-description=\"\" data-image-caption=\"\" data-medium-file=\"https:\/\/zsp1chojna.pl\/wp-content\/uploads\/2025\/01\/historia-szkoly-8-2-300x169.jpg\" data-large-file=\"https:\/\/zsp1chojna.pl\/wp-content\/uploads\/2025\/01\/historia-szkoly-8-2-1024x576.jpg\" src=\"https:\/\/zsp1chojna.pl\/wp-content\/uploads\/2025\/01\/historia-szkoly-8-2.jpg\" alt=\"\" class=\"wp-image-12342\" srcset=\"https:\/\/zsp1chojna.pl\/wp-content\/uploads\/2025\/01\/historia-szkoly-8-2.jpg 1280w, https:\/\/zsp1chojna.pl\/wp-content\/uploads\/2025\/01\/historia-szkoly-8-2-300x169.jpg 300w, https:\/\/zsp1chojna.pl\/wp-content\/uploads\/2025\/01\/historia-szkoly-8-2-1024x576.jpg 1024w, https:\/\/zsp1chojna.pl\/wp-content\/uploads\/2025\/01\/historia-szkoly-8-2-768x432.jpg 768w, https:\/\/zsp1chojna.pl\/wp-content\/uploads\/2025\/01\/historia-szkoly-8-2-947x533.jpg 947w, https:\/\/zsp1chojna.pl\/wp-content\/uploads\/2025\/01\/historia-szkoly-8-2-624x351.jpg 624w\" sizes=\"auto, (max-width: 1280px) 100vw, 1280px\" \/><\/figure>\n<\/div><\/div>\n<\/div>\n\n\n\n<p class=\"has-text-align-justify\">Delegacja rodzic\u00f3w je\u017adzi\u0142a do Kuratorium i KW PZPR. Uparta i zdecydowana postawa rodzic\u00f3w, poparta pomoc\u0105 dla nowo organizowanej si\u0119 szko\u0142y, zyska\u0142a uznanie w by\u0142ym Wydziale O\u015bwiaty Wojew\u00f3dzkiej Rady Narodowej w Szczecinie. Delegacji rodzic\u00f3w o\u015bwiadczono, \u017ce o ile b\u0119dzie odpowiednia ilo\u015b\u0107 kandydat\u00f3w, to zostanie otwarta klasa VIII. Rozpocz\u0119to rekrutacj\u0119. Dyrektor szko\u0142y, p. Zbigniew Sroka, odwiedza\u0142 pobliskie szko\u0142y podstawowe, w kt\u00f3rych by\u0142a klasa VII i zach\u0119ca\u0142 m\u0142odzie\u017c do kontynuowania nauki w liceum w Chojnie.\u00a0\u00a0\u00a0<br><strong>1 wrze\u015bnia 1958 roku po raz pierwszy w mury szko\u0142y wst\u0105pili uczniowie liceum og\u00f3lnokszta\u0142c\u0105cego\u00a0<\/strong>i istniej\u0105cej ju\u017c szko\u0142y podstawowej z obwodu szkolnego, kt\u00f3ry obejmowa\u0142 Barnkowo,\u00a0 Koloni\u0119 oraz ulice: Poln\u0105 i Ogrodow\u0105. By\u0142o w\u00f3wczas siedem klas szko\u0142y podstawowej, a klasa \u00f3sma da\u0142a pocz\u0105tek liceum. Uczy\u0142o si\u0119 w niej 41 uczni\u00f3w. Dyrektorem szko\u0142y zosta\u0142 p. Zbigniew Sroka, kt\u00f3ry wcze\u015bniej pracowa\u0142 jako nauczyciel matematyki w liceum pedagogicznym. Prac\u0119 rozpocz\u0119\u0142o 8 nauczycieli. I tak rozpocz\u0119\u0142a si\u0119 historia Liceum Og\u00f3lnokszta\u0142c\u0105cego w Chojnie. Zadaniem dyrektora by\u0142o wyposa\u017cenie szko\u0142y w sprz\u0119t, kt\u00f3ry przywieziono ze Szczecina z likwidowanych plac\u00f3wek, a nast\u0119pnie dzi\u0119ki pomocy radnych z powiatu i gminy uda\u0142o si\u0119 pozyska\u0107 pieni\u0105dze na uzupe\u0142nienie bazy dydaktycznej. Du\u017c\u0105 pomoc\u0105 s\u0142u\u017cy\u0142 Pa\u0144stwowy O\u015brodek Maszynowy w Chojnie, kt\u00f3ry w 1959 roku zosta\u0142 opiekunem szko\u0142y, pomagaj\u0105c m.in. w transporcie sprz\u0119tu oraz w\u0119gla do kot\u0142owni.<\/p>\n\n\n\n<div class=\"wp-block-columns is-layout-flex wp-container-core-columns-is-layout-9d6595d7 wp-block-columns-is-layout-flex\">\n<div class=\"wp-block-column is-layout-flow wp-block-column-is-layout-flow\">\n<figure class=\"wp-block-image size-large\"><img loading=\"lazy\" decoding=\"async\" width=\"1024\" height=\"576\" data-attachment-id=\"12344\" data-permalink=\"https:\/\/zsp1chojna.pl\/?attachment_id=12344\" data-orig-file=\"https:\/\/zsp1chojna.pl\/wp-content\/uploads\/2025\/01\/historia-szkoly-7.jpg\" data-orig-size=\"1280,720\" data-comments-opened=\"1\" data-image-meta=\"{&quot;aperture&quot;:&quot;0&quot;,&quot;credit&quot;:&quot;&quot;,&quot;camera&quot;:&quot;&quot;,&quot;caption&quot;:&quot;&quot;,&quot;created_timestamp&quot;:&quot;0&quot;,&quot;copyright&quot;:&quot;&quot;,&quot;focal_length&quot;:&quot;0&quot;,&quot;iso&quot;:&quot;0&quot;,&quot;shutter_speed&quot;:&quot;0&quot;,&quot;title&quot;:&quot;&quot;,&quot;orientation&quot;:&quot;0&quot;}\" data-image-title=\"historia-szkoly (7)\" data-image-description=\"\" data-image-caption=\"\" data-medium-file=\"https:\/\/zsp1chojna.pl\/wp-content\/uploads\/2025\/01\/historia-szkoly-7-300x169.jpg\" data-large-file=\"https:\/\/zsp1chojna.pl\/wp-content\/uploads\/2025\/01\/historia-szkoly-7-1024x576.jpg\" src=\"https:\/\/zsp1chojna.pl\/wp-content\/uploads\/2025\/01\/historia-szkoly-7-1024x576.jpg\" alt=\"\" class=\"wp-image-12344\" srcset=\"https:\/\/zsp1chojna.pl\/wp-content\/uploads\/2025\/01\/historia-szkoly-7-1024x576.jpg 1024w, https:\/\/zsp1chojna.pl\/wp-content\/uploads\/2025\/01\/historia-szkoly-7-300x169.jpg 300w, https:\/\/zsp1chojna.pl\/wp-content\/uploads\/2025\/01\/historia-szkoly-7-768x432.jpg 768w, https:\/\/zsp1chojna.pl\/wp-content\/uploads\/2025\/01\/historia-szkoly-7-947x533.jpg 947w, https:\/\/zsp1chojna.pl\/wp-content\/uploads\/2025\/01\/historia-szkoly-7-624x351.jpg 624w, https:\/\/zsp1chojna.pl\/wp-content\/uploads\/2025\/01\/historia-szkoly-7.jpg 1280w\" sizes=\"auto, (max-width: 1024px) 100vw, 1024px\" \/><\/figure>\n<\/div>\n\n\n\n<div class=\"wp-block-column is-layout-flow wp-block-column-is-layout-flow\">\n<figure class=\"wp-block-image size-large\"><img loading=\"lazy\" decoding=\"async\" width=\"1024\" height=\"576\" data-attachment-id=\"12345\" data-permalink=\"https:\/\/zsp1chojna.pl\/?attachment_id=12345\" data-orig-file=\"https:\/\/zsp1chojna.pl\/wp-content\/uploads\/2025\/01\/historia-szkoly-10.jpg\" data-orig-size=\"1280,720\" data-comments-opened=\"1\" data-image-meta=\"{&quot;aperture&quot;:&quot;0&quot;,&quot;credit&quot;:&quot;&quot;,&quot;camera&quot;:&quot;&quot;,&quot;caption&quot;:&quot;&quot;,&quot;created_timestamp&quot;:&quot;0&quot;,&quot;copyright&quot;:&quot;&quot;,&quot;focal_length&quot;:&quot;0&quot;,&quot;iso&quot;:&quot;0&quot;,&quot;shutter_speed&quot;:&quot;0&quot;,&quot;title&quot;:&quot;&quot;,&quot;orientation&quot;:&quot;0&quot;}\" data-image-title=\"historia-szkoly (10)\" data-image-description=\"\" data-image-caption=\"\" data-medium-file=\"https:\/\/zsp1chojna.pl\/wp-content\/uploads\/2025\/01\/historia-szkoly-10-300x169.jpg\" data-large-file=\"https:\/\/zsp1chojna.pl\/wp-content\/uploads\/2025\/01\/historia-szkoly-10-1024x576.jpg\" src=\"https:\/\/zsp1chojna.pl\/wp-content\/uploads\/2025\/01\/historia-szkoly-10-1024x576.jpg\" alt=\"\" class=\"wp-image-12345\" srcset=\"https:\/\/zsp1chojna.pl\/wp-content\/uploads\/2025\/01\/historia-szkoly-10-1024x576.jpg 1024w, https:\/\/zsp1chojna.pl\/wp-content\/uploads\/2025\/01\/historia-szkoly-10-300x169.jpg 300w, https:\/\/zsp1chojna.pl\/wp-content\/uploads\/2025\/01\/historia-szkoly-10-768x432.jpg 768w, https:\/\/zsp1chojna.pl\/wp-content\/uploads\/2025\/01\/historia-szkoly-10-947x533.jpg 947w, https:\/\/zsp1chojna.pl\/wp-content\/uploads\/2025\/01\/historia-szkoly-10-624x351.jpg 624w, https:\/\/zsp1chojna.pl\/wp-content\/uploads\/2025\/01\/historia-szkoly-10.jpg 1280w\" sizes=\"auto, (max-width: 1024px) 100vw, 1024px\" \/><\/figure>\n<\/div>\n\n\n\n<div class=\"wp-block-column is-layout-flow wp-block-column-is-layout-flow\">\n<figure class=\"wp-block-image size-large\"><img loading=\"lazy\" decoding=\"async\" width=\"1024\" height=\"576\" data-attachment-id=\"12346\" data-permalink=\"https:\/\/zsp1chojna.pl\/?attachment_id=12346\" data-orig-file=\"https:\/\/zsp1chojna.pl\/wp-content\/uploads\/2025\/01\/historia-szkoly-9.jpg\" data-orig-size=\"1280,720\" data-comments-opened=\"1\" data-image-meta=\"{&quot;aperture&quot;:&quot;0&quot;,&quot;credit&quot;:&quot;&quot;,&quot;camera&quot;:&quot;&quot;,&quot;caption&quot;:&quot;&quot;,&quot;created_timestamp&quot;:&quot;0&quot;,&quot;copyright&quot;:&quot;&quot;,&quot;focal_length&quot;:&quot;0&quot;,&quot;iso&quot;:&quot;0&quot;,&quot;shutter_speed&quot;:&quot;0&quot;,&quot;title&quot;:&quot;&quot;,&quot;orientation&quot;:&quot;0&quot;}\" data-image-title=\"historia-szkoly (9)\" data-image-description=\"\" data-image-caption=\"\" data-medium-file=\"https:\/\/zsp1chojna.pl\/wp-content\/uploads\/2025\/01\/historia-szkoly-9-300x169.jpg\" data-large-file=\"https:\/\/zsp1chojna.pl\/wp-content\/uploads\/2025\/01\/historia-szkoly-9-1024x576.jpg\" src=\"https:\/\/zsp1chojna.pl\/wp-content\/uploads\/2025\/01\/historia-szkoly-9-1024x576.jpg\" alt=\"\" class=\"wp-image-12346\" srcset=\"https:\/\/zsp1chojna.pl\/wp-content\/uploads\/2025\/01\/historia-szkoly-9-1024x576.jpg 1024w, https:\/\/zsp1chojna.pl\/wp-content\/uploads\/2025\/01\/historia-szkoly-9-300x169.jpg 300w, https:\/\/zsp1chojna.pl\/wp-content\/uploads\/2025\/01\/historia-szkoly-9-768x432.jpg 768w, https:\/\/zsp1chojna.pl\/wp-content\/uploads\/2025\/01\/historia-szkoly-9-947x533.jpg 947w, https:\/\/zsp1chojna.pl\/wp-content\/uploads\/2025\/01\/historia-szkoly-9-624x351.jpg 624w, https:\/\/zsp1chojna.pl\/wp-content\/uploads\/2025\/01\/historia-szkoly-9.jpg 1280w\" sizes=\"auto, (max-width: 1024px) 100vw, 1024px\" \/><\/figure>\n<\/div>\n<\/div>\n\n\n\n<p class=\"has-text-align-justify\">Wi\u0119kszym jednak problemem, jak wspomina dyrektor Sroka, by\u0142o skompletowanie kadry nauczycielskiej. W 1959 roku w szkole pracowa\u0142o ju\u017c 10 nauczycieli i z ka\u017cdym rokiem liczba ta si\u0119 zwi\u0119ksza\u0142a.\u00a0\u00a0\u00a0\u00a0 W szkole uczy\u0142o si\u0119 sporo \u00a0m\u0142odzie\u017cy z okolic Chojny, st\u0105d zaistnia\u0142a potrzeba internatu. Umieszczono go\u00a0 na II pi\u0119trze budynku szkolnego, za\u015b sto\u0142\u00f3wk\u0119 i kot\u0142owni\u0119 w suterenie. W pierwszym roku istnienia szko\u0142y dwie sale zaj\u0119te by\u0142y przez uczni\u00f3w mieszkaj\u0105cych w internacie. Wraz ze wzrostem liczby uczni\u00f3w z terenu, zacz\u0119\u0142o brakowa\u0107\u00a0 miejsc w internacie. Dyrektor rozpocz\u0105\u0142 wi\u0119c starania o zgod\u0119 na budow\u0119 nowego\u00a0 budynku,\u00a0 w kt\u00f3rym mog\u0142aby mieszka\u0107 m\u0142odzie\u017c szkolna. Niestety, na pocz\u0105tku lat sze\u015b\u0107dziesi\u0105tych nie by\u0142o to mo\u017cliwe. W efekcie zabiegania w tej sprawie miasto odda\u0142o do u\u017cytku szko\u0142y na internat i mieszkania dla kadry nauczycielskiej budynek przy ul. Roosevelta, gdzie wcze\u015bniej urz\u0119dowa\u0142y w\u0142adze miasta i mie\u015bci\u0142a si\u0119 biblioteka. Do wa\u017cniejszych inwestycji z tego okresu nale\u017cy r\u00f3wnie\u017c remont boiska szkolnego, kt\u00f3ry uda\u0142 si\u0119 niewielkim kosztem, za to przy wymiernej pomocy rodzic\u00f3w.\u00a0\u00a0\u00a0 W maju 1962 roku odby\u0142a si\u0119 w liceum pierwsza matura. Przyst\u0105pi\u0142o do niej 21 absolwent\u00f3w. Pomimo wielu obaw uczni\u00f3w\u00a0 co do wynik\u00f3w, 20 absolwent\u00f3w j\u0105 zda\u0142o.  Po\u0142o\u017cenie Chojny w Rejonie Pami\u0119ci Narodowej zadecydowa\u0142o o nadaniu imienia szkole. 4 lutego 1970 roku Kurator O\u015bwiaty, na wniosek w\u0142adz szkolnych, nada\u0142 Liceum Og\u00f3lnokszta\u0142c\u0105cemu w Chojnie imi\u0119 Bohater\u00f3w spod Siekierek, a 5 marca zosta\u0142 wr\u0119czony\u00a0 szkole sztandar ufundowany przez mieszka\u0144c\u00f3w miasta i okolicy, przyjaci\u00f3\u0142 i rodzic\u00f3w. W tym dniu tak\u017ce zosta\u0142a ods\u0142oni\u0119ta tablica pami\u0105tkowa, kt\u00f3r\u0105\u00a0 umieszczono na budynku przy wej\u015bciu.<br>Z czasem, w zwi\u0105zku z coraz wi\u0119ksz\u0105 liczb\u0105 uczni\u00f3w spoza Chojny, internat\u00a0 przy Roosevelta okaza\u0142 si\u0119 za ma\u0142y, dlatego te\u017c dyrektor Sroka rozpocz\u0105\u0142 starania o pozwolenie na budow\u0119 nowego, obok budynku szko\u0142y. Po wielu problemach uda\u0142o si\u0119 i rozpocz\u0119\u0142a si\u0119, trwaj\u0105ca trzy lata budowa nowoczesnego, trzypi\u0119trowego budynku internatu, zaprojektowanego na 250 os\u00f3b. Uczniowie zamieszkali w nim w 1975 roku.\u00a0\u00a0\u00a0 Na szczeg\u00f3ln\u0105 uwag\u0119 w tym okresie dzia\u0142alno\u015bci szko\u0142y zas\u0142uguje prowadzona przez p. Zofi\u0119 Srok\u0119 dru\u017cyna sanitarna PCK, kt\u00f3ra odnosi\u0142a sukcesy w rywalizacji z innymi szko\u0142ami wojew\u00f3dztwa. Nauczyciele za\u015b stworzyli m\u0119sk\u0105 dru\u017cyn\u0119 siatk\u00f3wki, graj\u0105c\u00a0 w lidze nauczycielskiej\u00a0 i odnosz\u0105c sukcesy.\u00a0W latach 1972-1975 dyrektorem szko\u0142y by\u0142 wcze\u015bniejszy jej wicedyrektor p. Gerard Lemke, z wykszta\u0142cenia polonista. Zwi\u0119ksza\u0142a si\u0119 liczebno\u015b\u0107 grona nauczycielskiego, w zwi\u0105zku z coraz wi\u0119ksz\u0105 ilo\u015bci\u0105\u00a0 m\u0142odzie\u017cy w szkole. W ka\u017cdym roczniku by\u0142o ju\u017c w\u00f3wczas po cztery klasy.\u00a0\u00a0W liceum\u00a0 w tym okresie pr\u0119\u017cnie dzia\u0142a\u0142 ch\u00f3r. Zesp\u00f3\u0142 wokalny prowadzony przez p. Leona Skar\u017cy\u0144skiego u\u015bwietnia\u0142 swymi wyst\u0119pami uroczysto\u015bci szkolne i miejskie. W latach 1971-1973 dzia\u0142a\u0142\u00a0 pod kierownictwem p. Henryka Barszczewskiego zesp\u00f3\u0142 taneczny, kt\u00f3ry wykonywa\u0142 ta\u0144ce ludowe, scenki tematyczne, prezentowane na uroczysto\u015bciach szkolnych, w mie\u015bcie, a tak\u017ce na funkcjonuj\u0105cym w Chojnie lotnisku radzieckim. Szko\u0142a odnosi\u0142a sporo sukces\u00f3w w olimpiadach i konkursach przedmiotowych.<\/p>\n\n\n\n<div class=\"wp-block-columns is-layout-flex wp-container-core-columns-is-layout-9d6595d7 wp-block-columns-is-layout-flex\">\n<div class=\"wp-block-column is-layout-flow wp-block-column-is-layout-flow\">\n<figure class=\"wp-block-image size-large\"><img loading=\"lazy\" decoding=\"async\" width=\"1024\" height=\"576\" data-attachment-id=\"12352\" data-permalink=\"https:\/\/zsp1chojna.pl\/?attachment_id=12352\" data-orig-file=\"https:\/\/zsp1chojna.pl\/wp-content\/uploads\/2025\/01\/historia-szkoly-2.jpg\" data-orig-size=\"1280,720\" data-comments-opened=\"1\" data-image-meta=\"{&quot;aperture&quot;:&quot;0&quot;,&quot;credit&quot;:&quot;&quot;,&quot;camera&quot;:&quot;&quot;,&quot;caption&quot;:&quot;&quot;,&quot;created_timestamp&quot;:&quot;0&quot;,&quot;copyright&quot;:&quot;&quot;,&quot;focal_length&quot;:&quot;0&quot;,&quot;iso&quot;:&quot;0&quot;,&quot;shutter_speed&quot;:&quot;0&quot;,&quot;title&quot;:&quot;&quot;,&quot;orientation&quot;:&quot;0&quot;}\" data-image-title=\"historia-szkoly (2)\" data-image-description=\"\" data-image-caption=\"\" data-medium-file=\"https:\/\/zsp1chojna.pl\/wp-content\/uploads\/2025\/01\/historia-szkoly-2-300x169.jpg\" data-large-file=\"https:\/\/zsp1chojna.pl\/wp-content\/uploads\/2025\/01\/historia-szkoly-2-1024x576.jpg\" src=\"https:\/\/zsp1chojna.pl\/wp-content\/uploads\/2025\/01\/historia-szkoly-2-1024x576.jpg\" alt=\"\" class=\"wp-image-12352\" srcset=\"https:\/\/zsp1chojna.pl\/wp-content\/uploads\/2025\/01\/historia-szkoly-2-1024x576.jpg 1024w, https:\/\/zsp1chojna.pl\/wp-content\/uploads\/2025\/01\/historia-szkoly-2-300x169.jpg 300w, https:\/\/zsp1chojna.pl\/wp-content\/uploads\/2025\/01\/historia-szkoly-2-768x432.jpg 768w, https:\/\/zsp1chojna.pl\/wp-content\/uploads\/2025\/01\/historia-szkoly-2-947x533.jpg 947w, https:\/\/zsp1chojna.pl\/wp-content\/uploads\/2025\/01\/historia-szkoly-2-624x351.jpg 624w, https:\/\/zsp1chojna.pl\/wp-content\/uploads\/2025\/01\/historia-szkoly-2.jpg 1280w\" sizes=\"auto, (max-width: 1024px) 100vw, 1024px\" \/><\/figure>\n<\/div>\n\n\n\n<div class=\"wp-block-column is-layout-flow wp-block-column-is-layout-flow\">\n<figure class=\"wp-block-image size-large\"><img loading=\"lazy\" decoding=\"async\" width=\"1024\" height=\"576\" data-attachment-id=\"12353\" data-permalink=\"https:\/\/zsp1chojna.pl\/?attachment_id=12353\" data-orig-file=\"https:\/\/zsp1chojna.pl\/wp-content\/uploads\/2025\/01\/historia-szkoly-1.jpg\" data-orig-size=\"1280,720\" data-comments-opened=\"1\" data-image-meta=\"{&quot;aperture&quot;:&quot;0&quot;,&quot;credit&quot;:&quot;&quot;,&quot;camera&quot;:&quot;&quot;,&quot;caption&quot;:&quot;&quot;,&quot;created_timestamp&quot;:&quot;0&quot;,&quot;copyright&quot;:&quot;&quot;,&quot;focal_length&quot;:&quot;0&quot;,&quot;iso&quot;:&quot;0&quot;,&quot;shutter_speed&quot;:&quot;0&quot;,&quot;title&quot;:&quot;&quot;,&quot;orientation&quot;:&quot;0&quot;}\" data-image-title=\"historia-szkoly (1)\" data-image-description=\"\" data-image-caption=\"\" data-medium-file=\"https:\/\/zsp1chojna.pl\/wp-content\/uploads\/2025\/01\/historia-szkoly-1-300x169.jpg\" data-large-file=\"https:\/\/zsp1chojna.pl\/wp-content\/uploads\/2025\/01\/historia-szkoly-1-1024x576.jpg\" src=\"https:\/\/zsp1chojna.pl\/wp-content\/uploads\/2025\/01\/historia-szkoly-1-1024x576.jpg\" alt=\"\" class=\"wp-image-12353\" srcset=\"https:\/\/zsp1chojna.pl\/wp-content\/uploads\/2025\/01\/historia-szkoly-1-1024x576.jpg 1024w, https:\/\/zsp1chojna.pl\/wp-content\/uploads\/2025\/01\/historia-szkoly-1-300x169.jpg 300w, https:\/\/zsp1chojna.pl\/wp-content\/uploads\/2025\/01\/historia-szkoly-1-768x432.jpg 768w, https:\/\/zsp1chojna.pl\/wp-content\/uploads\/2025\/01\/historia-szkoly-1-947x533.jpg 947w, https:\/\/zsp1chojna.pl\/wp-content\/uploads\/2025\/01\/historia-szkoly-1-624x351.jpg 624w, https:\/\/zsp1chojna.pl\/wp-content\/uploads\/2025\/01\/historia-szkoly-1.jpg 1280w\" sizes=\"auto, (max-width: 1024px) 100vw, 1024px\" \/><\/figure>\n<\/div>\n\n\n\n<div class=\"wp-block-column is-layout-flow wp-block-column-is-layout-flow\">\n<figure class=\"wp-block-image size-large\"><img loading=\"lazy\" decoding=\"async\" width=\"1024\" height=\"576\" data-attachment-id=\"12354\" data-permalink=\"https:\/\/zsp1chojna.pl\/?attachment_id=12354\" data-orig-file=\"https:\/\/zsp1chojna.pl\/wp-content\/uploads\/2025\/01\/historia-szkoly-11.jpg\" data-orig-size=\"1280,720\" data-comments-opened=\"1\" data-image-meta=\"{&quot;aperture&quot;:&quot;0&quot;,&quot;credit&quot;:&quot;&quot;,&quot;camera&quot;:&quot;&quot;,&quot;caption&quot;:&quot;&quot;,&quot;created_timestamp&quot;:&quot;0&quot;,&quot;copyright&quot;:&quot;&quot;,&quot;focal_length&quot;:&quot;0&quot;,&quot;iso&quot;:&quot;0&quot;,&quot;shutter_speed&quot;:&quot;0&quot;,&quot;title&quot;:&quot;&quot;,&quot;orientation&quot;:&quot;0&quot;}\" data-image-title=\"historia-szkoly (11)\" data-image-description=\"\" data-image-caption=\"\" data-medium-file=\"https:\/\/zsp1chojna.pl\/wp-content\/uploads\/2025\/01\/historia-szkoly-11-300x169.jpg\" data-large-file=\"https:\/\/zsp1chojna.pl\/wp-content\/uploads\/2025\/01\/historia-szkoly-11-1024x576.jpg\" src=\"https:\/\/zsp1chojna.pl\/wp-content\/uploads\/2025\/01\/historia-szkoly-11-1024x576.jpg\" alt=\"\" class=\"wp-image-12354\" srcset=\"https:\/\/zsp1chojna.pl\/wp-content\/uploads\/2025\/01\/historia-szkoly-11-1024x576.jpg 1024w, https:\/\/zsp1chojna.pl\/wp-content\/uploads\/2025\/01\/historia-szkoly-11-300x169.jpg 300w, https:\/\/zsp1chojna.pl\/wp-content\/uploads\/2025\/01\/historia-szkoly-11-768x432.jpg 768w, https:\/\/zsp1chojna.pl\/wp-content\/uploads\/2025\/01\/historia-szkoly-11-947x533.jpg 947w, https:\/\/zsp1chojna.pl\/wp-content\/uploads\/2025\/01\/historia-szkoly-11-624x351.jpg 624w, https:\/\/zsp1chojna.pl\/wp-content\/uploads\/2025\/01\/historia-szkoly-11.jpg 1280w\" sizes=\"auto, (max-width: 1024px) 100vw, 1024px\" \/><\/figure>\n<\/div>\n<\/div>\n\n\n\n<p class=\"has-text-align-justify\">Wi\u0119kszo\u015b\u0107 absolwent\u00f3w z powodzeniem dostawa\u0142a si\u0119 na studia i \u015bwietnie sobie na nich radzi\u0142a. Mocnym atutem szko\u0142y by\u0142y zawsze osi\u0105gni\u0119cia sportowe, szczeg\u00f3lnie w grach zespo\u0142owych.\u00a0\u00a020 sierpnia 1980 roku szko\u0142a zmieni\u0142a nazw\u0119 na Zesp\u00f3\u0142 Szk\u00f3\u0142 imienia Bohater\u00f3w spod\u00a0 Siekierek, bowiem ju\u017c pod koniec lat siedemdziesi\u0105tych wprowadzono do niej ponownie szko\u0142\u0119 podstawow\u0105. Na pocz\u0105tku klasy: si\u00f3dm\u0105 i \u00f3sm\u0105. W latach osiemdziesi\u0105tych utworzono tak\u017ce Technikum Hodowlane, a szko\u0142a podstawowa funkcjonowa\u0142a w ca\u0142o\u015bci, po jednej klasie w ka\u017cdym roczniku.\u00a0Zawirowania polityczne lat osiemdziesi\u0105tych nie omin\u0119\u0142y naszej szko\u0142y. W 1982 roku \u00a0zwolniony zosta\u0142 p. Antoni Widecki, pe\u0142ni\u0105cy funkcj\u0119 dyrektora od roku 1975. Nowym dyrektorem szko\u0142y zosta\u0142a p. Janina Kawecka.\u00a0Lata 80 &#8211; te dla Polski to okres kryzysu gospodarczego, kt\u00f3ry r\u00f3wnie\u017c mia\u0142 wp\u0142yw\u00a0 na\u00a0 funkcjonowanie szko\u0142y. Kolejni dyrektorzy szko\u0142y: p. Tadeusz Nowak, p. Janusz\u00a0 Cezary Salamo\u0144czyk i p. Danuta Czerniukiewicz borykali si\u0119 z wieloma problemami. Pomimo trudnego czasu, zar\u00f3wno z powodu ci\u0105g\u0142ego i g\u0142\u0119bokiego niedofinansowania\u00a0 o\u015bwiaty, jak i cz\u0119stych zmian przepis\u00f3w o\u015bwiatowych, a tak\u017ce nast\u0119puj\u0105cych kolejno\u00a0 zmian organizacyjnych, szko\u0142a nie tylko przetrwa\u0142a, ale nast\u0119powa\u0142 jej systematyczny rozw\u00f3j. W dalszym ci\u0105gu du\u017ca ilo\u015b\u0107 absolwent\u00f3w, po dobrze zdanej maturze dostawa\u0142a si\u0119 na studia.<\/p>\n\n\n<div class=\"wp-block-image\">\n<figure class=\"aligncenter size-full is-resized\"><img loading=\"lazy\" decoding=\"async\" width=\"620\" height=\"435\" data-attachment-id=\"12359\" data-permalink=\"https:\/\/zsp1chojna.pl\/?attachment_id=12359\" data-orig-file=\"https:\/\/zsp1chojna.pl\/wp-content\/uploads\/2025\/01\/dyrektor-historia.png\" data-orig-size=\"620,435\" data-comments-opened=\"1\" data-image-meta=\"{&quot;aperture&quot;:&quot;0&quot;,&quot;credit&quot;:&quot;&quot;,&quot;camera&quot;:&quot;&quot;,&quot;caption&quot;:&quot;&quot;,&quot;created_timestamp&quot;:&quot;0&quot;,&quot;copyright&quot;:&quot;&quot;,&quot;focal_length&quot;:&quot;0&quot;,&quot;iso&quot;:&quot;0&quot;,&quot;shutter_speed&quot;:&quot;0&quot;,&quot;title&quot;:&quot;&quot;,&quot;orientation&quot;:&quot;0&quot;}\" data-image-title=\"dyrektor-historia\" data-image-description=\"\" data-image-caption=\"\" data-medium-file=\"https:\/\/zsp1chojna.pl\/wp-content\/uploads\/2025\/01\/dyrektor-historia-300x210.png\" data-large-file=\"https:\/\/zsp1chojna.pl\/wp-content\/uploads\/2025\/01\/dyrektor-historia.png\" src=\"https:\/\/zsp1chojna.pl\/wp-content\/uploads\/2025\/01\/dyrektor-historia.png\" alt=\"\" class=\"wp-image-12359\" style=\"width:366px;height:auto\" srcset=\"https:\/\/zsp1chojna.pl\/wp-content\/uploads\/2025\/01\/dyrektor-historia.png 620w, https:\/\/zsp1chojna.pl\/wp-content\/uploads\/2025\/01\/dyrektor-historia-300x210.png 300w\" sizes=\"auto, (max-width: 620px) 100vw, 620px\" \/><\/figure>\n<\/div>\n\n<style>.kadence-column12310_368581-64 > .kt-inside-inner-col,.kadence-column12310_368581-64 > .kt-inside-inner-col:before{border-top-left-radius:0px;border-top-right-radius:0px;border-bottom-right-radius:0px;border-bottom-left-radius:0px;}.kadence-column12310_368581-64 > .kt-inside-inner-col:before{opacity:0.3;}.kadence-column12310_368581-64{position:relative;}<\/style>\n<div class=\"wp-block-kadence-column kadence-column12310_368581-64\"><div class=\"kt-inside-inner-col\">\n<div class=\"wp-block-columns is-layout-flex wp-container-core-columns-is-layout-9d6595d7 wp-block-columns-is-layout-flex\">\n<div class=\"wp-block-column is-layout-flow wp-block-column-is-layout-flow\" style=\"flex-basis:100%\">\n<p class=\"has-text-align-justify\">Od 1991 roku dyrektorem szko\u0142y przez 16 lat by\u0142 p. Zbigniew Niechcia\u0142. W okresie tym liczba oddzia\u0142\u00f3w licealnych stopniowo wzrasta\u0142a z 12-tu w roku szkolnym 1991\/ 1992 do 22 w roku 2000\/2001, co nie wynika\u0142o jedynie ze wzgl\u0119d\u00f3w demograficznych, ale przede wszystkim z rozszerzenia oferty edukacyjnej (wprowadzenia najpierw profilu matematyczno \u2013 informatycznego, a nast\u0119pnie profilu og\u00f3lnego z rozszerzonym nauczaniem\u00a0 j\u0119zyka angielskiego w ramach innowacji pedagogicznej). Dzi\u0119ki temu przej\u0119cie w 1996 roku szko\u0142y podstawowej przez samorz\u0105d gminy, nie wi\u0105za\u0142o si\u0119 z konieczno\u015bci\u0105\u00a0 zwolnienia nauczycieli.\u00a0\u00a0\u00a0 Stopniowej i systematycznej poprawie ulega\u0142 stan bazy dydaktycznej: dokonywane by\u0142y zakupy pomocy naukowych, sprz\u0119tu RTV, powsta\u0142y\u00a0 dwie pracownie informatyczne i centrum multimedialne. W szkole zatrudnieni byli nauczyciele zar\u00f3wno m\u0142odzi, jak i ze \u015brednim oraz du\u017cym sta\u017cem pracy (w roku szkolnym 1989\/ 1990 prac\u0119 w szkole rozpocz\u0119\u0142o 6 nauczycieli zaraz po uko\u0144czeniu studi\u00f3w). Efekty coraz lepszej i efektywniejszej pracy dydaktycznej zauwa\u017cy\u0107 mo\u017cna by\u0142o w procentowym wzro\u015bcie wska\u017anika zdanych matur, udziale m\u0142odzie\u017cy\u00a0 w r\u00f3\u017cnorodnych konkursach i olimpiadach, i jednocze\u015bnie wzrastaj\u0105cej liczbie wi\u0119kszych czy mniejszych osi\u0105ganych w nich sukcesach. Z chwil\u0105 reaktywowania SKS-\u00f3w wzros\u0142a wyra\u017anie ilo\u015b\u0107 sukces\u00f3w sportowych, nie tylko na skal\u0119 powiatu, ale i wojew\u00f3dztwa.\u00a0 W szkole bardzo pr\u0119\u017cnie, wychodz\u0105c z wieloma inicjatywami pracowa\u0142 Samorz\u0105d Uczniowski wydaj\u0105cy od 1993 roku gazet\u0119 szkoln\u0105 WI\u00d3RY, wielokrotnie wyr\u00f3\u017cnian\u0105 i nagradzan\u0105. Od 1994 roku zacz\u0119to organizowa\u0107 Festiwal Piosenki Angielskiej, imprez\u0119 o zasi\u0119gu og\u00f3lnopolskim, a w p\u00f3\u017aniejszym okresie mi\u0119dzynarodowym. Szko\u0142a nawi\u0105za\u0142a\u00a0 owocn\u0105 wsp\u00f3\u0142prac\u0119 z wieloma instytucjami\u00a0 m. in. Poradni\u0105 Psychologiczno \u2013 Pedagogiczn\u0105 w Chojnie, Urz\u0119dem Pracy w Chojnie, Pomorsk\u0105 Akademi\u0105 Kszta\u0142cenia Zawodowego w Szczecinie, Komend\u0105 Policji w Chojnie, Choje\u0144skim\u00a0 Centrum Kultury, Urz\u0119dem Miasta\u00a0 i Gminy Chojna. Po roku 2000\u00a0 bardzo pr\u0119\u017cnie rozwin\u0119\u0142a si\u0119 wsp\u00f3\u0142praca mi\u0119dzynarodowa z wieloma pa\u0144stwami Unii Europejskiej, a w szczeg\u00f3lno\u015bci z miastem Sherborne w Anglii, polegaj\u0105ca na wymianie m\u0142odzie\u017cy, udziale w projektach realizowanych w ramach programu Socrates, a tak\u017ce koordynowaniu projektu w ramach programu Comenius.\u00a0Reforma systemu o\u015bwiaty spowodowa\u0142a, \u017ce w roku 2002 szko\u0142y \u015brednie w ca\u0142ym kraju zosta\u0142y przemianowane w szko\u0142y ponadgimnazjalne, w wi\u0119kszo\u015bci przypadk\u00f3w zespo\u0142y szk\u00f3\u0142. Nasza szko\u0142a przyj\u0119\u0142a nazw\u0119 Zespo\u0142u Szk\u00f3\u0142 Ponadgimnazjalnych Nr 1 im. Bohater\u00f3w spod Siekierek w Chojnie. W sk\u0142ad zespo\u0142u wesz\u0142o I Liceum Og\u00f3lnokszta\u0142c\u0105ce oraz nowy typ szko\u0142y &#8211; I Liceum Profilowane (kt\u00f3re wygas\u0142o w 2007 roku).<br>We wrze\u015bniu 2007 roku nowym dyrektorem szko\u0142y zosta\u0142a p. Adriana Salamo\u0144czyk. Szko\u0142a wzbogaci\u0142a swoj\u0105 ofert\u0119 edukacyjn\u0105 o nowe profile kszta\u0142cenia, nawi\u0105zana zosta\u0142a wsp\u00f3\u0142praca z Uniwersytetem Szczeci\u0144skim oraz Pu\u0142kiem In\u017cynieryjnym w Szczecinie Podjuchach.\u00a0Wydzia\u0142 Prawa i Administracji USz obj\u0105\u0142 patronat nad klas\u0105 humanistyczno \u2013 prawn\u0105. Rozszerzaj\u0105c dzia\u0142alno\u015b\u0107 liceum\u00a0 zosta\u0142o organizatorem konkurs\u00f3w powiatowych: mitologicznego, ortograficznego, wiedzy o Europie, zapraszaj\u0105c do udzia\u0142u w nich r\u00f3wnie\u017c uczni\u00f3w ostatnich klas gimnazjum. Zmieni\u0142a si\u0119 estetyka szko\u0142y dzi\u0119ki przeprowadzanym systematycznie remontom, znacznie wzbogaci\u0142a si\u0119 baza dydaktyczna.<\/p>\n<\/div>\n<\/div>\n<\/div><\/div>\n\n\n\n<div class=\"wp-block-columns is-layout-flex wp-container-core-columns-is-layout-9d6595d7 wp-block-columns-is-layout-flex\">\n<div class=\"wp-block-column is-layout-flow wp-block-column-is-layout-flow\">\n<figure class=\"wp-block-image size-full\"><img loading=\"lazy\" decoding=\"async\" width=\"672\" height=\"435\" data-attachment-id=\"12373\" data-permalink=\"https:\/\/zsp1chojna.pl\/?attachment_id=12373\" data-orig-file=\"https:\/\/zsp1chojna.pl\/wp-content\/uploads\/2025\/01\/historia-szkoly-1.png\" data-orig-size=\"672,435\" data-comments-opened=\"1\" data-image-meta=\"{&quot;aperture&quot;:&quot;0&quot;,&quot;credit&quot;:&quot;&quot;,&quot;camera&quot;:&quot;&quot;,&quot;caption&quot;:&quot;&quot;,&quot;created_timestamp&quot;:&quot;0&quot;,&quot;copyright&quot;:&quot;&quot;,&quot;focal_length&quot;:&quot;0&quot;,&quot;iso&quot;:&quot;0&quot;,&quot;shutter_speed&quot;:&quot;0&quot;,&quot;title&quot;:&quot;&quot;,&quot;orientation&quot;:&quot;0&quot;}\" data-image-title=\"historia-szkoly (1)\" data-image-description=\"\" data-image-caption=\"\" data-medium-file=\"https:\/\/zsp1chojna.pl\/wp-content\/uploads\/2025\/01\/historia-szkoly-1-300x194.png\" data-large-file=\"https:\/\/zsp1chojna.pl\/wp-content\/uploads\/2025\/01\/historia-szkoly-1.png\" src=\"https:\/\/zsp1chojna.pl\/wp-content\/uploads\/2025\/01\/historia-szkoly-1.png\" alt=\"\" class=\"wp-image-12373\" srcset=\"https:\/\/zsp1chojna.pl\/wp-content\/uploads\/2025\/01\/historia-szkoly-1.png 672w, https:\/\/zsp1chojna.pl\/wp-content\/uploads\/2025\/01\/historia-szkoly-1-300x194.png 300w, https:\/\/zsp1chojna.pl\/wp-content\/uploads\/2025\/01\/historia-szkoly-1-624x404.png 624w\" sizes=\"auto, (max-width: 672px) 100vw, 672px\" \/><\/figure>\n<\/div>\n\n\n\n<div class=\"wp-block-column is-layout-flow wp-block-column-is-layout-flow\">\n<figure class=\"wp-block-image size-full\"><img loading=\"lazy\" decoding=\"async\" width=\"672\" height=\"435\" data-attachment-id=\"12374\" data-permalink=\"https:\/\/zsp1chojna.pl\/?attachment_id=12374\" data-orig-file=\"https:\/\/zsp1chojna.pl\/wp-content\/uploads\/2025\/01\/historia-szkoly-672.jpg\" data-orig-size=\"672,435\" data-comments-opened=\"1\" data-image-meta=\"{&quot;aperture&quot;:&quot;5&quot;,&quot;credit&quot;:&quot;&quot;,&quot;camera&quot;:&quot;FinePix S5600&quot;,&quot;caption&quot;:&quot;&quot;,&quot;created_timestamp&quot;:&quot;1189859671&quot;,&quot;copyright&quot;:&quot;&quot;,&quot;focal_length&quot;:&quot;6.3&quot;,&quot;iso&quot;:&quot;64&quot;,&quot;shutter_speed&quot;:&quot;0.0020833333333333&quot;,&quot;title&quot;:&quot;&quot;,&quot;orientation&quot;:&quot;1&quot;}\" data-image-title=\"historia-szkoly-672\" data-image-description=\"\" data-image-caption=\"\" data-medium-file=\"https:\/\/zsp1chojna.pl\/wp-content\/uploads\/2025\/01\/historia-szkoly-672-300x194.jpg\" data-large-file=\"https:\/\/zsp1chojna.pl\/wp-content\/uploads\/2025\/01\/historia-szkoly-672.jpg\" src=\"https:\/\/zsp1chojna.pl\/wp-content\/uploads\/2025\/01\/historia-szkoly-672.jpg\" alt=\"\" class=\"wp-image-12374\" srcset=\"https:\/\/zsp1chojna.pl\/wp-content\/uploads\/2025\/01\/historia-szkoly-672.jpg 672w, https:\/\/zsp1chojna.pl\/wp-content\/uploads\/2025\/01\/historia-szkoly-672-300x194.jpg 300w, https:\/\/zsp1chojna.pl\/wp-content\/uploads\/2025\/01\/historia-szkoly-672-624x404.jpg 624w\" sizes=\"auto, (max-width: 672px) 100vw, 672px\" \/><\/figure>\n<\/div>\n<\/div>\n\n\n\n<p class=\"has-text-align-justify\">Dzia\u0142ania i wykonanie wszystkich\u00a0 zamierze\u0144 szko\u0142y w okresie tych 50 minionych lat nie by\u0142oby mo\u017cliwe i nie b\u0119dzie mo\u017cliwe w przysz\u0142o\u015bci bez ogromnej ilo\u015bci pracy, zabieg\u00f3w, zaanga\u017cowania wszystkich pracownik\u00f3w szko\u0142y, rodzic\u00f3w i uczni\u00f3w, a tak\u017ce r\u00f3\u017cnego rodzaju instytucji i urz\u0119d\u00f3w.\u00a0 Przed Liceum Og\u00f3lnokszta\u0142c\u0105cym w Chojnie nowe, kolejne lata. Dotychczasowy rozw\u00f3j\u00a0 szko\u0142y \u015bwiadczy o tym, \u017ce wiele mo\u017cna osi\u0105gn\u0105\u0107 cierpliwie i z uporem d\u0105\u017c\u0105c do osi\u0105gania kolejnych cel\u00f3w i zada\u0144.<\/p>\n\n\n<div class=\"wp-block-image\">\n<figure class=\"aligncenter size-full\"><img loading=\"lazy\" decoding=\"async\" width=\"450\" height=\"300\" data-attachment-id=\"12387\" data-permalink=\"https:\/\/zsp1chojna.pl\/?attachment_id=12387\" data-orig-file=\"https:\/\/zsp1chojna.pl\/wp-content\/uploads\/2025\/01\/nauczyciele_450.jpg\" data-orig-size=\"450,300\" data-comments-opened=\"1\" data-image-meta=\"{&quot;aperture&quot;:&quot;0&quot;,&quot;credit&quot;:&quot;&quot;,&quot;camera&quot;:&quot;&quot;,&quot;caption&quot;:&quot;&quot;,&quot;created_timestamp&quot;:&quot;0&quot;,&quot;copyright&quot;:&quot;&quot;,&quot;focal_length&quot;:&quot;0&quot;,&quot;iso&quot;:&quot;0&quot;,&quot;shutter_speed&quot;:&quot;0&quot;,&quot;title&quot;:&quot;&quot;,&quot;orientation&quot;:&quot;1&quot;}\" data-image-title=\"nauczyciele_450\" data-image-description=\"\" data-image-caption=\"\" data-medium-file=\"https:\/\/zsp1chojna.pl\/wp-content\/uploads\/2025\/01\/nauczyciele_450-300x200.jpg\" data-large-file=\"https:\/\/zsp1chojna.pl\/wp-content\/uploads\/2025\/01\/nauczyciele_450.jpg\" src=\"https:\/\/zsp1chojna.pl\/wp-content\/uploads\/2025\/01\/nauczyciele_450.jpg\" alt=\"\" class=\"wp-image-12387\" srcset=\"https:\/\/zsp1chojna.pl\/wp-content\/uploads\/2025\/01\/nauczyciele_450.jpg 450w, https:\/\/zsp1chojna.pl\/wp-content\/uploads\/2025\/01\/nauczyciele_450-300x200.jpg 300w, https:\/\/zsp1chojna.pl\/wp-content\/uploads\/2025\/01\/nauczyciele_450-84x56.jpg 84w\" sizes=\"auto, (max-width: 450px) 100vw, 450px\" \/><figcaption class=\"wp-element-caption\">Nauczyciele Liceum Og\u00f3lnokszta\u0142c\u0105cego im. Bohater\u00f3w spod Siekierek<br>w Chojnie (2007 r.)<\/figcaption><\/figure>\n<\/div>\n\n\n<p class=\"has-text-align-center\"><em>Z lewej strony od g\u00f3ry:\u00a0<\/em>Katarzyna Mickiewicz-Bindas, Anita Porczy\u0144ska, Bo\u017cena Kuchyt, Agnieszka Bylewska, Marek Bednarz, Kamila G\u00f3ra, Cezary Salamo\u0144czyk, Gabriela Kafar, Gabriela Lasowska, Agnieszka Jab\u0142o\u0144ska<em><br>Z lewej strony od do\u0142u:\u00a0<\/em>Magdalena Zwoli\u0144ska, Adriana Salamo\u0144czyk, Renata Czubak, Krzysztof Po\u015bniak, Danuta Perz, Lilla Grabczak.<\/p>\n","protected":false},"excerpt":{"rendered":"<p>\u201eHistoria to \u015bwiadek czas\u00f3w, \u015bwiat\u0142o prawdy, \u017cywa pami\u0119\u0107,&nbsp;mistrzyni \u017cycia, zwiastunka przysz\u0142o\u015bci&#8221;Liwiusz Pocz\u0105tek historii naszej szko\u0142y si\u0119ga roku 1958. Na siedzib\u0119 liceum wybrano budynek dawnej szko\u0142y niemieckiej przy ul. Dworcowej, w [&hellip;]<\/p>\n","protected":false},"author":1,"featured_media":0,"parent":0,"menu_order":0,"comment_status":"closed","ping_status":"closed","template":"","meta":{"footnotes":""},"class_list":["post-12310","page","type-page","status-publish","hentry"],"yoast_head":"<!-- This site is optimized with the Yoast SEO plugin v20.13 - https:\/\/yoast.com\/wordpress\/plugins\/seo\/ -->\n<title>Rys historyczny - ZSP w Chojnie<\/title>\n<meta name=\"robots\" content=\"index, follow, max-snippet:-1, max-image-preview:large, max-video-preview:-1\" \/>\n<link rel=\"canonical\" href=\"https:\/\/zsp1chojna.pl\/?page_id=12310\" \/>\n<meta property=\"og:locale\" content=\"pl_PL\" \/>\n<meta property=\"og:type\" content=\"article\" \/>\n<meta property=\"og:title\" content=\"Rys historyczny - ZSP w Chojnie\" \/>\n<meta property=\"og:description\" content=\"\u201eHistoria to \u015bwiadek czas\u00f3w, \u015bwiat\u0142o prawdy, \u017cywa pami\u0119\u0107,&nbsp;mistrzyni \u017cycia, zwiastunka przysz\u0142o\u015bci&#8221;Liwiusz Pocz\u0105tek historii naszej szko\u0142y si\u0119ga roku 1958. Na siedzib\u0119 liceum wybrano budynek dawnej szko\u0142y niemieckiej przy ul. Dworcowej, w [&hellip;]\" \/>\n<meta property=\"og:url\" content=\"https:\/\/zsp1chojna.pl\/?page_id=12310\" \/>\n<meta property=\"og:site_name\" content=\"ZSP w Chojnie\" \/>\n<meta property=\"article:modified_time\" content=\"2025-01-03T12:54:48+00:00\" \/>\n<meta property=\"og:image\" content=\"https:\/\/zsp1chojna.pl\/wp-content\/uploads\/2025\/01\/historia-szkoly-5.jpg\" \/>\n<meta name=\"twitter:card\" content=\"summary_large_image\" \/>\n<meta name=\"twitter:label1\" content=\"Szacowany czas czytania\" \/>\n\t<meta name=\"twitter:data1\" content=\"13 minut\" \/>\n<script type=\"application\/ld+json\" class=\"yoast-schema-graph\">{\"@context\":\"https:\/\/schema.org\",\"@graph\":[{\"@type\":\"WebPage\",\"@id\":\"https:\/\/zsp1chojna.pl\/?page_id=12310\",\"url\":\"https:\/\/zsp1chojna.pl\/?page_id=12310\",\"name\":\"Rys historyczny - ZSP w Chojnie\",\"isPartOf\":{\"@id\":\"https:\/\/zsp1chojna.pl\/#website\"},\"datePublished\":\"2025-01-03T10:23:37+00:00\",\"dateModified\":\"2025-01-03T12:54:48+00:00\",\"breadcrumb\":{\"@id\":\"https:\/\/zsp1chojna.pl\/?page_id=12310#breadcrumb\"},\"inLanguage\":\"pl-PL\",\"potentialAction\":[{\"@type\":\"ReadAction\",\"target\":[\"https:\/\/zsp1chojna.pl\/?page_id=12310\"]}]},{\"@type\":\"BreadcrumbList\",\"@id\":\"https:\/\/zsp1chojna.pl\/?page_id=12310#breadcrumb\",\"itemListElement\":[{\"@type\":\"ListItem\",\"position\":1,\"name\":\"Home\",\"item\":\"https:\/\/zsp1chojna.pl\/\"},{\"@type\":\"ListItem\",\"position\":2,\"name\":\"Rys historyczny\"}]},{\"@type\":\"WebSite\",\"@id\":\"https:\/\/zsp1chojna.pl\/#website\",\"url\":\"https:\/\/zsp1chojna.pl\/\",\"name\":\"ZSP w Chojnie\",\"description\":\"\",\"publisher\":{\"@id\":\"https:\/\/zsp1chojna.pl\/#organization\"},\"potentialAction\":[{\"@type\":\"SearchAction\",\"target\":{\"@type\":\"EntryPoint\",\"urlTemplate\":\"https:\/\/zsp1chojna.pl\/?s={search_term_string}\"},\"query-input\":\"required name=search_term_string\"}],\"inLanguage\":\"pl-PL\"},{\"@type\":\"Organization\",\"@id\":\"https:\/\/zsp1chojna.pl\/#organization\",\"name\":\"ZSP w Chojnie\",\"url\":\"https:\/\/zsp1chojna.pl\/\",\"logo\":{\"@type\":\"ImageObject\",\"inLanguage\":\"pl-PL\",\"@id\":\"https:\/\/zsp1chojna.pl\/#\/schema\/logo\/image\/\",\"url\":\"https:\/\/zsp1chojna.pl\/wp-content\/uploads\/2023\/08\/cropped-cropped-cropped-Logo-biale-napis-na-3-wiersze_504-1.png\",\"contentUrl\":\"https:\/\/zsp1chojna.pl\/wp-content\/uploads\/2023\/08\/cropped-cropped-cropped-Logo-biale-napis-na-3-wiersze_504-1.png\",\"width\":504,\"height\":167,\"caption\":\"ZSP w Chojnie\"},\"image\":{\"@id\":\"https:\/\/zsp1chojna.pl\/#\/schema\/logo\/image\/\"}}]}<\/script>\n<!-- \/ Yoast SEO plugin. -->","yoast_head_json":{"title":"Rys historyczny - ZSP w Chojnie","robots":{"index":"index","follow":"follow","max-snippet":"max-snippet:-1","max-image-preview":"max-image-preview:large","max-video-preview":"max-video-preview:-1"},"canonical":"https:\/\/zsp1chojna.pl\/?page_id=12310","og_locale":"pl_PL","og_type":"article","og_title":"Rys historyczny - ZSP w Chojnie","og_description":"\u201eHistoria to \u015bwiadek czas\u00f3w, \u015bwiat\u0142o prawdy, \u017cywa pami\u0119\u0107,&nbsp;mistrzyni \u017cycia, zwiastunka przysz\u0142o\u015bci&#8221;Liwiusz Pocz\u0105tek historii naszej szko\u0142y si\u0119ga roku 1958. Na siedzib\u0119 liceum wybrano budynek dawnej szko\u0142y niemieckiej przy ul. Dworcowej, w [&hellip;]","og_url":"https:\/\/zsp1chojna.pl\/?page_id=12310","og_site_name":"ZSP w Chojnie","article_modified_time":"2025-01-03T12:54:48+00:00","og_image":[{"url":"https:\/\/zsp1chojna.pl\/wp-content\/uploads\/2025\/01\/historia-szkoly-5.jpg"}],"twitter_card":"summary_large_image","twitter_misc":{"Szacowany czas czytania":"13 minut"},"schema":{"@context":"https:\/\/schema.org","@graph":[{"@type":"WebPage","@id":"https:\/\/zsp1chojna.pl\/?page_id=12310","url":"https:\/\/zsp1chojna.pl\/?page_id=12310","name":"Rys historyczny - ZSP w Chojnie","isPartOf":{"@id":"https:\/\/zsp1chojna.pl\/#website"},"datePublished":"2025-01-03T10:23:37+00:00","dateModified":"2025-01-03T12:54:48+00:00","breadcrumb":{"@id":"https:\/\/zsp1chojna.pl\/?page_id=12310#breadcrumb"},"inLanguage":"pl-PL","potentialAction":[{"@type":"ReadAction","target":["https:\/\/zsp1chojna.pl\/?page_id=12310"]}]},{"@type":"BreadcrumbList","@id":"https:\/\/zsp1chojna.pl\/?page_id=12310#breadcrumb","itemListElement":[{"@type":"ListItem","position":1,"name":"Home","item":"https:\/\/zsp1chojna.pl\/"},{"@type":"ListItem","position":2,"name":"Rys historyczny"}]},{"@type":"WebSite","@id":"https:\/\/zsp1chojna.pl\/#website","url":"https:\/\/zsp1chojna.pl\/","name":"ZSP w Chojnie","description":"","publisher":{"@id":"https:\/\/zsp1chojna.pl\/#organization"},"potentialAction":[{"@type":"SearchAction","target":{"@type":"EntryPoint","urlTemplate":"https:\/\/zsp1chojna.pl\/?s={search_term_string}"},"query-input":"required name=search_term_string"}],"inLanguage":"pl-PL"},{"@type":"Organization","@id":"https:\/\/zsp1chojna.pl\/#organization","name":"ZSP w Chojnie","url":"https:\/\/zsp1chojna.pl\/","logo":{"@type":"ImageObject","inLanguage":"pl-PL","@id":"https:\/\/zsp1chojna.pl\/#\/schema\/logo\/image\/","url":"https:\/\/zsp1chojna.pl\/wp-content\/uploads\/2023\/08\/cropped-cropped-cropped-Logo-biale-napis-na-3-wiersze_504-1.png","contentUrl":"https:\/\/zsp1chojna.pl\/wp-content\/uploads\/2023\/08\/cropped-cropped-cropped-Logo-biale-napis-na-3-wiersze_504-1.png","width":504,"height":167,"caption":"ZSP w Chojnie"},"image":{"@id":"https:\/\/zsp1chojna.pl\/#\/schema\/logo\/image\/"}}]}},"_links":{"self":[{"href":"https:\/\/zsp1chojna.pl\/index.php?rest_route=\/wp\/v2\/pages\/12310","targetHints":{"allow":["GET"]}}],"collection":[{"href":"https:\/\/zsp1chojna.pl\/index.php?rest_route=\/wp\/v2\/pages"}],"about":[{"href":"https:\/\/zsp1chojna.pl\/index.php?rest_route=\/wp\/v2\/types\/page"}],"author":[{"embeddable":true,"href":"https:\/\/zsp1chojna.pl\/index.php?rest_route=\/wp\/v2\/users\/1"}],"replies":[{"embeddable":true,"href":"https:\/\/zsp1chojna.pl\/index.php?rest_route=%2Fwp%2Fv2%2Fcomments&post=12310"}],"version-history":[{"count":41,"href":"https:\/\/zsp1chojna.pl\/index.php?rest_route=\/wp\/v2\/pages\/12310\/revisions"}],"predecessor-version":[{"id":12395,"href":"https:\/\/zsp1chojna.pl\/index.php?rest_route=\/wp\/v2\/pages\/12310\/revisions\/12395"}],"wp:attachment":[{"href":"https:\/\/zsp1chojna.pl\/index.php?rest_route=%2Fwp%2Fv2%2Fmedia&parent=12310"}],"curies":[{"name":"wp","href":"https:\/\/api.w.org\/{rel}","templated":true}]}}