{"id":11237,"date":"2024-10-28T13:20:44","date_gmt":"2024-10-28T12:20:44","guid":{"rendered":"https:\/\/zsp1chojna.pl\/?page_id=11237"},"modified":"2024-10-28T13:25:17","modified_gmt":"2024-10-28T12:25:17","slug":"2-09-2024-r-udzial-pocztu-sztandarowego-w-apelu-rozpoczynajacym-rok-szkolny-2024-2025","status":"publish","type":"page","link":"https:\/\/zsp1chojna.pl\/?page_id=11237","title":{"rendered":"Udzia\u0142 Pocztu Sztandarowego w apelu rozpoczynaj\u0105cym rok szkolny 2024\/2025"},"content":{"rendered":"\n<p class=\"has-text-align-justify\">2 wrze\u015bnia 2024 r., odby\u0142 si\u0119 apel inauguruj\u0105cy nowy rok szkolny. Na uroczysto\u015bci przywitano nowych uczni\u00f3w, kt\u00f3rzy do\u0142\u0105czyli do naszej spo\u0142eczno\u015bci szkolnej.<\/p>\n\n\n\n<p>Uroczysto\u015b\u0107 rozpocz\u0119\u0142a si\u0119 i zako\u0144czy\u0142a, wprowadzeniem i wyprowadzeniem sztandaru szkolnego, kt\u00f3ry wyst\u0105pi\u0142 w sk\u0142adzie:<br>Asysta: Zofia Walczak (kl. 3d LO)<br>Chor\u0105\u017cy: Kacper Walczak (kl. 4abc LO)<br>Asysta: Oliwia Bogdanowicz (kl. 3d LO)<\/p>\n\n\n<div class=\"wp-block-image\">\n<figure class=\"aligncenter size-full\"><img loading=\"lazy\" decoding=\"async\" width=\"528\" height=\"397\" data-attachment-id=\"11232\" data-permalink=\"https:\/\/zsp1chojna.pl\/?attachment_id=11232\" data-orig-file=\"https:\/\/zsp1chojna.pl\/wp-content\/uploads\/2024\/10\/poczet-rozpoczecie-roku-2024-1.jpg\" data-orig-size=\"528,397\" data-comments-opened=\"1\" data-image-meta=\"{&quot;aperture&quot;:&quot;0&quot;,&quot;credit&quot;:&quot;&quot;,&quot;camera&quot;:&quot;&quot;,&quot;caption&quot;:&quot;&quot;,&quot;created_timestamp&quot;:&quot;0&quot;,&quot;copyright&quot;:&quot;&quot;,&quot;focal_length&quot;:&quot;0&quot;,&quot;iso&quot;:&quot;0&quot;,&quot;shutter_speed&quot;:&quot;0&quot;,&quot;title&quot;:&quot;&quot;,&quot;orientation&quot;:&quot;0&quot;}\" data-image-title=\"poczet-rozpoczecie-roku-2024 (1)\" data-image-description=\"\" data-image-caption=\"\" data-medium-file=\"https:\/\/zsp1chojna.pl\/wp-content\/uploads\/2024\/10\/poczet-rozpoczecie-roku-2024-1-300x226.jpg\" data-large-file=\"https:\/\/zsp1chojna.pl\/wp-content\/uploads\/2024\/10\/poczet-rozpoczecie-roku-2024-1.jpg\" src=\"https:\/\/zsp1chojna.pl\/wp-content\/uploads\/2024\/10\/poczet-rozpoczecie-roku-2024-1.jpg\" alt=\"\" class=\"wp-image-11232\" srcset=\"https:\/\/zsp1chojna.pl\/wp-content\/uploads\/2024\/10\/poczet-rozpoczecie-roku-2024-1.jpg 528w, https:\/\/zsp1chojna.pl\/wp-content\/uploads\/2024\/10\/poczet-rozpoczecie-roku-2024-1-300x226.jpg 300w\" sizes=\"auto, (max-width: 528px) 100vw, 528px\" \/><\/figure>\n<\/div>\n\n\n<div class=\"wp-block-columns is-layout-flex wp-container-core-columns-is-layout-9d6595d7 wp-block-columns-is-layout-flex\">\n<div class=\"wp-block-column is-layout-flow wp-block-column-is-layout-flow\"><div class=\"wp-block-image\">\n<figure class=\"alignright size-full\"><img loading=\"lazy\" decoding=\"async\" width=\"800\" height=\"600\" data-attachment-id=\"11233\" data-permalink=\"https:\/\/zsp1chojna.pl\/?attachment_id=11233\" data-orig-file=\"https:\/\/zsp1chojna.pl\/wp-content\/uploads\/2024\/10\/poczet-rozpoczecie-roku-2024-2.jpg\" data-orig-size=\"800,600\" data-comments-opened=\"1\" data-image-meta=\"{&quot;aperture&quot;:&quot;9&quot;,&quot;credit&quot;:&quot;&quot;,&quot;camera&quot;:&quot;DMC-GH4&quot;,&quot;caption&quot;:&quot;&quot;,&quot;created_timestamp&quot;:&quot;1725269322&quot;,&quot;copyright&quot;:&quot;&quot;,&quot;focal_length&quot;:&quot;39&quot;,&quot;iso&quot;:&quot;3200&quot;,&quot;shutter_speed&quot;:&quot;0.0025&quot;,&quot;title&quot;:&quot;&quot;,&quot;orientation&quot;:&quot;1&quot;}\" data-image-title=\"poczet-rozpoczecie-roku-2024 (2)\" data-image-description=\"\" data-image-caption=\"\" data-medium-file=\"https:\/\/zsp1chojna.pl\/wp-content\/uploads\/2024\/10\/poczet-rozpoczecie-roku-2024-2-300x225.jpg\" data-large-file=\"https:\/\/zsp1chojna.pl\/wp-content\/uploads\/2024\/10\/poczet-rozpoczecie-roku-2024-2.jpg\" src=\"https:\/\/zsp1chojna.pl\/wp-content\/uploads\/2024\/10\/poczet-rozpoczecie-roku-2024-2.jpg\" alt=\"\" class=\"wp-image-11233\" srcset=\"https:\/\/zsp1chojna.pl\/wp-content\/uploads\/2024\/10\/poczet-rozpoczecie-roku-2024-2.jpg 800w, https:\/\/zsp1chojna.pl\/wp-content\/uploads\/2024\/10\/poczet-rozpoczecie-roku-2024-2-300x225.jpg 300w, https:\/\/zsp1chojna.pl\/wp-content\/uploads\/2024\/10\/poczet-rozpoczecie-roku-2024-2-768x576.jpg 768w, https:\/\/zsp1chojna.pl\/wp-content\/uploads\/2024\/10\/poczet-rozpoczecie-roku-2024-2-624x468.jpg 624w\" sizes=\"auto, (max-width: 800px) 100vw, 800px\" \/><\/figure>\n<\/div><\/div>\n\n\n\n<div class=\"wp-block-column is-layout-flow wp-block-column-is-layout-flow\"><div class=\"wp-block-image\">\n<figure class=\"alignleft size-full\"><img loading=\"lazy\" decoding=\"async\" width=\"800\" height=\"600\" data-attachment-id=\"11234\" data-permalink=\"https:\/\/zsp1chojna.pl\/?attachment_id=11234\" data-orig-file=\"https:\/\/zsp1chojna.pl\/wp-content\/uploads\/2024\/10\/poczet-rozpoczecie-roku-2024-3.jpg\" data-orig-size=\"800,600\" data-comments-opened=\"1\" data-image-meta=\"{&quot;aperture&quot;:&quot;9&quot;,&quot;credit&quot;:&quot;&quot;,&quot;camera&quot;:&quot;DMC-GH4&quot;,&quot;caption&quot;:&quot;&quot;,&quot;created_timestamp&quot;:&quot;1725270201&quot;,&quot;copyright&quot;:&quot;&quot;,&quot;focal_length&quot;:&quot;46&quot;,&quot;iso&quot;:&quot;3200&quot;,&quot;shutter_speed&quot;:&quot;0.002&quot;,&quot;title&quot;:&quot;&quot;,&quot;orientation&quot;:&quot;0&quot;}\" data-image-title=\"poczet-rozpoczecie-roku-2024 (3)\" data-image-description=\"\" data-image-caption=\"\" data-medium-file=\"https:\/\/zsp1chojna.pl\/wp-content\/uploads\/2024\/10\/poczet-rozpoczecie-roku-2024-3-300x225.jpg\" data-large-file=\"https:\/\/zsp1chojna.pl\/wp-content\/uploads\/2024\/10\/poczet-rozpoczecie-roku-2024-3.jpg\" src=\"https:\/\/zsp1chojna.pl\/wp-content\/uploads\/2024\/10\/poczet-rozpoczecie-roku-2024-3.jpg\" alt=\"\" class=\"wp-image-11234\" srcset=\"https:\/\/zsp1chojna.pl\/wp-content\/uploads\/2024\/10\/poczet-rozpoczecie-roku-2024-3.jpg 800w, https:\/\/zsp1chojna.pl\/wp-content\/uploads\/2024\/10\/poczet-rozpoczecie-roku-2024-3-300x225.jpg 300w, https:\/\/zsp1chojna.pl\/wp-content\/uploads\/2024\/10\/poczet-rozpoczecie-roku-2024-3-768x576.jpg 768w, https:\/\/zsp1chojna.pl\/wp-content\/uploads\/2024\/10\/poczet-rozpoczecie-roku-2024-3-624x468.jpg 624w\" sizes=\"auto, (max-width: 800px) 100vw, 800px\" \/><\/figure>\n<\/div><\/div>\n<\/div>\n\n\n\n<p class=\"has-text-align-right\">Opiekun Pocztu Sztandarowego: mgr Emilia Marcinkowska<\/p>\n\n\n\n<p><\/p>\n","protected":false},"excerpt":{"rendered":"<p>2 wrze\u015bnia 2024 r., odby\u0142 si\u0119 apel inauguruj\u0105cy nowy rok szkolny. Na uroczysto\u015bci przywitano nowych uczni\u00f3w, kt\u00f3rzy do\u0142\u0105czyli do naszej spo\u0142eczno\u015bci szkolnej. Uroczysto\u015b\u0107 rozpocz\u0119\u0142a si\u0119 i zako\u0144czy\u0142a, wprowadzeniem i wyprowadzeniem [&hellip;]<\/p>\n","protected":false},"author":1,"featured_media":0,"parent":0,"menu_order":0,"comment_status":"closed","ping_status":"closed","template":"","meta":{"footnotes":""},"class_list":["post-11237","page","type-page","status-publish","hentry"],"yoast_head":"<!-- This site is optimized with the Yoast SEO plugin v20.13 - https:\/\/yoast.com\/wordpress\/plugins\/seo\/ -->\n<title>Udzia\u0142 Pocztu Sztandarowego w apelu rozpoczynaj\u0105cym rok szkolny 2024\/2025 - ZSP w Chojnie<\/title>\n<meta name=\"robots\" content=\"index, follow, max-snippet:-1, max-image-preview:large, max-video-preview:-1\" \/>\n<link rel=\"canonical\" href=\"https:\/\/zsp1chojna.pl\/?page_id=11237\" \/>\n<meta property=\"og:locale\" content=\"pl_PL\" \/>\n<meta property=\"og:type\" content=\"article\" \/>\n<meta property=\"og:title\" content=\"Udzia\u0142 Pocztu Sztandarowego w apelu rozpoczynaj\u0105cym rok szkolny 2024\/2025 - ZSP w Chojnie\" \/>\n<meta property=\"og:description\" content=\"2 wrze\u015bnia 2024 r., odby\u0142 si\u0119 apel inauguruj\u0105cy nowy rok szkolny. Na uroczysto\u015bci przywitano nowych uczni\u00f3w, kt\u00f3rzy do\u0142\u0105czyli do naszej spo\u0142eczno\u015bci szkolnej. Uroczysto\u015b\u0107 rozpocz\u0119\u0142a si\u0119 i zako\u0144czy\u0142a, wprowadzeniem i wyprowadzeniem [&hellip;]\" \/>\n<meta property=\"og:url\" content=\"https:\/\/zsp1chojna.pl\/?page_id=11237\" \/>\n<meta property=\"og:site_name\" content=\"ZSP w Chojnie\" \/>\n<meta property=\"article:modified_time\" content=\"2024-10-28T12:25:17+00:00\" \/>\n<meta property=\"og:image\" content=\"https:\/\/zsp1chojna.pl\/wp-content\/uploads\/2024\/10\/poczet-rozpoczecie-roku-2024-1.jpg\" \/>\n<meta name=\"twitter:card\" content=\"summary_large_image\" \/>\n<script type=\"application\/ld+json\" class=\"yoast-schema-graph\">{\"@context\":\"https:\/\/schema.org\",\"@graph\":[{\"@type\":\"WebPage\",\"@id\":\"https:\/\/zsp1chojna.pl\/?page_id=11237\",\"url\":\"https:\/\/zsp1chojna.pl\/?page_id=11237\",\"name\":\"Udzia\u0142 Pocztu Sztandarowego w apelu rozpoczynaj\u0105cym rok szkolny 2024\/2025 - ZSP w Chojnie\",\"isPartOf\":{\"@id\":\"https:\/\/zsp1chojna.pl\/#website\"},\"datePublished\":\"2024-10-28T12:20:44+00:00\",\"dateModified\":\"2024-10-28T12:25:17+00:00\",\"breadcrumb\":{\"@id\":\"https:\/\/zsp1chojna.pl\/?page_id=11237#breadcrumb\"},\"inLanguage\":\"pl-PL\",\"potentialAction\":[{\"@type\":\"ReadAction\",\"target\":[\"https:\/\/zsp1chojna.pl\/?page_id=11237\"]}]},{\"@type\":\"BreadcrumbList\",\"@id\":\"https:\/\/zsp1chojna.pl\/?page_id=11237#breadcrumb\",\"itemListElement\":[{\"@type\":\"ListItem\",\"position\":1,\"name\":\"Home\",\"item\":\"https:\/\/zsp1chojna.pl\/\"},{\"@type\":\"ListItem\",\"position\":2,\"name\":\"Udzia\u0142 Pocztu Sztandarowego w apelu rozpoczynaj\u0105cym rok szkolny 2024\/2025\"}]},{\"@type\":\"WebSite\",\"@id\":\"https:\/\/zsp1chojna.pl\/#website\",\"url\":\"https:\/\/zsp1chojna.pl\/\",\"name\":\"ZSP w Chojnie\",\"description\":\"\",\"publisher\":{\"@id\":\"https:\/\/zsp1chojna.pl\/#organization\"},\"potentialAction\":[{\"@type\":\"SearchAction\",\"target\":{\"@type\":\"EntryPoint\",\"urlTemplate\":\"https:\/\/zsp1chojna.pl\/?s={search_term_string}\"},\"query-input\":\"required name=search_term_string\"}],\"inLanguage\":\"pl-PL\"},{\"@type\":\"Organization\",\"@id\":\"https:\/\/zsp1chojna.pl\/#organization\",\"name\":\"ZSP w Chojnie\",\"url\":\"https:\/\/zsp1chojna.pl\/\",\"logo\":{\"@type\":\"ImageObject\",\"inLanguage\":\"pl-PL\",\"@id\":\"https:\/\/zsp1chojna.pl\/#\/schema\/logo\/image\/\",\"url\":\"https:\/\/zsp1chojna.pl\/wp-content\/uploads\/2023\/08\/cropped-cropped-cropped-Logo-biale-napis-na-3-wiersze_504-1.png\",\"contentUrl\":\"https:\/\/zsp1chojna.pl\/wp-content\/uploads\/2023\/08\/cropped-cropped-cropped-Logo-biale-napis-na-3-wiersze_504-1.png\",\"width\":504,\"height\":167,\"caption\":\"ZSP w Chojnie\"},\"image\":{\"@id\":\"https:\/\/zsp1chojna.pl\/#\/schema\/logo\/image\/\"}}]}<\/script>\n<!-- \/ Yoast SEO plugin. -->","yoast_head_json":{"title":"Udzia\u0142 Pocztu Sztandarowego w apelu rozpoczynaj\u0105cym rok szkolny 2024\/2025 - ZSP w Chojnie","robots":{"index":"index","follow":"follow","max-snippet":"max-snippet:-1","max-image-preview":"max-image-preview:large","max-video-preview":"max-video-preview:-1"},"canonical":"https:\/\/zsp1chojna.pl\/?page_id=11237","og_locale":"pl_PL","og_type":"article","og_title":"Udzia\u0142 Pocztu Sztandarowego w apelu rozpoczynaj\u0105cym rok szkolny 2024\/2025 - ZSP w Chojnie","og_description":"2 wrze\u015bnia 2024 r., odby\u0142 si\u0119 apel inauguruj\u0105cy nowy rok szkolny. Na uroczysto\u015bci przywitano nowych uczni\u00f3w, kt\u00f3rzy do\u0142\u0105czyli do naszej spo\u0142eczno\u015bci szkolnej. Uroczysto\u015b\u0107 rozpocz\u0119\u0142a si\u0119 i zako\u0144czy\u0142a, wprowadzeniem i wyprowadzeniem [&hellip;]","og_url":"https:\/\/zsp1chojna.pl\/?page_id=11237","og_site_name":"ZSP w Chojnie","article_modified_time":"2024-10-28T12:25:17+00:00","og_image":[{"url":"https:\/\/zsp1chojna.pl\/wp-content\/uploads\/2024\/10\/poczet-rozpoczecie-roku-2024-1.jpg"}],"twitter_card":"summary_large_image","schema":{"@context":"https:\/\/schema.org","@graph":[{"@type":"WebPage","@id":"https:\/\/zsp1chojna.pl\/?page_id=11237","url":"https:\/\/zsp1chojna.pl\/?page_id=11237","name":"Udzia\u0142 Pocztu Sztandarowego w apelu rozpoczynaj\u0105cym rok szkolny 2024\/2025 - ZSP w Chojnie","isPartOf":{"@id":"https:\/\/zsp1chojna.pl\/#website"},"datePublished":"2024-10-28T12:20:44+00:00","dateModified":"2024-10-28T12:25:17+00:00","breadcrumb":{"@id":"https:\/\/zsp1chojna.pl\/?page_id=11237#breadcrumb"},"inLanguage":"pl-PL","potentialAction":[{"@type":"ReadAction","target":["https:\/\/zsp1chojna.pl\/?page_id=11237"]}]},{"@type":"BreadcrumbList","@id":"https:\/\/zsp1chojna.pl\/?page_id=11237#breadcrumb","itemListElement":[{"@type":"ListItem","position":1,"name":"Home","item":"https:\/\/zsp1chojna.pl\/"},{"@type":"ListItem","position":2,"name":"Udzia\u0142 Pocztu Sztandarowego w apelu rozpoczynaj\u0105cym rok szkolny 2024\/2025"}]},{"@type":"WebSite","@id":"https:\/\/zsp1chojna.pl\/#website","url":"https:\/\/zsp1chojna.pl\/","name":"ZSP w Chojnie","description":"","publisher":{"@id":"https:\/\/zsp1chojna.pl\/#organization"},"potentialAction":[{"@type":"SearchAction","target":{"@type":"EntryPoint","urlTemplate":"https:\/\/zsp1chojna.pl\/?s={search_term_string}"},"query-input":"required name=search_term_string"}],"inLanguage":"pl-PL"},{"@type":"Organization","@id":"https:\/\/zsp1chojna.pl\/#organization","name":"ZSP w Chojnie","url":"https:\/\/zsp1chojna.pl\/","logo":{"@type":"ImageObject","inLanguage":"pl-PL","@id":"https:\/\/zsp1chojna.pl\/#\/schema\/logo\/image\/","url":"https:\/\/zsp1chojna.pl\/wp-content\/uploads\/2023\/08\/cropped-cropped-cropped-Logo-biale-napis-na-3-wiersze_504-1.png","contentUrl":"https:\/\/zsp1chojna.pl\/wp-content\/uploads\/2023\/08\/cropped-cropped-cropped-Logo-biale-napis-na-3-wiersze_504-1.png","width":504,"height":167,"caption":"ZSP w Chojnie"},"image":{"@id":"https:\/\/zsp1chojna.pl\/#\/schema\/logo\/image\/"}}]}},"_links":{"self":[{"href":"https:\/\/zsp1chojna.pl\/index.php?rest_route=\/wp\/v2\/pages\/11237","targetHints":{"allow":["GET"]}}],"collection":[{"href":"https:\/\/zsp1chojna.pl\/index.php?rest_route=\/wp\/v2\/pages"}],"about":[{"href":"https:\/\/zsp1chojna.pl\/index.php?rest_route=\/wp\/v2\/types\/page"}],"author":[{"embeddable":true,"href":"https:\/\/zsp1chojna.pl\/index.php?rest_route=\/wp\/v2\/users\/1"}],"replies":[{"embeddable":true,"href":"https:\/\/zsp1chojna.pl\/index.php?rest_route=%2Fwp%2Fv2%2Fcomments&post=11237"}],"version-history":[{"count":2,"href":"https:\/\/zsp1chojna.pl\/index.php?rest_route=\/wp\/v2\/pages\/11237\/revisions"}],"predecessor-version":[{"id":11243,"href":"https:\/\/zsp1chojna.pl\/index.php?rest_route=\/wp\/v2\/pages\/11237\/revisions\/11243"}],"wp:attachment":[{"href":"https:\/\/zsp1chojna.pl\/index.php?rest_route=%2Fwp%2Fv2%2Fmedia&parent=11237"}],"curies":[{"name":"wp","href":"https:\/\/api.w.org\/{rel}","templated":true}]}}