{"id":11135,"date":"2024-10-28T10:34:17","date_gmt":"2024-10-28T09:34:17","guid":{"rendered":"https:\/\/zsp1chojna.pl\/?page_id=11135"},"modified":"2024-10-28T10:34:18","modified_gmt":"2024-10-28T09:34:18","slug":"rok-2010-technik-organizacji-uslug-gastronomicznych","status":"publish","type":"page","link":"https:\/\/zsp1chojna.pl\/?page_id=11135","title":{"rendered":"Rok 2010 \u2013 technik organizacji us\u0142ug gastronomicznych"},"content":{"rendered":"<style>.kadence-column11135_57a61c-38 > .kt-inside-inner-col,.kadence-column11135_57a61c-38 > .kt-inside-inner-col:before{border-top-left-radius:0px;border-top-right-radius:0px;border-bottom-right-radius:0px;border-bottom-left-radius:0px;}.kadence-column11135_57a61c-38 > .kt-inside-inner-col:before{opacity:0.3;}.kadence-column11135_57a61c-38{position:relative;}<\/style>\n<div class=\"wp-block-kadence-column kadence-column11135_57a61c-38\"><div class=\"kt-inside-inner-col\">\n<div class=\"wp-block-columns is-layout-flex wp-container-core-columns-is-layout-9d6595d7 wp-block-columns-is-layout-flex\">\n<div class=\"wp-block-column is-layout-flow wp-block-column-is-layout-flow\">\n<p><strong>Wychowawca mgr\u00a0Ma\u0142gorzata Zarzycka<\/strong><br><br>Caban Anna<br>Chich\u0142owska Agnieszka<br>Czapla Krzysztof<br>Drab Hanna<br>Gr\u0119da Piotr<br>Jacewicz Ma\u0142gorzata<br>Ka\u0142u\u017ca Ewelina<br>Karkowska Donata<br>Kornecka Katarzyna<br>Kubacki Mateusz<br>Mo\u015bcicka Marta<br>Nied\u017awiedzka Natalia<br>Pasternak Magdalena<br>Rokicka Joanna<br>Rzeszowska Paulina<br>Szymczyk Damian<br>Urz\u0119dowska Natalia<br>Wierzbicka Karolina<\/p>\n<\/div>\n\n\n\n<div class=\"wp-block-column is-layout-flow wp-block-column-is-layout-flow\">\n<p><strong>Wychowawca mgr\u00a0Izabela Barylska<\/strong><br><br>Baczkowski Dagmar<br>Brzezi\u0144ski Krzysztof<br>Budnik Janusz<br>Czupryn Patrycja<br>Doma\u0144ski Micha\u0142<br>Dzierzba Maciej<br>Frosik Diana<br>Jeremic Przemys\u0142aw<br>Kami\u0144ski Mateusz<br>Kusiak Kamil<br>Lis Katarzyna<br>\u0141aszniewski Piotr<br>Maceluch Natalia<br>Matuszak Izabela<br>Saskowska Marta<br>Siwko Karolina<br>Szumi\u0142o Karolina<br>Zimny Damian<\/p>\n<\/div>\n<\/div>\n<\/div><\/div>\n","protected":false},"excerpt":{"rendered":"<p>Wychowawca mgr\u00a0Ma\u0142gorzata Zarzycka Caban AnnaChich\u0142owska AgnieszkaCzapla KrzysztofDrab HannaGr\u0119da PiotrJacewicz Ma\u0142gorzataKa\u0142u\u017ca EwelinaKarkowska DonataKornecka KatarzynaKubacki MateuszMo\u015bcicka MartaNied\u017awiedzka NataliaPasternak MagdalenaRokicka JoannaRzeszowska PaulinaSzymczyk DamianUrz\u0119dowska NataliaWierzbicka Karolina Wychowawca mgr\u00a0Izabela Barylska Baczkowski DagmarBrzezi\u0144ski KrzysztofBudnik JanuszCzupryn PatrycjaDoma\u0144ski [&hellip;]<\/p>\n","protected":false},"author":9,"featured_media":0,"parent":0,"menu_order":0,"comment_status":"closed","ping_status":"closed","template":"","meta":{"footnotes":""},"class_list":["post-11135","page","type-page","status-publish","hentry"],"yoast_head":"<!-- This site is optimized with the Yoast SEO plugin v20.13 - https:\/\/yoast.com\/wordpress\/plugins\/seo\/ -->\n<title>Rok 2010 \u2013 technik organizacji us\u0142ug gastronomicznych - ZSP w Chojnie<\/title>\n<meta name=\"robots\" content=\"index, follow, max-snippet:-1, max-image-preview:large, max-video-preview:-1\" \/>\n<link rel=\"canonical\" href=\"https:\/\/zsp1chojna.pl\/?page_id=11135\" \/>\n<meta property=\"og:locale\" content=\"pl_PL\" \/>\n<meta property=\"og:type\" content=\"article\" \/>\n<meta property=\"og:title\" content=\"Rok 2010 \u2013 technik organizacji us\u0142ug gastronomicznych - ZSP w Chojnie\" \/>\n<meta property=\"og:description\" content=\"Wychowawca mgr\u00a0Ma\u0142gorzata Zarzycka Caban AnnaChich\u0142owska AgnieszkaCzapla KrzysztofDrab HannaGr\u0119da PiotrJacewicz Ma\u0142gorzataKa\u0142u\u017ca EwelinaKarkowska DonataKornecka KatarzynaKubacki MateuszMo\u015bcicka MartaNied\u017awiedzka NataliaPasternak MagdalenaRokicka JoannaRzeszowska PaulinaSzymczyk DamianUrz\u0119dowska NataliaWierzbicka Karolina Wychowawca mgr\u00a0Izabela Barylska Baczkowski DagmarBrzezi\u0144ski KrzysztofBudnik JanuszCzupryn PatrycjaDoma\u0144ski [&hellip;]\" \/>\n<meta property=\"og:url\" content=\"https:\/\/zsp1chojna.pl\/?page_id=11135\" \/>\n<meta property=\"og:site_name\" content=\"ZSP w Chojnie\" \/>\n<meta property=\"article:modified_time\" content=\"2024-10-28T09:34:18+00:00\" \/>\n<meta name=\"twitter:card\" content=\"summary_large_image\" \/>\n<meta name=\"twitter:label1\" content=\"Szacowany czas czytania\" \/>\n\t<meta name=\"twitter:data1\" content=\"1 minuta\" \/>\n<script type=\"application\/ld+json\" class=\"yoast-schema-graph\">{\"@context\":\"https:\/\/schema.org\",\"@graph\":[{\"@type\":\"WebPage\",\"@id\":\"https:\/\/zsp1chojna.pl\/?page_id=11135\",\"url\":\"https:\/\/zsp1chojna.pl\/?page_id=11135\",\"name\":\"Rok 2010 \u2013 technik organizacji us\u0142ug gastronomicznych - ZSP w Chojnie\",\"isPartOf\":{\"@id\":\"https:\/\/zsp1chojna.pl\/#website\"},\"datePublished\":\"2024-10-28T09:34:17+00:00\",\"dateModified\":\"2024-10-28T09:34:18+00:00\",\"breadcrumb\":{\"@id\":\"https:\/\/zsp1chojna.pl\/?page_id=11135#breadcrumb\"},\"inLanguage\":\"pl-PL\",\"potentialAction\":[{\"@type\":\"ReadAction\",\"target\":[\"https:\/\/zsp1chojna.pl\/?page_id=11135\"]}]},{\"@type\":\"BreadcrumbList\",\"@id\":\"https:\/\/zsp1chojna.pl\/?page_id=11135#breadcrumb\",\"itemListElement\":[{\"@type\":\"ListItem\",\"position\":1,\"name\":\"Home\",\"item\":\"https:\/\/zsp1chojna.pl\/\"},{\"@type\":\"ListItem\",\"position\":2,\"name\":\"Rok 2010 \u2013 technik organizacji us\u0142ug gastronomicznych\"}]},{\"@type\":\"WebSite\",\"@id\":\"https:\/\/zsp1chojna.pl\/#website\",\"url\":\"https:\/\/zsp1chojna.pl\/\",\"name\":\"ZSP w Chojnie\",\"description\":\"\",\"publisher\":{\"@id\":\"https:\/\/zsp1chojna.pl\/#organization\"},\"potentialAction\":[{\"@type\":\"SearchAction\",\"target\":{\"@type\":\"EntryPoint\",\"urlTemplate\":\"https:\/\/zsp1chojna.pl\/?s={search_term_string}\"},\"query-input\":\"required name=search_term_string\"}],\"inLanguage\":\"pl-PL\"},{\"@type\":\"Organization\",\"@id\":\"https:\/\/zsp1chojna.pl\/#organization\",\"name\":\"ZSP w Chojnie\",\"url\":\"https:\/\/zsp1chojna.pl\/\",\"logo\":{\"@type\":\"ImageObject\",\"inLanguage\":\"pl-PL\",\"@id\":\"https:\/\/zsp1chojna.pl\/#\/schema\/logo\/image\/\",\"url\":\"https:\/\/zsp1chojna.pl\/wp-content\/uploads\/2023\/08\/cropped-cropped-cropped-Logo-biale-napis-na-3-wiersze_504-1.png\",\"contentUrl\":\"https:\/\/zsp1chojna.pl\/wp-content\/uploads\/2023\/08\/cropped-cropped-cropped-Logo-biale-napis-na-3-wiersze_504-1.png\",\"width\":504,\"height\":167,\"caption\":\"ZSP w Chojnie\"},\"image\":{\"@id\":\"https:\/\/zsp1chojna.pl\/#\/schema\/logo\/image\/\"}}]}<\/script>\n<!-- \/ Yoast SEO plugin. -->","yoast_head_json":{"title":"Rok 2010 \u2013 technik organizacji us\u0142ug gastronomicznych - ZSP w Chojnie","robots":{"index":"index","follow":"follow","max-snippet":"max-snippet:-1","max-image-preview":"max-image-preview:large","max-video-preview":"max-video-preview:-1"},"canonical":"https:\/\/zsp1chojna.pl\/?page_id=11135","og_locale":"pl_PL","og_type":"article","og_title":"Rok 2010 \u2013 technik organizacji us\u0142ug gastronomicznych - ZSP w Chojnie","og_description":"Wychowawca mgr\u00a0Ma\u0142gorzata Zarzycka Caban AnnaChich\u0142owska AgnieszkaCzapla KrzysztofDrab HannaGr\u0119da PiotrJacewicz Ma\u0142gorzataKa\u0142u\u017ca EwelinaKarkowska DonataKornecka KatarzynaKubacki MateuszMo\u015bcicka MartaNied\u017awiedzka NataliaPasternak MagdalenaRokicka JoannaRzeszowska PaulinaSzymczyk DamianUrz\u0119dowska NataliaWierzbicka Karolina Wychowawca mgr\u00a0Izabela Barylska Baczkowski DagmarBrzezi\u0144ski KrzysztofBudnik JanuszCzupryn PatrycjaDoma\u0144ski [&hellip;]","og_url":"https:\/\/zsp1chojna.pl\/?page_id=11135","og_site_name":"ZSP w Chojnie","article_modified_time":"2024-10-28T09:34:18+00:00","twitter_card":"summary_large_image","twitter_misc":{"Szacowany czas czytania":"1 minuta"},"schema":{"@context":"https:\/\/schema.org","@graph":[{"@type":"WebPage","@id":"https:\/\/zsp1chojna.pl\/?page_id=11135","url":"https:\/\/zsp1chojna.pl\/?page_id=11135","name":"Rok 2010 \u2013 technik organizacji us\u0142ug gastronomicznych - ZSP w Chojnie","isPartOf":{"@id":"https:\/\/zsp1chojna.pl\/#website"},"datePublished":"2024-10-28T09:34:17+00:00","dateModified":"2024-10-28T09:34:18+00:00","breadcrumb":{"@id":"https:\/\/zsp1chojna.pl\/?page_id=11135#breadcrumb"},"inLanguage":"pl-PL","potentialAction":[{"@type":"ReadAction","target":["https:\/\/zsp1chojna.pl\/?page_id=11135"]}]},{"@type":"BreadcrumbList","@id":"https:\/\/zsp1chojna.pl\/?page_id=11135#breadcrumb","itemListElement":[{"@type":"ListItem","position":1,"name":"Home","item":"https:\/\/zsp1chojna.pl\/"},{"@type":"ListItem","position":2,"name":"Rok 2010 \u2013 technik organizacji us\u0142ug gastronomicznych"}]},{"@type":"WebSite","@id":"https:\/\/zsp1chojna.pl\/#website","url":"https:\/\/zsp1chojna.pl\/","name":"ZSP w Chojnie","description":"","publisher":{"@id":"https:\/\/zsp1chojna.pl\/#organization"},"potentialAction":[{"@type":"SearchAction","target":{"@type":"EntryPoint","urlTemplate":"https:\/\/zsp1chojna.pl\/?s={search_term_string}"},"query-input":"required name=search_term_string"}],"inLanguage":"pl-PL"},{"@type":"Organization","@id":"https:\/\/zsp1chojna.pl\/#organization","name":"ZSP w Chojnie","url":"https:\/\/zsp1chojna.pl\/","logo":{"@type":"ImageObject","inLanguage":"pl-PL","@id":"https:\/\/zsp1chojna.pl\/#\/schema\/logo\/image\/","url":"https:\/\/zsp1chojna.pl\/wp-content\/uploads\/2023\/08\/cropped-cropped-cropped-Logo-biale-napis-na-3-wiersze_504-1.png","contentUrl":"https:\/\/zsp1chojna.pl\/wp-content\/uploads\/2023\/08\/cropped-cropped-cropped-Logo-biale-napis-na-3-wiersze_504-1.png","width":504,"height":167,"caption":"ZSP w Chojnie"},"image":{"@id":"https:\/\/zsp1chojna.pl\/#\/schema\/logo\/image\/"}}]}},"_links":{"self":[{"href":"https:\/\/zsp1chojna.pl\/index.php?rest_route=\/wp\/v2\/pages\/11135","targetHints":{"allow":["GET"]}}],"collection":[{"href":"https:\/\/zsp1chojna.pl\/index.php?rest_route=\/wp\/v2\/pages"}],"about":[{"href":"https:\/\/zsp1chojna.pl\/index.php?rest_route=\/wp\/v2\/types\/page"}],"author":[{"embeddable":true,"href":"https:\/\/zsp1chojna.pl\/index.php?rest_route=\/wp\/v2\/users\/9"}],"replies":[{"embeddable":true,"href":"https:\/\/zsp1chojna.pl\/index.php?rest_route=%2Fwp%2Fv2%2Fcomments&post=11135"}],"version-history":[{"count":1,"href":"https:\/\/zsp1chojna.pl\/index.php?rest_route=\/wp\/v2\/pages\/11135\/revisions"}],"predecessor-version":[{"id":11138,"href":"https:\/\/zsp1chojna.pl\/index.php?rest_route=\/wp\/v2\/pages\/11135\/revisions\/11138"}],"wp:attachment":[{"href":"https:\/\/zsp1chojna.pl\/index.php?rest_route=%2Fwp%2Fv2%2Fmedia&parent=11135"}],"curies":[{"name":"wp","href":"https:\/\/api.w.org\/{rel}","templated":true}]}}