{"id":10385,"date":"2024-07-30T12:38:20","date_gmt":"2024-07-30T10:38:20","guid":{"rendered":"https:\/\/zsp1chojna.pl\/?page_id=10385"},"modified":"2024-07-30T12:38:21","modified_gmt":"2024-07-30T10:38:21","slug":"projekt-my-job-my-future-moj-zawod-moja-przyszlosc-24-29-06-2024","status":"publish","type":"page","link":"https:\/\/zsp1chojna.pl\/?page_id=10385","title":{"rendered":"Projekt &#8220;My job, my future&#8221;\/\u201eM\u00f3j zaw\u00f3d, moja przysz\u0142o\u015b\u0107&#8221; 24-29.06.2024"},"content":{"rendered":"<div class=\"wp-block-image\">\n<figure class=\"aligncenter size-large\"><img loading=\"lazy\" decoding=\"async\" width=\"1024\" height=\"79\" data-attachment-id=\"10387\" data-permalink=\"https:\/\/zsp1chojna.pl\/?attachment_id=10387\" data-orig-file=\"https:\/\/zsp1chojna.pl\/wp-content\/uploads\/2024\/07\/loga-1.png\" data-orig-size=\"1881,145\" data-comments-opened=\"1\" data-image-meta=\"{&quot;aperture&quot;:&quot;0&quot;,&quot;credit&quot;:&quot;&quot;,&quot;camera&quot;:&quot;&quot;,&quot;caption&quot;:&quot;&quot;,&quot;created_timestamp&quot;:&quot;0&quot;,&quot;copyright&quot;:&quot;&quot;,&quot;focal_length&quot;:&quot;0&quot;,&quot;iso&quot;:&quot;0&quot;,&quot;shutter_speed&quot;:&quot;0&quot;,&quot;title&quot;:&quot;&quot;,&quot;orientation&quot;:&quot;0&quot;}\" data-image-title=\"loga\" data-image-description=\"\" data-image-caption=\"\" data-medium-file=\"https:\/\/zsp1chojna.pl\/wp-content\/uploads\/2024\/07\/loga-1-300x23.png\" data-large-file=\"https:\/\/zsp1chojna.pl\/wp-content\/uploads\/2024\/07\/loga-1-1024x79.png\" src=\"https:\/\/zsp1chojna.pl\/wp-content\/uploads\/2024\/07\/loga-1-1024x79.png\" alt=\"\" class=\"wp-image-10387\" srcset=\"https:\/\/zsp1chojna.pl\/wp-content\/uploads\/2024\/07\/loga-1-1024x79.png 1024w, https:\/\/zsp1chojna.pl\/wp-content\/uploads\/2024\/07\/loga-1-300x23.png 300w, https:\/\/zsp1chojna.pl\/wp-content\/uploads\/2024\/07\/loga-1-768x59.png 768w, https:\/\/zsp1chojna.pl\/wp-content\/uploads\/2024\/07\/loga-1-1536x118.png 1536w, https:\/\/zsp1chojna.pl\/wp-content\/uploads\/2024\/07\/loga-1-947x73.png 947w, https:\/\/zsp1chojna.pl\/wp-content\/uploads\/2024\/07\/loga-1-624x48.png 624w, https:\/\/zsp1chojna.pl\/wp-content\/uploads\/2024\/07\/loga-1.png 1881w\" sizes=\"auto, (max-width: 1024px) 100vw, 1024px\" \/><\/figure>\n<\/div>\n\n\n<p class=\"has-text-align-center\"><strong>MY JOB, MY FUTURE\u201d<\/strong><br><strong>Erasmus+ Mobilno\u015b\u0107 os\u00f3b m\u0142odych<\/strong><br><strong>Nr projektu 2023-3-PL01-KA152-YOU-000177157<\/strong><br><strong>Czas trwania: 01.04.2024-30.09.2024<\/strong><br><strong>Dofinansowanie:<\/strong> <strong>18\u00a0544,00 euro<\/strong><br><strong>Beneficjent: Stowarzyszenie Douzelage<\/strong><\/p>\n\n\n\n<p class=\"has-text-align-justify\">Projekt &#8220;M\u00f3j zaw\u00f3d, moja przysz\u0142o\u015b\u0107&#8221; jest inicjatyw\u0105 maj\u0105c\u0105 na celu wsparcie m\u0142odych ludzi w przygotowaniu do aktywnego udzia\u0142u na rynku pracy. Jego g\u0142\u00f3wne cele obejmuj\u0105 rozwijanie umiej\u0119tno\u015bci zwi\u0105zanych z poszukiwaniem pracy, poznawanie swoich zawodowych predyspozycji, a tak\u017ce zdobywanie wiedzy na temat zak\u0142adania dzia\u0142alno\u015bci gospodarczej.<\/p>\n\n\n\n<p><strong>Cele projektu:<\/strong><\/p>\n\n\n\n<ol start=\"1\" class=\"wp-block-list\">\n<li>Projekt ma na celu wyposa\u017cenie m\u0142odych ludzi w praktyczne umiej\u0119tno\u015bci, takie jak pisanie CV, listu motywacyjnego, oraz przygotowanie do rozmowy o prac\u0119.<\/li>\n\n\n\n<li>Uczestnicy dowiedz\u0105 si\u0119, jak za\u0142o\u017cy\u0107 w\u0142asn\u0105 dzia\u0142alno\u015b\u0107 gospodarcz\u0105 i jakie s\u0105 dost\u0119pne formy wsparcia, w tym dop\u0142aty dla m\u0142odych przedsi\u0119biorc\u00f3w.<\/li>\n\n\n\n<li>M\u0142odzie\u017c b\u0119dzie mia\u0142a okazj\u0119 do autoanalizy swoich umiej\u0119tno\u015bci i predyspozycji zawodowych.<\/li>\n\n\n\n<li>Projekt ma na celu przeciwdzia\u0142anie bezczynno\u015bci w\u015br\u00f3d m\u0142odych ludzi, zach\u0119caj\u0105c ich do podejmowania aktywno\u015bci zawodowej.<\/li>\n\n\n\n<li>Poprzez wsp\u00f3\u0142prac\u0119 z partnerami z r\u00f3\u017cnych kraj\u00f3w, uczestnicy b\u0119d\u0105 rozwija\u0107 poczucie przynale\u017cno\u015bci do wsp\u00f3lnoty europejskiej.<\/li>\n<\/ol>\n\n\n\n<p class=\"has-text-align-justify\">Projekt jest realizowany we wsp\u00f3\u0142pracy z partnerami z W\u0119gier (Koszegi Testvervarosi Egyesulet), Rumunii (Asociatia Douzelage Siret) i Turcji (Cesitlilik Icinde Birliktelik Dernegi). Ka\u017cda organizacja partnerska jest odpowiedzialna za realizacj\u0119 zada\u0144 zwi\u0105zanych z&nbsp;przygotowaniem, wsparciem uczestnik\u00f3w oraz upowszechnianiem rezultat\u00f3w projektu.<\/p>\n\n\n\n<p class=\"has-text-align-justify\">Projekt &#8220;My job, my future&#8221; stanowi wa\u017cny krok w kierunku zwi\u0119kszenia aktywno\u015bci zawodowej m\u0142odzie\u017cy i promowania przedsi\u0119biorczo\u015bci w\u015br\u00f3d m\u0142odych ludzi, jednocze\u015bnie rozwijaj\u0105c ich kompetencje i umiej\u0119tno\u015bci niezb\u0119dne na wsp\u00f3\u0142czesnym rynku pracy\u200b.<\/p>\n","protected":false},"excerpt":{"rendered":"<p>MY JOB, MY FUTURE\u201dErasmus+ Mobilno\u015b\u0107 os\u00f3b m\u0142odychNr projektu 2023-3-PL01-KA152-YOU-000177157Czas trwania: 01.04.2024-30.09.2024Dofinansowanie: 18\u00a0544,00 euroBeneficjent: Stowarzyszenie Douzelage Projekt &#8220;M\u00f3j zaw\u00f3d, moja przysz\u0142o\u015b\u0107&#8221; jest inicjatyw\u0105 maj\u0105c\u0105 na celu wsparcie m\u0142odych ludzi w przygotowaniu [&hellip;]<\/p>\n","protected":false},"author":1,"featured_media":0,"parent":0,"menu_order":0,"comment_status":"closed","ping_status":"closed","template":"","meta":{"footnotes":""},"class_list":["post-10385","page","type-page","status-publish","hentry"],"yoast_head":"<!-- This site is optimized with the Yoast SEO plugin v20.13 - https:\/\/yoast.com\/wordpress\/plugins\/seo\/ -->\n<title>Projekt &quot;My job, my future&quot;\/\u201eM\u00f3j zaw\u00f3d, moja przysz\u0142o\u015b\u0107&quot; 24-29.06.2024 - ZSP w Chojnie<\/title>\n<meta name=\"robots\" content=\"index, follow, max-snippet:-1, max-image-preview:large, max-video-preview:-1\" \/>\n<link rel=\"canonical\" href=\"https:\/\/zsp1chojna.pl\/?page_id=10385\" \/>\n<meta property=\"og:locale\" content=\"pl_PL\" \/>\n<meta property=\"og:type\" content=\"article\" \/>\n<meta property=\"og:title\" content=\"Projekt &quot;My job, my future&quot;\/\u201eM\u00f3j zaw\u00f3d, moja przysz\u0142o\u015b\u0107&quot; 24-29.06.2024 - ZSP w Chojnie\" \/>\n<meta property=\"og:description\" content=\"MY JOB, MY FUTURE\u201dErasmus+ Mobilno\u015b\u0107 os\u00f3b m\u0142odychNr projektu 2023-3-PL01-KA152-YOU-000177157Czas trwania: 01.04.2024-30.09.2024Dofinansowanie: 18\u00a0544,00 euroBeneficjent: Stowarzyszenie Douzelage Projekt &#8220;M\u00f3j zaw\u00f3d, moja przysz\u0142o\u015b\u0107&#8221; jest inicjatyw\u0105 maj\u0105c\u0105 na celu wsparcie m\u0142odych ludzi w przygotowaniu [&hellip;]\" \/>\n<meta property=\"og:url\" content=\"https:\/\/zsp1chojna.pl\/?page_id=10385\" \/>\n<meta property=\"og:site_name\" content=\"ZSP w Chojnie\" \/>\n<meta property=\"article:modified_time\" content=\"2024-07-30T10:38:21+00:00\" \/>\n<meta property=\"og:image\" content=\"https:\/\/zsp1chojna.pl\/wp-content\/uploads\/2024\/07\/loga-1-1024x79.png\" \/>\n<meta name=\"twitter:card\" content=\"summary_large_image\" \/>\n<meta name=\"twitter:label1\" content=\"Szacowany czas czytania\" \/>\n\t<meta name=\"twitter:data1\" content=\"2 minuty\" \/>\n<script type=\"application\/ld+json\" class=\"yoast-schema-graph\">{\"@context\":\"https:\/\/schema.org\",\"@graph\":[{\"@type\":\"WebPage\",\"@id\":\"https:\/\/zsp1chojna.pl\/?page_id=10385\",\"url\":\"https:\/\/zsp1chojna.pl\/?page_id=10385\",\"name\":\"Projekt \\\"My job, my future\\\"\/\u201eM\u00f3j zaw\u00f3d, moja przysz\u0142o\u015b\u0107\\\" 24-29.06.2024 - ZSP w Chojnie\",\"isPartOf\":{\"@id\":\"https:\/\/zsp1chojna.pl\/#website\"},\"datePublished\":\"2024-07-30T10:38:20+00:00\",\"dateModified\":\"2024-07-30T10:38:21+00:00\",\"breadcrumb\":{\"@id\":\"https:\/\/zsp1chojna.pl\/?page_id=10385#breadcrumb\"},\"inLanguage\":\"pl-PL\",\"potentialAction\":[{\"@type\":\"ReadAction\",\"target\":[\"https:\/\/zsp1chojna.pl\/?page_id=10385\"]}]},{\"@type\":\"BreadcrumbList\",\"@id\":\"https:\/\/zsp1chojna.pl\/?page_id=10385#breadcrumb\",\"itemListElement\":[{\"@type\":\"ListItem\",\"position\":1,\"name\":\"Home\",\"item\":\"https:\/\/zsp1chojna.pl\/\"},{\"@type\":\"ListItem\",\"position\":2,\"name\":\"Projekt &#8220;My job, my future&#8221;\/\u201eM\u00f3j zaw\u00f3d, moja przysz\u0142o\u015b\u0107&#8221; 24-29.06.2024\"}]},{\"@type\":\"WebSite\",\"@id\":\"https:\/\/zsp1chojna.pl\/#website\",\"url\":\"https:\/\/zsp1chojna.pl\/\",\"name\":\"ZSP w Chojnie\",\"description\":\"\",\"publisher\":{\"@id\":\"https:\/\/zsp1chojna.pl\/#organization\"},\"potentialAction\":[{\"@type\":\"SearchAction\",\"target\":{\"@type\":\"EntryPoint\",\"urlTemplate\":\"https:\/\/zsp1chojna.pl\/?s={search_term_string}\"},\"query-input\":\"required name=search_term_string\"}],\"inLanguage\":\"pl-PL\"},{\"@type\":\"Organization\",\"@id\":\"https:\/\/zsp1chojna.pl\/#organization\",\"name\":\"ZSP w Chojnie\",\"url\":\"https:\/\/zsp1chojna.pl\/\",\"logo\":{\"@type\":\"ImageObject\",\"inLanguage\":\"pl-PL\",\"@id\":\"https:\/\/zsp1chojna.pl\/#\/schema\/logo\/image\/\",\"url\":\"https:\/\/zsp1chojna.pl\/wp-content\/uploads\/2023\/08\/cropped-cropped-cropped-Logo-biale-napis-na-3-wiersze_504-1.png\",\"contentUrl\":\"https:\/\/zsp1chojna.pl\/wp-content\/uploads\/2023\/08\/cropped-cropped-cropped-Logo-biale-napis-na-3-wiersze_504-1.png\",\"width\":504,\"height\":167,\"caption\":\"ZSP w Chojnie\"},\"image\":{\"@id\":\"https:\/\/zsp1chojna.pl\/#\/schema\/logo\/image\/\"}}]}<\/script>\n<!-- \/ Yoast SEO plugin. -->","yoast_head_json":{"title":"Projekt \"My job, my future\"\/\u201eM\u00f3j zaw\u00f3d, moja przysz\u0142o\u015b\u0107\" 24-29.06.2024 - ZSP w Chojnie","robots":{"index":"index","follow":"follow","max-snippet":"max-snippet:-1","max-image-preview":"max-image-preview:large","max-video-preview":"max-video-preview:-1"},"canonical":"https:\/\/zsp1chojna.pl\/?page_id=10385","og_locale":"pl_PL","og_type":"article","og_title":"Projekt \"My job, my future\"\/\u201eM\u00f3j zaw\u00f3d, moja przysz\u0142o\u015b\u0107\" 24-29.06.2024 - ZSP w Chojnie","og_description":"MY JOB, MY FUTURE\u201dErasmus+ Mobilno\u015b\u0107 os\u00f3b m\u0142odychNr projektu 2023-3-PL01-KA152-YOU-000177157Czas trwania: 01.04.2024-30.09.2024Dofinansowanie: 18\u00a0544,00 euroBeneficjent: Stowarzyszenie Douzelage Projekt &#8220;M\u00f3j zaw\u00f3d, moja przysz\u0142o\u015b\u0107&#8221; jest inicjatyw\u0105 maj\u0105c\u0105 na celu wsparcie m\u0142odych ludzi w przygotowaniu [&hellip;]","og_url":"https:\/\/zsp1chojna.pl\/?page_id=10385","og_site_name":"ZSP w Chojnie","article_modified_time":"2024-07-30T10:38:21+00:00","og_image":[{"url":"https:\/\/zsp1chojna.pl\/wp-content\/uploads\/2024\/07\/loga-1-1024x79.png"}],"twitter_card":"summary_large_image","twitter_misc":{"Szacowany czas czytania":"2 minuty"},"schema":{"@context":"https:\/\/schema.org","@graph":[{"@type":"WebPage","@id":"https:\/\/zsp1chojna.pl\/?page_id=10385","url":"https:\/\/zsp1chojna.pl\/?page_id=10385","name":"Projekt \"My job, my future\"\/\u201eM\u00f3j zaw\u00f3d, moja przysz\u0142o\u015b\u0107\" 24-29.06.2024 - ZSP w Chojnie","isPartOf":{"@id":"https:\/\/zsp1chojna.pl\/#website"},"datePublished":"2024-07-30T10:38:20+00:00","dateModified":"2024-07-30T10:38:21+00:00","breadcrumb":{"@id":"https:\/\/zsp1chojna.pl\/?page_id=10385#breadcrumb"},"inLanguage":"pl-PL","potentialAction":[{"@type":"ReadAction","target":["https:\/\/zsp1chojna.pl\/?page_id=10385"]}]},{"@type":"BreadcrumbList","@id":"https:\/\/zsp1chojna.pl\/?page_id=10385#breadcrumb","itemListElement":[{"@type":"ListItem","position":1,"name":"Home","item":"https:\/\/zsp1chojna.pl\/"},{"@type":"ListItem","position":2,"name":"Projekt &#8220;My job, my future&#8221;\/\u201eM\u00f3j zaw\u00f3d, moja przysz\u0142o\u015b\u0107&#8221; 24-29.06.2024"}]},{"@type":"WebSite","@id":"https:\/\/zsp1chojna.pl\/#website","url":"https:\/\/zsp1chojna.pl\/","name":"ZSP w Chojnie","description":"","publisher":{"@id":"https:\/\/zsp1chojna.pl\/#organization"},"potentialAction":[{"@type":"SearchAction","target":{"@type":"EntryPoint","urlTemplate":"https:\/\/zsp1chojna.pl\/?s={search_term_string}"},"query-input":"required name=search_term_string"}],"inLanguage":"pl-PL"},{"@type":"Organization","@id":"https:\/\/zsp1chojna.pl\/#organization","name":"ZSP w Chojnie","url":"https:\/\/zsp1chojna.pl\/","logo":{"@type":"ImageObject","inLanguage":"pl-PL","@id":"https:\/\/zsp1chojna.pl\/#\/schema\/logo\/image\/","url":"https:\/\/zsp1chojna.pl\/wp-content\/uploads\/2023\/08\/cropped-cropped-cropped-Logo-biale-napis-na-3-wiersze_504-1.png","contentUrl":"https:\/\/zsp1chojna.pl\/wp-content\/uploads\/2023\/08\/cropped-cropped-cropped-Logo-biale-napis-na-3-wiersze_504-1.png","width":504,"height":167,"caption":"ZSP w Chojnie"},"image":{"@id":"https:\/\/zsp1chojna.pl\/#\/schema\/logo\/image\/"}}]}},"_links":{"self":[{"href":"https:\/\/zsp1chojna.pl\/index.php?rest_route=\/wp\/v2\/pages\/10385","targetHints":{"allow":["GET"]}}],"collection":[{"href":"https:\/\/zsp1chojna.pl\/index.php?rest_route=\/wp\/v2\/pages"}],"about":[{"href":"https:\/\/zsp1chojna.pl\/index.php?rest_route=\/wp\/v2\/types\/page"}],"author":[{"embeddable":true,"href":"https:\/\/zsp1chojna.pl\/index.php?rest_route=\/wp\/v2\/users\/1"}],"replies":[{"embeddable":true,"href":"https:\/\/zsp1chojna.pl\/index.php?rest_route=%2Fwp%2Fv2%2Fcomments&post=10385"}],"version-history":[{"count":1,"href":"https:\/\/zsp1chojna.pl\/index.php?rest_route=\/wp\/v2\/pages\/10385\/revisions"}],"predecessor-version":[{"id":10388,"href":"https:\/\/zsp1chojna.pl\/index.php?rest_route=\/wp\/v2\/pages\/10385\/revisions\/10388"}],"wp:attachment":[{"href":"https:\/\/zsp1chojna.pl\/index.php?rest_route=%2Fwp%2Fv2%2Fmedia&parent=10385"}],"curies":[{"name":"wp","href":"https:\/\/api.w.org\/{rel}","templated":true}]}}